{"id":3753,"date":"2024-07-26T10:48:46","date_gmt":"2024-07-26T15:48:46","guid":{"rendered":"https:\/\/www.administracion.usmp.edu.pe\/revista-digital-usmp\/?post_type=revista_7&#038;p=3753"},"modified":"2024-07-26T10:53:19","modified_gmt":"2024-07-26T15:53:19","slug":"articulo-alumnos","status":"publish","type":"revista_7","link":"https:\/\/www.administracion.usmp.edu.pe\/revista-digital-usmp\/revista_7\/articulo-alumnos\/","title":{"rendered":"Art\u00edculo Alumnos"},"content":{"rendered":"\t\t<div data-elementor-type=\"wp-post\" data-elementor-id=\"3753\" class=\"elementor elementor-3753\">\n\t\t\t\t\t\t<section class=\"elementor-section elementor-top-section elementor-element elementor-element-1e5c7d4 elementor-section-boxed elementor-section-height-default elementor-section-height-default\" data-id=\"1e5c7d4\" data-element_type=\"section\" data-e-type=\"section\">\n\t\t\t\t\t\t<div class=\"elementor-container elementor-column-gap-default\">\n\t\t\t\t\t<div class=\"elementor-column elementor-col-100 elementor-top-column elementor-element elementor-element-b5f26e6\" data-id=\"b5f26e6\" data-element_type=\"column\" data-e-type=\"column\">\n\t\t\t<div class=\"elementor-widget-wrap elementor-element-populated\">\n\t\t\t\t\t\t<div class=\"elementor-element elementor-element-facdc8a elementor-widget elementor-widget-template\" data-id=\"facdc8a\" data-element_type=\"widget\" data-e-type=\"widget\" data-widget_type=\"template.default\">\n\t\t\t\t<div class=\"elementor-widget-container\">\n\t\t\t\t\t\t\t<div class=\"elementor-template\">\n\t\t\t\t\t<div data-elementor-type=\"section\" data-elementor-id=\"328\" class=\"elementor elementor-328\">\n\t\t\t\t\t<div class=\"elementor-section-wrap\">\n\t\t\t\t\t\t\t\t<section class=\"elementor-section elementor-top-section elementor-element elementor-element-42f1eaa4 elementor-section-boxed elementor-section-height-default elementor-section-height-default\" data-id=\"42f1eaa4\" data-element_type=\"section\" data-e-type=\"section\">\n\t\t\t\t\t\t<div class=\"elementor-container elementor-column-gap-default\">\n\t\t\t\t\t<div class=\"elementor-column elementor-col-100 elementor-top-column elementor-element elementor-element-7b81d379\" data-id=\"7b81d379\" data-element_type=\"column\" data-e-type=\"column\">\n\t\t\t<div class=\"elementor-widget-wrap\">\n\t\t\t\t\t\t\t<\/div>\n\t\t<\/div>\n\t\t\t\t\t<\/div>\n\t\t<\/section>\n\t\t\t\t\t\t\t<\/div>\n\t\t\t\t<\/div>\n\t\t\t\t<\/div>\n\t\t\t\t\t\t<\/div>\n\t\t\t\t<\/div>\n\t\t\t\t<div class=\"elementor-element elementor-element-2095a4d elementor-widget elementor-widget-post-info\" data-id=\"2095a4d\" data-element_type=\"widget\" data-e-type=\"widget\" data-widget_type=\"post-info.default\">\n\t\t\t\t<div class=\"elementor-widget-container\">\n\t\t\t\t\t\t\t<ul class=\"elementor-icon-list-items elementor-post-info\">\n\t\t\t\t\t\t\t\t<li class=\"elementor-icon-list-item elementor-repeater-item-676e899\">\n\t\t\t\t\t\t\t\t\t\t\t\t\t<span class=\"elementor-icon-list-text elementor-post-info__item elementor-post-info__item--type-custom\">\n\t\t\t\t\t\t\t\t\t\tArt\u00edculos Alumnos\t\t\t\t\t<\/span>\n\t\t\t\t\t\t\t\t<\/li>\n\t\t\t\t<\/ul>\n\t\t\t\t\t\t<\/div>\n\t\t\t\t<\/div>\n\t\t\t\t<div class=\"elementor-element elementor-element-ef51c86 elementor-widget-divider--view-line elementor-widget elementor-widget-divider\" data-id=\"ef51c86\" data-element_type=\"widget\" data-e-type=\"widget\" data-widget_type=\"divider.default\">\n\t\t\t\t<div class=\"elementor-widget-container\">\n\t\t\t\t\t\t\t<div class=\"elementor-divider\">\n\t\t\t<span class=\"elementor-divider-separator\">\n\t\t\t\t\t\t<\/span>\n\t\t<\/div>\n\t\t\t\t\t\t<\/div>\n\t\t\t\t<\/div>\n\t\t\t\t\t<\/div>\n\t\t<\/div>\n\t\t\t\t\t<\/div>\n\t\t<\/section>\n\t\t\t\t<section class=\"elementor-section elementor-top-section elementor-element elementor-element-854e0b2 slider elementor-section-boxed elementor-section-height-default elementor-section-height-default\" data-id=\"854e0b2\" data-element_type=\"section\" data-e-type=\"section\" data-settings=\"{&quot;background_background&quot;:&quot;classic&quot;}\">\n\t\t\t\t\t\t<div class=\"elementor-container elementor-column-gap-default\">\n\t\t\t\t\t<div class=\"elementor-column elementor-col-100 elementor-top-column elementor-element elementor-element-705e613\" data-id=\"705e613\" data-element_type=\"column\" data-e-type=\"column\">\n\t\t\t<div class=\"elementor-widget-wrap elementor-element-populated\">\n\t\t\t\t\t\t<div class=\"elementor-element elementor-element-9e8742d elementor-grid-2 elementor-posts--thumbnail-left elementor-widget-wrap elementor-grid-tablet-1 elementor-grid-mobile-1 elementor-widget elementor-widget-posts\" data-id=\"9e8742d\" data-element_type=\"widget\" data-e-type=\"widget\" data-settings=\"{&quot;classic_columns&quot;:&quot;2&quot;,&quot;classic_columns_tablet&quot;:&quot;1&quot;,&quot;classic_columns_mobile&quot;:&quot;1&quot;,&quot;classic_row_gap&quot;:{&quot;unit&quot;:&quot;px&quot;,&quot;size&quot;:35,&quot;sizes&quot;:[]},&quot;classic_row_gap_tablet&quot;:{&quot;unit&quot;:&quot;px&quot;,&quot;size&quot;:&quot;&quot;,&quot;sizes&quot;:[]},&quot;classic_row_gap_mobile&quot;:{&quot;unit&quot;:&quot;px&quot;,&quot;size&quot;:&quot;&quot;,&quot;sizes&quot;:[]}}\" data-widget_type=\"posts.classic\">\n\t\t\t\t<div class=\"elementor-widget-container\">\n\t\t\t\t\t\t\t<div class=\"elementor-posts-container elementor-posts elementor-posts--skin-classic elementor-grid\">\n\t\t\t\t<article class=\"elementor-post elementor-grid-item post-3380 entrada_7 type-entrada_7 status-publish has-post-thumbnail hentry entrada_7_categoria-articulos-alumnos\">\n\t\t\t\t<a class=\"elementor-post__thumbnail__link\" href=\"https:\/\/www.administracion.usmp.edu.pe\/revista-digital-usmp\/entrada_7\/la-relacion-entre-la-comunicacion-interna-y-el-desempeno-laboral-en-los-trabajadores-de-empresas-de-call-center-lima-2023\/\" >\n\t\t\t<div class=\"elementor-post__thumbnail\"><img fetchpriority=\"high\" decoding=\"async\" width=\"1000\" height=\"600\" src=\"https:\/\/www.administracion.usmp.edu.pe\/revista-digital-usmp\/wp-content\/uploads\/sites\/47\/2023\/12\/call-center.jpg\" class=\"attachment-full size-full wp-image-2852\" alt=\"\" srcset=\"https:\/\/www.administracion.usmp.edu.pe\/revista-digital-usmp\/wp-content\/uploads\/sites\/47\/2023\/12\/call-center.jpg 1000w, https:\/\/www.administracion.usmp.edu.pe\/revista-digital-usmp\/wp-content\/uploads\/sites\/47\/2023\/12\/call-center-768x461.jpg 768w\" sizes=\"(max-width: 1000px) 100vw, 1000px\" \/><\/div>\n\t\t<\/a>\n\t\t\t\t<div class=\"elementor-post__text\">\n\t\t\t\t<h3 class=\"elementor-post__title\">\n\t\t\t<a href=\"https:\/\/www.administracion.usmp.edu.pe\/revista-digital-usmp\/entrada_7\/la-relacion-entre-la-comunicacion-interna-y-el-desempeno-laboral-en-los-trabajadores-de-empresas-de-call-center-lima-2023\/\" >\n\t\t\t\tLa relaci\u00f3n entre la comunicaci\u00f3n interna y el desempe\u00f1o laboral en los trabajadores de empresas de Call Center, Lima 2023\t\t\t<\/a>\n\t\t<\/h3>\n\t\t\t\t<div class=\"elementor-post__excerpt\">\n\t\t\t<p>Tutora: Mg. Zaida Beatriz Asencios Gonz\u00e1lez Autores: Durand P\u00e9rez, Fabrizio<\/p>\n\t\t<\/div>\n\t\t\t\t\t<a class=\"elementor-post__read-more\" href=\"https:\/\/www.administracion.usmp.edu.pe\/revista-digital-usmp\/entrada_7\/la-relacion-entre-la-comunicacion-interna-y-el-desempeno-laboral-en-los-trabajadores-de-empresas-de-call-center-lima-2023\/\" >\n\t\t\t\t\t\t\t<\/a>\n\t\t\t\t<\/div>\n\t\t\t\t<\/article>\n\t\t\t\t<article class=\"elementor-post elementor-grid-item post-3381 entrada_7 type-entrada_7 status-publish has-post-thumbnail hentry entrada_7_categoria-articulos-alumnos\">\n\t\t\t\t<a class=\"elementor-post__thumbnail__link\" href=\"https:\/\/www.administracion.usmp.edu.pe\/revista-digital-usmp\/entrada_7\/relacion-entre-conciencia-tributaria-y-conducta-informal-de-los-comerciantes-de-un-mercado-de-santa-anita-en-el-ano-2023\/\" >\n\t\t\t<div class=\"elementor-post__thumbnail\"><img decoding=\"async\" width=\"1000\" height=\"600\" src=\"https:\/\/www.administracion.usmp.edu.pe\/revista-digital-usmp\/wp-content\/uploads\/sites\/47\/2023\/12\/mercado.jpg\" class=\"attachment-full size-full wp-image-2853\" alt=\"\" srcset=\"https:\/\/www.administracion.usmp.edu.pe\/revista-digital-usmp\/wp-content\/uploads\/sites\/47\/2023\/12\/mercado.jpg 1000w, https:\/\/www.administracion.usmp.edu.pe\/revista-digital-usmp\/wp-content\/uploads\/sites\/47\/2023\/12\/mercado-768x461.jpg 768w\" sizes=\"(max-width: 1000px) 100vw, 1000px\" \/><\/div>\n\t\t<\/a>\n\t\t\t\t<div class=\"elementor-post__text\">\n\t\t\t\t<h3 class=\"elementor-post__title\">\n\t\t\t<a href=\"https:\/\/www.administracion.usmp.edu.pe\/revista-digital-usmp\/entrada_7\/relacion-entre-conciencia-tributaria-y-conducta-informal-de-los-comerciantes-de-un-mercado-de-santa-anita-en-el-ano-2023\/\" >\n\t\t\t\tRelaci\u00f3n entre conciencia tributaria y conducta informal de los comerciantes de un mercado de Santa Anita en el a\u00f1o 2023\t\t\t<\/a>\n\t\t<\/h3>\n\t\t\t\t<div class=\"elementor-post__excerpt\">\n\t\t\t<p>Tutora: Mg. Zaida Beatriz Asencios Gonz\u00e1lez Autores: Ariana Quintana Flores;<\/p>\n\t\t<\/div>\n\t\t\t\t\t<a class=\"elementor-post__read-more\" href=\"https:\/\/www.administracion.usmp.edu.pe\/revista-digital-usmp\/entrada_7\/relacion-entre-conciencia-tributaria-y-conducta-informal-de-los-comerciantes-de-un-mercado-de-santa-anita-en-el-ano-2023\/\" >\n\t\t\t\t\t\t\t<\/a>\n\t\t\t\t<\/div>\n\t\t\t\t<\/article>\n\t\t\t\t<article class=\"elementor-post elementor-grid-item post-3382 entrada_7 type-entrada_7 status-publish has-post-thumbnail hentry entrada_7_categoria-articulos-alumnos\">\n\t\t\t\t<a class=\"elementor-post__thumbnail__link\" href=\"https:\/\/www.administracion.usmp.edu.pe\/revista-digital-usmp\/entrada_7\/equilibrando-las-tendencias-globales-energia-poblacion-y-recursos-para-un-futuro-sostenible\/\" >\n\t\t\t<div class=\"elementor-post__thumbnail\"><img decoding=\"async\" width=\"1000\" height=\"600\" src=\"https:\/\/www.administracion.usmp.edu.pe\/revista-digital-usmp\/wp-content\/uploads\/sites\/47\/2023\/12\/equilibrio-globales.jpg\" class=\"attachment-full size-full wp-image-2850\" alt=\"\" srcset=\"https:\/\/www.administracion.usmp.edu.pe\/revista-digital-usmp\/wp-content\/uploads\/sites\/47\/2023\/12\/equilibrio-globales.jpg 1000w, https:\/\/www.administracion.usmp.edu.pe\/revista-digital-usmp\/wp-content\/uploads\/sites\/47\/2023\/12\/equilibrio-globales-768x461.jpg 768w\" sizes=\"(max-width: 1000px) 100vw, 1000px\" \/><\/div>\n\t\t<\/a>\n\t\t\t\t<div class=\"elementor-post__text\">\n\t\t\t\t<h3 class=\"elementor-post__title\">\n\t\t\t<a href=\"https:\/\/www.administracion.usmp.edu.pe\/revista-digital-usmp\/entrada_7\/equilibrando-las-tendencias-globales-energia-poblacion-y-recursos-para-un-futuro-sostenible\/\" >\n\t\t\t\tEquilibrando las tendencias globales: energ\u00eda, poblaci\u00f3n y recursos para un futuro sostenible\t\t\t<\/a>\n\t\t<\/h3>\n\t\t\t\t<div class=\"elementor-post__excerpt\">\n\t\t\t<p>Tutor: Juan Puga Pomareda Autores: Ayala Guillen Daysi; Barturen Pinglo<\/p>\n\t\t<\/div>\n\t\t\t\t\t<a class=\"elementor-post__read-more\" href=\"https:\/\/www.administracion.usmp.edu.pe\/revista-digital-usmp\/entrada_7\/equilibrando-las-tendencias-globales-energia-poblacion-y-recursos-para-un-futuro-sostenible\/\" >\n\t\t\t\t\t\t\t<\/a>\n\t\t\t\t<\/div>\n\t\t\t\t<\/article>\n\t\t\t\t<article class=\"elementor-post elementor-grid-item post-3383 entrada_7 type-entrada_7 status-publish has-post-thumbnail hentry entrada_7_categoria-articulos-alumnos\">\n\t\t\t\t<a class=\"elementor-post__thumbnail__link\" href=\"https:\/\/www.administracion.usmp.edu.pe\/revista-digital-usmp\/entrada_7\/implementacion-de-turbina-hidrocinetica-en-el-distrito-de-santiago-de-la-region-amazonas-el-ano-2025\/\" >\n\t\t\t<div class=\"elementor-post__thumbnail\"><img loading=\"lazy\" decoding=\"async\" width=\"1000\" height=\"600\" src=\"https:\/\/www.administracion.usmp.edu.pe\/revista-digital-usmp\/wp-content\/uploads\/sites\/47\/2023\/12\/ODS.jpg\" class=\"attachment-full size-full wp-image-2844\" alt=\"\" srcset=\"https:\/\/www.administracion.usmp.edu.pe\/revista-digital-usmp\/wp-content\/uploads\/sites\/47\/2023\/12\/ODS.jpg 1000w, https:\/\/www.administracion.usmp.edu.pe\/revista-digital-usmp\/wp-content\/uploads\/sites\/47\/2023\/12\/ODS-768x461.jpg 768w\" sizes=\"(max-width: 1000px) 100vw, 1000px\" \/><\/div>\n\t\t<\/a>\n\t\t\t\t<div class=\"elementor-post__text\">\n\t\t\t\t<h3 class=\"elementor-post__title\">\n\t\t\t<a href=\"https:\/\/www.administracion.usmp.edu.pe\/revista-digital-usmp\/entrada_7\/implementacion-de-turbina-hidrocinetica-en-el-distrito-de-santiago-de-la-region-amazonas-el-ano-2025\/\" >\n\t\t\t\tImplementaci\u00f3n de turbina hidrocin\u00e9tica en el distrito de Santiago de la Regi\u00f3n Amazonas el a\u00f1o 2025\t\t\t<\/a>\n\t\t<\/h3>\n\t\t\t\t<div class=\"elementor-post__excerpt\">\n\t\t\t<p>Tutor: Juan Puga Pomareda Autores: Acosta Abad, Alejandro; Gamarra Mendoza,<\/p>\n\t\t<\/div>\n\t\t\t\t\t<a class=\"elementor-post__read-more\" href=\"https:\/\/www.administracion.usmp.edu.pe\/revista-digital-usmp\/entrada_7\/implementacion-de-turbina-hidrocinetica-en-el-distrito-de-santiago-de-la-region-amazonas-el-ano-2025\/\" >\n\t\t\t\t\t\t\t<\/a>\n\t\t\t\t<\/div>\n\t\t\t\t<\/article>\n\t\t\t\t<article class=\"elementor-post elementor-grid-item post-3384 entrada_7 type-entrada_7 status-publish has-post-thumbnail hentry entrada_7_categoria-articulos-alumnos\">\n\t\t\t\t<a class=\"elementor-post__thumbnail__link\" href=\"https:\/\/www.administracion.usmp.edu.pe\/revista-digital-usmp\/entrada_7\/perspectiva-del-comercio-internacional-de-peru-con-china\/\" >\n\t\t\t<div class=\"elementor-post__thumbnail\"><img loading=\"lazy\" decoding=\"async\" width=\"1000\" height=\"600\" src=\"https:\/\/www.administracion.usmp.edu.pe\/revista-digital-usmp\/wp-content\/uploads\/sites\/47\/2023\/12\/perspectiva-china.jpg\" class=\"attachment-full size-full wp-image-2848\" alt=\"\" srcset=\"https:\/\/www.administracion.usmp.edu.pe\/revista-digital-usmp\/wp-content\/uploads\/sites\/47\/2023\/12\/perspectiva-china.jpg 1000w, https:\/\/www.administracion.usmp.edu.pe\/revista-digital-usmp\/wp-content\/uploads\/sites\/47\/2023\/12\/perspectiva-china-768x461.jpg 768w\" sizes=\"(max-width: 1000px) 100vw, 1000px\" \/><\/div>\n\t\t<\/a>\n\t\t\t\t<div class=\"elementor-post__text\">\n\t\t\t\t<h3 class=\"elementor-post__title\">\n\t\t\t<a href=\"https:\/\/www.administracion.usmp.edu.pe\/revista-digital-usmp\/entrada_7\/perspectiva-del-comercio-internacional-de-peru-con-china\/\" >\n\t\t\t\tPerspectiva del comercio internacional de Per\u00fa con China\t\t\t<\/a>\n\t\t<\/h3>\n\t\t\t\t<div class=\"elementor-post__excerpt\">\n\t\t\t<p>Tutor: Juan Puga Pomareda Autores: LAPA BALB\u00cdN DANIELA FLORENCIA; ALMEYDA<\/p>\n\t\t<\/div>\n\t\t\t\t\t<a class=\"elementor-post__read-more\" href=\"https:\/\/www.administracion.usmp.edu.pe\/revista-digital-usmp\/entrada_7\/perspectiva-del-comercio-internacional-de-peru-con-china\/\" >\n\t\t\t\t\t\t\t<\/a>\n\t\t\t\t<\/div>\n\t\t\t\t<\/article>\n\t\t\t\t<article class=\"elementor-post elementor-grid-item post-3385 entrada_7 type-entrada_7 status-publish has-post-thumbnail hentry entrada_7_categoria-articulos-alumnos\">\n\t\t\t\t<a class=\"elementor-post__thumbnail__link\" href=\"https:\/\/www.administracion.usmp.edu.pe\/revista-digital-usmp\/entrada_7\/impacto-de-los-medios-de-transporte-e-infraestructura-en-la-participacion-del-peru-en-el-comercio-exterior-actual\/\" >\n\t\t\t<div class=\"elementor-post__thumbnail\"><img loading=\"lazy\" decoding=\"async\" width=\"1000\" height=\"600\" src=\"https:\/\/www.administracion.usmp.edu.pe\/revista-digital-usmp\/wp-content\/uploads\/sites\/47\/2023\/12\/impacto.jpg\" class=\"attachment-full size-full wp-image-2846\" alt=\"\" srcset=\"https:\/\/www.administracion.usmp.edu.pe\/revista-digital-usmp\/wp-content\/uploads\/sites\/47\/2023\/12\/impacto.jpg 1000w, https:\/\/www.administracion.usmp.edu.pe\/revista-digital-usmp\/wp-content\/uploads\/sites\/47\/2023\/12\/impacto-768x461.jpg 768w\" sizes=\"(max-width: 1000px) 100vw, 1000px\" \/><\/div>\n\t\t<\/a>\n\t\t\t\t<div class=\"elementor-post__text\">\n\t\t\t\t<h3 class=\"elementor-post__title\">\n\t\t\t<a href=\"https:\/\/www.administracion.usmp.edu.pe\/revista-digital-usmp\/entrada_7\/impacto-de-los-medios-de-transporte-e-infraestructura-en-la-participacion-del-peru-en-el-comercio-exterior-actual\/\" >\n\t\t\t\tImpacto de los medios de transporte e infraestructura en la participaci\u00f3n del Per\u00fa en el comercio exterior actual\t\t\t<\/a>\n\t\t<\/h3>\n\t\t\t\t<div class=\"elementor-post__excerpt\">\n\t\t\t<p>Tutor:\u00a0 Juan Puga Pomareda Autores: Carri\u00f3n Palma, Shanthall Yazm\u00edn; Catpo<\/p>\n\t\t<\/div>\n\t\t\t\t\t<a class=\"elementor-post__read-more\" href=\"https:\/\/www.administracion.usmp.edu.pe\/revista-digital-usmp\/entrada_7\/impacto-de-los-medios-de-transporte-e-infraestructura-en-la-participacion-del-peru-en-el-comercio-exterior-actual\/\" >\n\t\t\t\t\t\t\t<\/a>\n\t\t\t\t<\/div>\n\t\t\t\t<\/article>\n\t\t\t\t<article class=\"elementor-post elementor-grid-item post-3386 entrada_7 type-entrada_7 status-publish has-post-thumbnail hentry entrada_7_categoria-articulos-alumnos\">\n\t\t\t\t<a class=\"elementor-post__thumbnail__link\" href=\"https:\/\/www.administracion.usmp.edu.pe\/revista-digital-usmp\/entrada_7\/los-objetivos-de-desarrollo-sostenible-10-ods-y-la-reduccion-de-las-desigualdades\/\" >\n\t\t\t<div class=\"elementor-post__thumbnail\"><img loading=\"lazy\" decoding=\"async\" width=\"1000\" height=\"600\" src=\"https:\/\/www.administracion.usmp.edu.pe\/revista-digital-usmp\/wp-content\/uploads\/sites\/47\/2023\/12\/desigualdad.jpg\" class=\"attachment-full size-full wp-image-2849\" alt=\"\" srcset=\"https:\/\/www.administracion.usmp.edu.pe\/revista-digital-usmp\/wp-content\/uploads\/sites\/47\/2023\/12\/desigualdad.jpg 1000w, https:\/\/www.administracion.usmp.edu.pe\/revista-digital-usmp\/wp-content\/uploads\/sites\/47\/2023\/12\/desigualdad-768x461.jpg 768w\" sizes=\"(max-width: 1000px) 100vw, 1000px\" \/><\/div>\n\t\t<\/a>\n\t\t\t\t<div class=\"elementor-post__text\">\n\t\t\t\t<h3 class=\"elementor-post__title\">\n\t\t\t<a href=\"https:\/\/www.administracion.usmp.edu.pe\/revista-digital-usmp\/entrada_7\/los-objetivos-de-desarrollo-sostenible-10-ods-y-la-reduccion-de-las-desigualdades\/\" >\n\t\t\t\tLos objetivos de desarrollo sostenible 10 (ODS) y la reducci\u00f3n de las desigualdades\t\t\t<\/a>\n\t\t<\/h3>\n\t\t\t\t<div class=\"elementor-post__excerpt\">\n\t\t\t<p>Tutor: Juan Puga Pomareda Autores: Castro Pescoran, Alexandra; Cueva Diaz,<\/p>\n\t\t<\/div>\n\t\t\t\t\t<a class=\"elementor-post__read-more\" href=\"https:\/\/www.administracion.usmp.edu.pe\/revista-digital-usmp\/entrada_7\/los-objetivos-de-desarrollo-sostenible-10-ods-y-la-reduccion-de-las-desigualdades\/\" >\n\t\t\t\t\t\t\t<\/a>\n\t\t\t\t<\/div>\n\t\t\t\t<\/article>\n\t\t\t\t<article class=\"elementor-post elementor-grid-item post-3387 entrada_7 type-entrada_7 status-publish has-post-thumbnail hentry entrada_7_categoria-articulos-alumnos\">\n\t\t\t\t<a class=\"elementor-post__thumbnail__link\" href=\"https:\/\/www.administracion.usmp.edu.pe\/revista-digital-usmp\/entrada_7\/situaciones-especiales-globales-y-regionales-que-influyen-en-los-negocios-internacionales-en-el-peru\/\" >\n\t\t\t<div class=\"elementor-post__thumbnail\"><img loading=\"lazy\" decoding=\"async\" width=\"1000\" height=\"600\" src=\"https:\/\/www.administracion.usmp.edu.pe\/revista-digital-usmp\/wp-content\/uploads\/sites\/47\/2023\/12\/NEGOCIOS-INTERNACIONALES.jpg\" class=\"attachment-full size-full wp-image-2842\" alt=\"\" srcset=\"https:\/\/www.administracion.usmp.edu.pe\/revista-digital-usmp\/wp-content\/uploads\/sites\/47\/2023\/12\/NEGOCIOS-INTERNACIONALES.jpg 1000w, https:\/\/www.administracion.usmp.edu.pe\/revista-digital-usmp\/wp-content\/uploads\/sites\/47\/2023\/12\/NEGOCIOS-INTERNACIONALES-768x461.jpg 768w\" sizes=\"(max-width: 1000px) 100vw, 1000px\" \/><\/div>\n\t\t<\/a>\n\t\t\t\t<div class=\"elementor-post__text\">\n\t\t\t\t<h3 class=\"elementor-post__title\">\n\t\t\t<a href=\"https:\/\/www.administracion.usmp.edu.pe\/revista-digital-usmp\/entrada_7\/situaciones-especiales-globales-y-regionales-que-influyen-en-los-negocios-internacionales-en-el-peru\/\" >\n\t\t\t\tSituaciones especiales globales y regionales que influyen en los negocios internacionales en el Per\u00fa\t\t\t<\/a>\n\t\t<\/h3>\n\t\t\t\t<div class=\"elementor-post__excerpt\">\n\t\t\t<p>Tutor: Juan Puga Pomareda Autores: Cruz Luis, Lady Stephanie; Cuayla<\/p>\n\t\t<\/div>\n\t\t\t\t\t<a class=\"elementor-post__read-more\" href=\"https:\/\/www.administracion.usmp.edu.pe\/revista-digital-usmp\/entrada_7\/situaciones-especiales-globales-y-regionales-que-influyen-en-los-negocios-internacionales-en-el-peru\/\" >\n\t\t\t\t\t\t\t<\/a>\n\t\t\t\t<\/div>\n\t\t\t\t<\/article>\n\t\t\t\t<article class=\"elementor-post elementor-grid-item post-3388 entrada_7 type-entrada_7 status-publish has-post-thumbnail hentry entrada_7_categoria-articulos-alumnos\">\n\t\t\t\t<a class=\"elementor-post__thumbnail__link\" href=\"https:\/\/www.administracion.usmp.edu.pe\/revista-digital-usmp\/entrada_7\/desafios-y-oportunidades-en-la-exportacion-de-productos-agricolas-peruanos-perspectivas-internacionales\/\" >\n\t\t\t<div class=\"elementor-post__thumbnail\"><img loading=\"lazy\" decoding=\"async\" width=\"1000\" height=\"600\" src=\"https:\/\/www.administracion.usmp.edu.pe\/revista-digital-usmp\/wp-content\/uploads\/sites\/47\/2023\/12\/campo-agricola.jpg\" class=\"attachment-full size-full wp-image-2837\" alt=\"\" srcset=\"https:\/\/www.administracion.usmp.edu.pe\/revista-digital-usmp\/wp-content\/uploads\/sites\/47\/2023\/12\/campo-agricola.jpg 1000w, https:\/\/www.administracion.usmp.edu.pe\/revista-digital-usmp\/wp-content\/uploads\/sites\/47\/2023\/12\/campo-agricola-768x461.jpg 768w\" sizes=\"(max-width: 1000px) 100vw, 1000px\" \/><\/div>\n\t\t<\/a>\n\t\t\t\t<div class=\"elementor-post__text\">\n\t\t\t\t<h3 class=\"elementor-post__title\">\n\t\t\t<a href=\"https:\/\/www.administracion.usmp.edu.pe\/revista-digital-usmp\/entrada_7\/desafios-y-oportunidades-en-la-exportacion-de-productos-agricolas-peruanos-perspectivas-internacionales\/\" >\n\t\t\t\tDesaf\u00edos y oportunidades en la exportaci\u00f3n de productos agr\u00edcolas peruanos: perspectivas internacionales\t\t\t<\/a>\n\t\t<\/h3>\n\t\t\t\t<div class=\"elementor-post__excerpt\">\n\t\t\t<p>Tutor: Jaime Ra\u00fal Castro Contreras Autores: Aybar Salazar, Neyschell Mirella;<\/p>\n\t\t<\/div>\n\t\t\t\t\t<a class=\"elementor-post__read-more\" href=\"https:\/\/www.administracion.usmp.edu.pe\/revista-digital-usmp\/entrada_7\/desafios-y-oportunidades-en-la-exportacion-de-productos-agricolas-peruanos-perspectivas-internacionales\/\" >\n\t\t\t\t\t\t\t<\/a>\n\t\t\t\t<\/div>\n\t\t\t\t<\/article>\n\t\t\t\t<article class=\"elementor-post elementor-grid-item post-3389 entrada_7 type-entrada_7 status-publish has-post-thumbnail hentry entrada_7_categoria-articulos-alumnos\">\n\t\t\t\t<a class=\"elementor-post__thumbnail__link\" href=\"https:\/\/www.administracion.usmp.edu.pe\/revista-digital-usmp\/entrada_7\/problematica-efectos-y-mitigacion-del-impacto-del-cambio-climatico-en-el-peru\/\" >\n\t\t\t<div class=\"elementor-post__thumbnail\"><img loading=\"lazy\" decoding=\"async\" width=\"1000\" height=\"600\" src=\"https:\/\/www.administracion.usmp.edu.pe\/revista-digital-usmp\/wp-content\/uploads\/sites\/47\/2023\/12\/cambio-climatico.jpg\" class=\"attachment-full size-full wp-image-2835\" alt=\"\" srcset=\"https:\/\/www.administracion.usmp.edu.pe\/revista-digital-usmp\/wp-content\/uploads\/sites\/47\/2023\/12\/cambio-climatico.jpg 1000w, https:\/\/www.administracion.usmp.edu.pe\/revista-digital-usmp\/wp-content\/uploads\/sites\/47\/2023\/12\/cambio-climatico-768x461.jpg 768w\" sizes=\"(max-width: 1000px) 100vw, 1000px\" \/><\/div>\n\t\t<\/a>\n\t\t\t\t<div class=\"elementor-post__text\">\n\t\t\t\t<h3 class=\"elementor-post__title\">\n\t\t\t<a href=\"https:\/\/www.administracion.usmp.edu.pe\/revista-digital-usmp\/entrada_7\/problematica-efectos-y-mitigacion-del-impacto-del-cambio-climatico-en-el-peru\/\" >\n\t\t\t\tProblem\u00e1tica, efectos y mitigaci\u00f3n del impacto del cambio clim\u00e1tico en el Per\u00fa\t\t\t<\/a>\n\t\t<\/h3>\n\t\t\t\t<div class=\"elementor-post__excerpt\">\n\t\t\t<p>Tutor: Jaime Ra\u00fal Castro Contreras Autores: Atoche Puelles, Camila Elizabeth;<\/p>\n\t\t<\/div>\n\t\t\t\t\t<a class=\"elementor-post__read-more\" href=\"https:\/\/www.administracion.usmp.edu.pe\/revista-digital-usmp\/entrada_7\/problematica-efectos-y-mitigacion-del-impacto-del-cambio-climatico-en-el-peru\/\" >\n\t\t\t\t\t\t\t<\/a>\n\t\t\t\t<\/div>\n\t\t\t\t<\/article>\n\t\t\t\t<article class=\"elementor-post elementor-grid-item post-3390 entrada_7 type-entrada_7 status-publish has-post-thumbnail hentry entrada_7_categoria-articulos-alumnos\">\n\t\t\t\t<a class=\"elementor-post__thumbnail__link\" href=\"https:\/\/www.administracion.usmp.edu.pe\/revista-digital-usmp\/entrada_7\/importancia-de-las-relaciones-economicas-y-comerciales-de-peru-con-asia-en-el-periodo-2018-2023\/\" >\n\t\t\t<div class=\"elementor-post__thumbnail\"><img loading=\"lazy\" decoding=\"async\" width=\"1000\" height=\"600\" src=\"https:\/\/www.administracion.usmp.edu.pe\/revista-digital-usmp\/wp-content\/uploads\/sites\/47\/2023\/12\/asia-peru.jpg\" class=\"attachment-full size-full wp-image-2834\" alt=\"\" srcset=\"https:\/\/www.administracion.usmp.edu.pe\/revista-digital-usmp\/wp-content\/uploads\/sites\/47\/2023\/12\/asia-peru.jpg 1000w, https:\/\/www.administracion.usmp.edu.pe\/revista-digital-usmp\/wp-content\/uploads\/sites\/47\/2023\/12\/asia-peru-768x461.jpg 768w\" sizes=\"(max-width: 1000px) 100vw, 1000px\" \/><\/div>\n\t\t<\/a>\n\t\t\t\t<div class=\"elementor-post__text\">\n\t\t\t\t<h3 class=\"elementor-post__title\">\n\t\t\t<a href=\"https:\/\/www.administracion.usmp.edu.pe\/revista-digital-usmp\/entrada_7\/importancia-de-las-relaciones-economicas-y-comerciales-de-peru-con-asia-en-el-periodo-2018-2023\/\" >\n\t\t\t\tImportancia de las relaciones econ\u00f3micas y comerciales de Per\u00fa con Asia en el periodo 2018 &#8211; 2023\t\t\t<\/a>\n\t\t<\/h3>\n\t\t\t\t<div class=\"elementor-post__excerpt\">\n\t\t\t<p>Tutor: Jaime Ra\u00fal Castro Contreras Autores: ALARC\u00d3N VASQUEZ, ALEJANDRA PAOLA,<\/p>\n\t\t<\/div>\n\t\t\t\t\t<a class=\"elementor-post__read-more\" href=\"https:\/\/www.administracion.usmp.edu.pe\/revista-digital-usmp\/entrada_7\/importancia-de-las-relaciones-economicas-y-comerciales-de-peru-con-asia-en-el-periodo-2018-2023\/\" >\n\t\t\t\t\t\t\t<\/a>\n\t\t\t\t<\/div>\n\t\t\t\t<\/article>\n\t\t\t\t<article class=\"elementor-post elementor-grid-item post-3391 entrada_7 type-entrada_7 status-publish has-post-thumbnail hentry entrada_7_categoria-articulos-alumnos\">\n\t\t\t\t<a class=\"elementor-post__thumbnail__link\" href=\"https:\/\/www.administracion.usmp.edu.pe\/revista-digital-usmp\/entrada_7\/la-inteligencia-artificial-y-su-aplicacion-en-los-negocios-internacionales\/\" >\n\t\t\t<div class=\"elementor-post__thumbnail\"><img loading=\"lazy\" decoding=\"async\" width=\"1000\" height=\"600\" src=\"https:\/\/www.administracion.usmp.edu.pe\/revista-digital-usmp\/wp-content\/uploads\/sites\/47\/2023\/12\/AI.jpg\" class=\"attachment-full size-full wp-image-2831\" alt=\"\" srcset=\"https:\/\/www.administracion.usmp.edu.pe\/revista-digital-usmp\/wp-content\/uploads\/sites\/47\/2023\/12\/AI.jpg 1000w, https:\/\/www.administracion.usmp.edu.pe\/revista-digital-usmp\/wp-content\/uploads\/sites\/47\/2023\/12\/AI-768x461.jpg 768w\" sizes=\"(max-width: 1000px) 100vw, 1000px\" \/><\/div>\n\t\t<\/a>\n\t\t\t\t<div class=\"elementor-post__text\">\n\t\t\t\t<h3 class=\"elementor-post__title\">\n\t\t\t<a href=\"https:\/\/www.administracion.usmp.edu.pe\/revista-digital-usmp\/entrada_7\/la-inteligencia-artificial-y-su-aplicacion-en-los-negocios-internacionales\/\" >\n\t\t\t\tLa inteligencia artificial y su aplicaci\u00f3n en los negocios internacionales\t\t\t<\/a>\n\t\t<\/h3>\n\t\t\t\t<div class=\"elementor-post__excerpt\">\n\t\t\t<p>Tutor: Jaime Ra\u00fal Castro Contreras Autores: Caballero Yoplac, Leonardo; De<\/p>\n\t\t<\/div>\n\t\t\t\t\t<a class=\"elementor-post__read-more\" href=\"https:\/\/www.administracion.usmp.edu.pe\/revista-digital-usmp\/entrada_7\/la-inteligencia-artificial-y-su-aplicacion-en-los-negocios-internacionales\/\" >\n\t\t\t\t\t\t\t<\/a>\n\t\t\t\t<\/div>\n\t\t\t\t<\/article>\n\t\t\t\t<article class=\"elementor-post elementor-grid-item post-3392 entrada_7 type-entrada_7 status-publish has-post-thumbnail hentry entrada_7_categoria-articulos-alumnos\">\n\t\t\t\t<a class=\"elementor-post__thumbnail__link\" href=\"https:\/\/www.administracion.usmp.edu.pe\/revista-digital-usmp\/entrada_7\/la-pandemia-de-covid-19-y-su-impacto-en-la-biodiversidad-del-peru\/\" >\n\t\t\t<div class=\"elementor-post__thumbnail\"><img loading=\"lazy\" decoding=\"async\" width=\"1000\" height=\"600\" src=\"https:\/\/www.administracion.usmp.edu.pe\/revista-digital-usmp\/wp-content\/uploads\/sites\/47\/2023\/12\/covid.jpg\" class=\"attachment-full size-full wp-image-2824\" alt=\"\" srcset=\"https:\/\/www.administracion.usmp.edu.pe\/revista-digital-usmp\/wp-content\/uploads\/sites\/47\/2023\/12\/covid.jpg 1000w, https:\/\/www.administracion.usmp.edu.pe\/revista-digital-usmp\/wp-content\/uploads\/sites\/47\/2023\/12\/covid-768x461.jpg 768w\" sizes=\"(max-width: 1000px) 100vw, 1000px\" \/><\/div>\n\t\t<\/a>\n\t\t\t\t<div class=\"elementor-post__text\">\n\t\t\t\t<h3 class=\"elementor-post__title\">\n\t\t\t<a href=\"https:\/\/www.administracion.usmp.edu.pe\/revista-digital-usmp\/entrada_7\/la-pandemia-de-covid-19-y-su-impacto-en-la-biodiversidad-del-peru\/\" >\n\t\t\t\tLa pandemia de COVID-19 y su impacto en la biodiversidad del Per\u00fa\t\t\t<\/a>\n\t\t<\/h3>\n\t\t\t\t<div class=\"elementor-post__excerpt\">\n\t\t\t<p>Tutor: Jaime Ra\u00fal Castro Contreras Autores: Alvarado Paredes, Mindy; Bonilla<\/p>\n\t\t<\/div>\n\t\t\t\t\t<a class=\"elementor-post__read-more\" href=\"https:\/\/www.administracion.usmp.edu.pe\/revista-digital-usmp\/entrada_7\/la-pandemia-de-covid-19-y-su-impacto-en-la-biodiversidad-del-peru\/\" >\n\t\t\t\t\t\t\t<\/a>\n\t\t\t\t<\/div>\n\t\t\t\t<\/article>\n\t\t\t\t<article class=\"elementor-post elementor-grid-item post-3400 entrada_7 type-entrada_7 status-publish has-post-thumbnail hentry entrada_7_categoria-articulos-alumnos\">\n\t\t\t\t<a class=\"elementor-post__thumbnail__link\" href=\"https:\/\/www.administracion.usmp.edu.pe\/revista-digital-usmp\/entrada_7\/oportunidades-de-negocio-mediante-el-uso-del-aji-mochero-en-la-region-de-la-libertad\/\" >\n\t\t\t<div class=\"elementor-post__thumbnail\"><img loading=\"lazy\" decoding=\"async\" width=\"1000\" height=\"600\" src=\"https:\/\/www.administracion.usmp.edu.pe\/revista-digital-usmp\/wp-content\/uploads\/sites\/47\/2023\/11\/ajimochero.jpg\" class=\"attachment-full size-full wp-image-2797\" alt=\"\" srcset=\"https:\/\/www.administracion.usmp.edu.pe\/revista-digital-usmp\/wp-content\/uploads\/sites\/47\/2023\/11\/ajimochero.jpg 1000w, https:\/\/www.administracion.usmp.edu.pe\/revista-digital-usmp\/wp-content\/uploads\/sites\/47\/2023\/11\/ajimochero-768x461.jpg 768w\" sizes=\"(max-width: 1000px) 100vw, 1000px\" \/><\/div>\n\t\t<\/a>\n\t\t\t\t<div class=\"elementor-post__text\">\n\t\t\t\t<h3 class=\"elementor-post__title\">\n\t\t\t<a href=\"https:\/\/www.administracion.usmp.edu.pe\/revista-digital-usmp\/entrada_7\/oportunidades-de-negocio-mediante-el-uso-del-aji-mochero-en-la-region-de-la-libertad\/\" >\n\t\t\t\tOportunidades de negocio mediante el uso del Aj\u00ed Mochero en la Regi\u00f3n de La Libertad\t\t\t<\/a>\n\t\t<\/h3>\n\t\t\t\t<div class=\"elementor-post__excerpt\">\n\t\t\t<p>TutorJaime Ra\u00fal Castro Contreras Estudiantes del IX ciclo:Mindy Leonela Alvarado<\/p>\n\t\t<\/div>\n\t\t\t\t\t<a class=\"elementor-post__read-more\" href=\"https:\/\/www.administracion.usmp.edu.pe\/revista-digital-usmp\/entrada_7\/oportunidades-de-negocio-mediante-el-uso-del-aji-mochero-en-la-region-de-la-libertad\/\" >\n\t\t\t\t\t\t\t<\/a>\n\t\t\t\t<\/div>\n\t\t\t\t<\/article>\n\t\t\t\t<\/div>\n\n\n\t\t\n\t\t\t\t\t\t<\/div>\n\t\t\t\t<\/div>\n\t\t\t\t\t<\/div>\n\t\t<\/div>\n\t\t\t\t\t<\/div>\n\t\t<\/section>\n\t\t\t\t<\/div>\n\t\t","protected":false},"featured_media":0,"parent":0,"menu_order":0,"template":"elementor_header_footer","class_list":["post-3753","revista_7","type-revista_7","status-publish","hentry"],"_links":{"self":[{"href":"https:\/\/www.administracion.usmp.edu.pe\/revista-digital-usmp\/wp-json\/wp\/v2\/revista_7\/3753","targetHints":{"allow":["GET"]}}],"collection":[{"href":"https:\/\/www.administracion.usmp.edu.pe\/revista-digital-usmp\/wp-json\/wp\/v2\/revista_7"}],"about":[{"href":"https:\/\/www.administracion.usmp.edu.pe\/revista-digital-usmp\/wp-json\/wp\/v2\/types\/revista_7"}],"version-history":[{"count":3,"href":"https:\/\/www.administracion.usmp.edu.pe\/revista-digital-usmp\/wp-json\/wp\/v2\/revista_7\/3753\/revisions"}],"predecessor-version":[{"id":3781,"href":"https:\/\/www.administracion.usmp.edu.pe\/revista-digital-usmp\/wp-json\/wp\/v2\/revista_7\/3753\/revisions\/3781"}],"wp:attachment":[{"href":"https:\/\/www.administracion.usmp.edu.pe\/revista-digital-usmp\/wp-json\/wp\/v2\/media?parent=3753"}],"curies":[{"name":"wp","href":"https:\/\/api.w.org\/{rel}","templated":true}]}}