{"id":3695,"date":"2023-08-16T05:31:40","date_gmt":"2023-08-16T10:31:40","guid":{"rendered":"https:\/\/www.administracion.usmp.edu.pe\/revista-digital-usmp\/?post_type=revista_6&#038;p=3695"},"modified":"2024-07-24T05:34:43","modified_gmt":"2024-07-24T10:34:43","slug":"articulos-alumnos","status":"publish","type":"revista_6","link":"https:\/\/www.administracion.usmp.edu.pe\/revista-digital-usmp\/revista_6\/articulos-alumnos\/","title":{"rendered":"Art\u00edculos Alumnos"},"content":{"rendered":"\t\t<div data-elementor-type=\"wp-post\" data-elementor-id=\"3695\" class=\"elementor elementor-3695\">\n\t\t\t\t\t\t<section class=\"elementor-section elementor-top-section elementor-element elementor-element-1fd54a8 elementor-section-boxed elementor-section-height-default elementor-section-height-default\" data-id=\"1fd54a8\" data-element_type=\"section\" data-e-type=\"section\">\n\t\t\t\t\t\t<div class=\"elementor-container elementor-column-gap-default\">\n\t\t\t\t\t<div class=\"elementor-column elementor-col-100 elementor-top-column elementor-element elementor-element-0a172ad\" data-id=\"0a172ad\" data-element_type=\"column\" data-e-type=\"column\">\n\t\t\t<div class=\"elementor-widget-wrap elementor-element-populated\">\n\t\t\t\t\t\t<div class=\"elementor-element elementor-element-35f2e24 elementor-widget elementor-widget-template\" data-id=\"35f2e24\" data-element_type=\"widget\" data-e-type=\"widget\" data-widget_type=\"template.default\">\n\t\t\t\t<div class=\"elementor-widget-container\">\n\t\t\t\t\t\t\t<div class=\"elementor-template\">\n\t\t\t\t\t<div data-elementor-type=\"section\" data-elementor-id=\"328\" class=\"elementor elementor-328\">\n\t\t\t\t\t<div class=\"elementor-section-wrap\">\n\t\t\t\t\t\t\t\t<section class=\"elementor-section elementor-top-section elementor-element elementor-element-42f1eaa4 elementor-section-boxed elementor-section-height-default elementor-section-height-default\" data-id=\"42f1eaa4\" data-element_type=\"section\" data-e-type=\"section\">\n\t\t\t\t\t\t<div class=\"elementor-container elementor-column-gap-default\">\n\t\t\t\t\t<div class=\"elementor-column elementor-col-100 elementor-top-column elementor-element elementor-element-7b81d379\" data-id=\"7b81d379\" data-element_type=\"column\" data-e-type=\"column\">\n\t\t\t<div class=\"elementor-widget-wrap\">\n\t\t\t\t\t\t\t<\/div>\n\t\t<\/div>\n\t\t\t\t\t<\/div>\n\t\t<\/section>\n\t\t\t\t\t\t\t<\/div>\n\t\t\t\t<\/div>\n\t\t\t\t<\/div>\n\t\t\t\t\t\t<\/div>\n\t\t\t\t<\/div>\n\t\t\t\t<div class=\"elementor-element elementor-element-d57b6dd elementor-widget elementor-widget-post-info\" data-id=\"d57b6dd\" data-element_type=\"widget\" data-e-type=\"widget\" data-widget_type=\"post-info.default\">\n\t\t\t\t<div class=\"elementor-widget-container\">\n\t\t\t\t\t\t\t<ul class=\"elementor-icon-list-items elementor-post-info\">\n\t\t\t\t\t\t\t\t<li class=\"elementor-icon-list-item elementor-repeater-item-676e899\">\n\t\t\t\t\t\t\t\t\t\t\t\t\t<span class=\"elementor-icon-list-text elementor-post-info__item elementor-post-info__item--type-custom\">\n\t\t\t\t\t\t\t\t\t\tArt\u00edculos de Alumnos\t\t\t\t\t<\/span>\n\t\t\t\t\t\t\t\t<\/li>\n\t\t\t\t<\/ul>\n\t\t\t\t\t\t<\/div>\n\t\t\t\t<\/div>\n\t\t\t\t<div class=\"elementor-element elementor-element-7685192 elementor-widget-divider--view-line elementor-widget elementor-widget-divider\" data-id=\"7685192\" data-element_type=\"widget\" data-e-type=\"widget\" data-widget_type=\"divider.default\">\n\t\t\t\t<div class=\"elementor-widget-container\">\n\t\t\t\t\t\t\t<div class=\"elementor-divider\">\n\t\t\t<span class=\"elementor-divider-separator\">\n\t\t\t\t\t\t<\/span>\n\t\t<\/div>\n\t\t\t\t\t\t<\/div>\n\t\t\t\t<\/div>\n\t\t\t\t\t<\/div>\n\t\t<\/div>\n\t\t\t\t\t<\/div>\n\t\t<\/section>\n\t\t\t\t<section class=\"elementor-section elementor-top-section elementor-element elementor-element-bbb2dc7 slider elementor-section-boxed elementor-section-height-default elementor-section-height-default\" data-id=\"bbb2dc7\" data-element_type=\"section\" data-e-type=\"section\" data-settings=\"{&quot;background_background&quot;:&quot;classic&quot;}\">\n\t\t\t\t\t\t<div class=\"elementor-container elementor-column-gap-default\">\n\t\t\t\t\t<div class=\"elementor-column elementor-col-100 elementor-top-column elementor-element elementor-element-6523645\" data-id=\"6523645\" data-element_type=\"column\" data-e-type=\"column\">\n\t\t\t<div class=\"elementor-widget-wrap elementor-element-populated\">\n\t\t\t\t\t\t<div class=\"elementor-element elementor-element-06477db elementor-grid-2 elementor-posts--thumbnail-left elementor-widget-wrap elementor-grid-tablet-1 elementor-grid-mobile-1 elementor-widget elementor-widget-posts\" data-id=\"06477db\" data-element_type=\"widget\" data-e-type=\"widget\" data-settings=\"{&quot;classic_columns&quot;:&quot;2&quot;,&quot;classic_columns_tablet&quot;:&quot;1&quot;,&quot;classic_columns_mobile&quot;:&quot;1&quot;,&quot;classic_row_gap&quot;:{&quot;unit&quot;:&quot;px&quot;,&quot;size&quot;:35,&quot;sizes&quot;:[]},&quot;classic_row_gap_tablet&quot;:{&quot;unit&quot;:&quot;px&quot;,&quot;size&quot;:&quot;&quot;,&quot;sizes&quot;:[]},&quot;classic_row_gap_mobile&quot;:{&quot;unit&quot;:&quot;px&quot;,&quot;size&quot;:&quot;&quot;,&quot;sizes&quot;:[]}}\" data-widget_type=\"posts.classic\">\n\t\t\t\t<div class=\"elementor-widget-container\">\n\t\t\t\t\t\t\t<div class=\"elementor-posts-container elementor-posts elementor-posts--skin-classic elementor-grid\">\n\t\t\t\t<article class=\"elementor-post elementor-grid-item post-3351 entrada_6 type-entrada_6 status-publish has-post-thumbnail hentry entrada_6_categoria-articulos-alumnos\">\n\t\t\t\t<a class=\"elementor-post__thumbnail__link\" href=\"https:\/\/www.administracion.usmp.edu.pe\/revista-digital-usmp\/entrada_6\/relacion-entre-el-emprendimiento-y-la-innovacion-en-las-microempresas-del-sector-comercial-de-lima-metropolitana-en-el-ano-2023\/\" >\n\t\t\t<div class=\"elementor-post__thumbnail\"><img fetchpriority=\"high\" decoding=\"async\" width=\"1000\" height=\"600\" src=\"https:\/\/www.administracion.usmp.edu.pe\/revista-digital-usmp\/wp-content\/uploads\/sites\/47\/2023\/08\/emprendimiento.jpg\" class=\"attachment-full size-full wp-image-956\" alt=\"\" srcset=\"https:\/\/www.administracion.usmp.edu.pe\/revista-digital-usmp\/wp-content\/uploads\/sites\/47\/2023\/08\/emprendimiento.jpg 1000w, https:\/\/www.administracion.usmp.edu.pe\/revista-digital-usmp\/wp-content\/uploads\/sites\/47\/2023\/08\/emprendimiento-768x461.jpg 768w\" sizes=\"(max-width: 1000px) 100vw, 1000px\" \/><\/div>\n\t\t<\/a>\n\t\t\t\t<div class=\"elementor-post__text\">\n\t\t\t\t<h3 class=\"elementor-post__title\">\n\t\t\t<a href=\"https:\/\/www.administracion.usmp.edu.pe\/revista-digital-usmp\/entrada_6\/relacion-entre-el-emprendimiento-y-la-innovacion-en-las-microempresas-del-sector-comercial-de-lima-metropolitana-en-el-ano-2023\/\" >\n\t\t\t\tRelaci\u00f3n entre el emprendimiento y la innovaci\u00f3n en las microempresas del sector comercial de Lima Metropolitana en el a\u00f1o 2023\t\t\t<\/a>\n\t\t<\/h3>\n\t\t\t\t<div class=\"elementor-post__excerpt\">\n\t\t\t<p>Estudiantes:\u00a0Samy Jeikoop Junior Inga Espinoza\u00a0samy_inga@usmp.pe * Autor de correspondencia\u00a0https:\/\/orcid.org\/0009-0008-2580-8803\u00a0 Allison<\/p>\n\t\t<\/div>\n\t\t\t\t\t<a class=\"elementor-post__read-more\" href=\"https:\/\/www.administracion.usmp.edu.pe\/revista-digital-usmp\/entrada_6\/relacion-entre-el-emprendimiento-y-la-innovacion-en-las-microempresas-del-sector-comercial-de-lima-metropolitana-en-el-ano-2023\/\" >\n\t\t\t\t\t\t\t<\/a>\n\t\t\t\t<\/div>\n\t\t\t\t<\/article>\n\t\t\t\t<article class=\"elementor-post elementor-grid-item post-3352 entrada_6 type-entrada_6 status-publish has-post-thumbnail hentry entrada_6_categoria-articulos-alumnos\">\n\t\t\t\t<a class=\"elementor-post__thumbnail__link\" href=\"https:\/\/www.administracion.usmp.edu.pe\/revista-digital-usmp\/entrada_6\/relacion-conflicto-familia-trabajo-sobre-la-satisfaccion-de-vida-en-mujeres-trabajadoras-en-el-sector-de-servicio-de-grandes-empresas-en-lima-metropolitana-en-el-ano-2023\/\" >\n\t\t\t<div class=\"elementor-post__thumbnail\"><img decoding=\"async\" width=\"1000\" height=\"600\" src=\"https:\/\/www.administracion.usmp.edu.pe\/revista-digital-usmp\/wp-content\/uploads\/sites\/47\/2023\/08\/imagen-lima-1.jpg\" class=\"attachment-full size-full wp-image-959\" alt=\"\" srcset=\"https:\/\/www.administracion.usmp.edu.pe\/revista-digital-usmp\/wp-content\/uploads\/sites\/47\/2023\/08\/imagen-lima-1.jpg 1000w, https:\/\/www.administracion.usmp.edu.pe\/revista-digital-usmp\/wp-content\/uploads\/sites\/47\/2023\/08\/imagen-lima-1-768x461.jpg 768w\" sizes=\"(max-width: 1000px) 100vw, 1000px\" \/><\/div>\n\t\t<\/a>\n\t\t\t\t<div class=\"elementor-post__text\">\n\t\t\t\t<h3 class=\"elementor-post__title\">\n\t\t\t<a href=\"https:\/\/www.administracion.usmp.edu.pe\/revista-digital-usmp\/entrada_6\/relacion-conflicto-familia-trabajo-sobre-la-satisfaccion-de-vida-en-mujeres-trabajadoras-en-el-sector-de-servicio-de-grandes-empresas-en-lima-metropolitana-en-el-ano-2023\/\" >\n\t\t\t\tRelaci\u00f3n conflicto familia-trabajo sobre la satisfacci\u00f3n de vida en mujeres trabajadoras en el sector de servicio de grandes empresas en Lima Metropolitana en el a\u00f1o 2023\t\t\t<\/a>\n\t\t<\/h3>\n\t\t\t\t<div class=\"elementor-post__excerpt\">\n\t\t\t<p>Estudiante:\u00a0Chunga Hern\u00e1ndez, Juan Pedro\u00a0juan_chunga1@usmp.pe\u00a0 Escuela de Pregrado\u00a0Facultad de Ciencias Administrativas<\/p>\n\t\t<\/div>\n\t\t\t\t\t<a class=\"elementor-post__read-more\" href=\"https:\/\/www.administracion.usmp.edu.pe\/revista-digital-usmp\/entrada_6\/relacion-conflicto-familia-trabajo-sobre-la-satisfaccion-de-vida-en-mujeres-trabajadoras-en-el-sector-de-servicio-de-grandes-empresas-en-lima-metropolitana-en-el-ano-2023\/\" >\n\t\t\t\t\t\t\t<\/a>\n\t\t\t\t<\/div>\n\t\t\t\t<\/article>\n\t\t\t\t<article class=\"elementor-post elementor-grid-item post-3355 entrada_6 type-entrada_6 status-publish has-post-thumbnail hentry entrada_6_categoria-articulos-alumnos\">\n\t\t\t\t<a class=\"elementor-post__thumbnail__link\" href=\"https:\/\/www.administracion.usmp.edu.pe\/revista-digital-usmp\/entrada_6\/oportunidades-de-negocios-de-la-industria-agroalimentaria-en-la-provincia-de-lambayeque\/\" >\n\t\t\t<div class=\"elementor-post__thumbnail\"><img decoding=\"async\" width=\"1000\" height=\"600\" src=\"https:\/\/www.administracion.usmp.edu.pe\/revista-digital-usmp\/wp-content\/uploads\/sites\/47\/2023\/08\/lambayeque-1.jpg\" class=\"attachment-full size-full wp-image-886\" alt=\"\" srcset=\"https:\/\/www.administracion.usmp.edu.pe\/revista-digital-usmp\/wp-content\/uploads\/sites\/47\/2023\/08\/lambayeque-1.jpg 1000w, https:\/\/www.administracion.usmp.edu.pe\/revista-digital-usmp\/wp-content\/uploads\/sites\/47\/2023\/08\/lambayeque-1-768x461.jpg 768w\" sizes=\"(max-width: 1000px) 100vw, 1000px\" \/><\/div>\n\t\t<\/a>\n\t\t\t\t<div class=\"elementor-post__text\">\n\t\t\t\t<h3 class=\"elementor-post__title\">\n\t\t\t<a href=\"https:\/\/www.administracion.usmp.edu.pe\/revista-digital-usmp\/entrada_6\/oportunidades-de-negocios-de-la-industria-agroalimentaria-en-la-provincia-de-lambayeque\/\" >\n\t\t\t\tOportunidades de negocios de la industria agroalimentaria en la provincia de Lambayeque.\t\t\t<\/a>\n\t\t<\/h3>\n\t\t\t\t<div class=\"elementor-post__excerpt\">\n\t\t\t<p>Estudiantes del IX ciclo: Casusol Lozano, Ana Rosa \/ Concha<\/p>\n\t\t<\/div>\n\t\t\t\t\t<a class=\"elementor-post__read-more\" href=\"https:\/\/www.administracion.usmp.edu.pe\/revista-digital-usmp\/entrada_6\/oportunidades-de-negocios-de-la-industria-agroalimentaria-en-la-provincia-de-lambayeque\/\" >\n\t\t\t\t\t\t\t<\/a>\n\t\t\t\t<\/div>\n\t\t\t\t<\/article>\n\t\t\t\t<article class=\"elementor-post elementor-grid-item post-3356 entrada_6 type-entrada_6 status-publish has-post-thumbnail hentry entrada_6_categoria-articulos-alumnos\">\n\t\t\t\t<a class=\"elementor-post__thumbnail__link\" href=\"https:\/\/www.administracion.usmp.edu.pe\/revista-digital-usmp\/entrada_6\/oportunidades-de-negocios-en-el-sector-turismo-de-la-region-ucayali\/\" >\n\t\t\t<div class=\"elementor-post__thumbnail\"><img loading=\"lazy\" decoding=\"async\" width=\"1000\" height=\"600\" src=\"https:\/\/www.administracion.usmp.edu.pe\/revista-digital-usmp\/wp-content\/uploads\/sites\/47\/2023\/08\/biodiversidad-1.jpg\" class=\"attachment-full size-full wp-image-881\" alt=\"\" srcset=\"https:\/\/www.administracion.usmp.edu.pe\/revista-digital-usmp\/wp-content\/uploads\/sites\/47\/2023\/08\/biodiversidad-1.jpg 1000w, https:\/\/www.administracion.usmp.edu.pe\/revista-digital-usmp\/wp-content\/uploads\/sites\/47\/2023\/08\/biodiversidad-1-768x461.jpg 768w\" sizes=\"(max-width: 1000px) 100vw, 1000px\" \/><\/div>\n\t\t<\/a>\n\t\t\t\t<div class=\"elementor-post__text\">\n\t\t\t\t<h3 class=\"elementor-post__title\">\n\t\t\t<a href=\"https:\/\/www.administracion.usmp.edu.pe\/revista-digital-usmp\/entrada_6\/oportunidades-de-negocios-en-el-sector-turismo-de-la-region-ucayali\/\" >\n\t\t\t\tOportunidades de negocios en el sector turismo de la Regi\u00f3n Ucayali\t\t\t<\/a>\n\t\t<\/h3>\n\t\t\t\t<div class=\"elementor-post__excerpt\">\n\t\t\t<p>Estudiantes del IX ciclo:\u00a0Barragan Montesinos, Saul Armando \/ Cruz Luis,<\/p>\n\t\t<\/div>\n\t\t\t\t\t<a class=\"elementor-post__read-more\" href=\"https:\/\/www.administracion.usmp.edu.pe\/revista-digital-usmp\/entrada_6\/oportunidades-de-negocios-en-el-sector-turismo-de-la-region-ucayali\/\" >\n\t\t\t\t\t\t\t<\/a>\n\t\t\t\t<\/div>\n\t\t\t\t<\/article>\n\t\t\t\t<article class=\"elementor-post elementor-grid-item post-3358 entrada_6 type-entrada_6 status-publish has-post-thumbnail hentry entrada_6_categoria-articulos-alumnos\">\n\t\t\t\t<a class=\"elementor-post__thumbnail__link\" href=\"https:\/\/www.administracion.usmp.edu.pe\/revista-digital-usmp\/entrada_6\/el-impacto-de-las-tendencias-globales-en-el-peru\/\" >\n\t\t\t<div class=\"elementor-post__thumbnail\"><img loading=\"lazy\" decoding=\"async\" width=\"1000\" height=\"600\" src=\"https:\/\/www.administracion.usmp.edu.pe\/revista-digital-usmp\/wp-content\/uploads\/sites\/47\/2023\/08\/tendencias.jpg\" class=\"attachment-full size-full wp-image-890\" alt=\"\" srcset=\"https:\/\/www.administracion.usmp.edu.pe\/revista-digital-usmp\/wp-content\/uploads\/sites\/47\/2023\/08\/tendencias.jpg 1000w, https:\/\/www.administracion.usmp.edu.pe\/revista-digital-usmp\/wp-content\/uploads\/sites\/47\/2023\/08\/tendencias-768x461.jpg 768w\" sizes=\"(max-width: 1000px) 100vw, 1000px\" \/><\/div>\n\t\t<\/a>\n\t\t\t\t<div class=\"elementor-post__text\">\n\t\t\t\t<h3 class=\"elementor-post__title\">\n\t\t\t<a href=\"https:\/\/www.administracion.usmp.edu.pe\/revista-digital-usmp\/entrada_6\/el-impacto-de-las-tendencias-globales-en-el-peru\/\" >\n\t\t\t\tEl impacto de las tendencias globales en el Per\u00fa\t\t\t<\/a>\n\t\t<\/h3>\n\t\t\t\t<div class=\"elementor-post__excerpt\">\n\t\t\t<p>Estudiantes del X ciclo:\u00a0Thal\u00eda Estefany Colonia Bacilio \/ Karina Stephany<\/p>\n\t\t<\/div>\n\t\t\t\t\t<a class=\"elementor-post__read-more\" href=\"https:\/\/www.administracion.usmp.edu.pe\/revista-digital-usmp\/entrada_6\/el-impacto-de-las-tendencias-globales-en-el-peru\/\" >\n\t\t\t\t\t\t\t<\/a>\n\t\t\t\t<\/div>\n\t\t\t\t<\/article>\n\t\t\t\t<article class=\"elementor-post elementor-grid-item post-3359 entrada_6 type-entrada_6 status-publish has-post-thumbnail hentry entrada_6_categoria-articulos-alumnos\">\n\t\t\t\t<a class=\"elementor-post__thumbnail__link\" href=\"https:\/\/www.administracion.usmp.edu.pe\/revista-digital-usmp\/entrada_6\/industrializacion-de-los-paises-emergentes-de-asia-y-europa-central-y-oportunidades-de-la-region-junin-a-partir-de-la-industrializacion-del-kion\/\" >\n\t\t\t<div class=\"elementor-post__thumbnail\"><img loading=\"lazy\" decoding=\"async\" width=\"1000\" height=\"600\" src=\"https:\/\/www.administracion.usmp.edu.pe\/revista-digital-usmp\/wp-content\/uploads\/sites\/47\/2023\/08\/kion.jpg\" class=\"attachment-full size-full wp-image-885\" alt=\"\" srcset=\"https:\/\/www.administracion.usmp.edu.pe\/revista-digital-usmp\/wp-content\/uploads\/sites\/47\/2023\/08\/kion.jpg 1000w, https:\/\/www.administracion.usmp.edu.pe\/revista-digital-usmp\/wp-content\/uploads\/sites\/47\/2023\/08\/kion-768x461.jpg 768w\" sizes=\"(max-width: 1000px) 100vw, 1000px\" \/><\/div>\n\t\t<\/a>\n\t\t\t\t<div class=\"elementor-post__text\">\n\t\t\t\t<h3 class=\"elementor-post__title\">\n\t\t\t<a href=\"https:\/\/www.administracion.usmp.edu.pe\/revista-digital-usmp\/entrada_6\/industrializacion-de-los-paises-emergentes-de-asia-y-europa-central-y-oportunidades-de-la-region-junin-a-partir-de-la-industrializacion-del-kion\/\" >\n\t\t\t\tIndustrializaci\u00f3n de los pa\u00edses emergentes de Asia y Europa central y oportunidades de la regi\u00f3n Jun\u00edn a partir de la industrializaci\u00f3n del kion\t\t\t<\/a>\n\t\t<\/h3>\n\t\t\t\t<div class=\"elementor-post__excerpt\">\n\t\t\t<p>Estudiantes del X ciclo:\u00a0Inga Espinoza Samy, Jeikoop Junior \/ Magno<\/p>\n\t\t<\/div>\n\t\t\t\t\t<a class=\"elementor-post__read-more\" href=\"https:\/\/www.administracion.usmp.edu.pe\/revista-digital-usmp\/entrada_6\/industrializacion-de-los-paises-emergentes-de-asia-y-europa-central-y-oportunidades-de-la-region-junin-a-partir-de-la-industrializacion-del-kion\/\" >\n\t\t\t\t\t\t\t<\/a>\n\t\t\t\t<\/div>\n\t\t\t\t<\/article>\n\t\t\t\t<article class=\"elementor-post elementor-grid-item post-3360 entrada_6 type-entrada_6 status-publish has-post-thumbnail hentry entrada_6_categoria-articulos-alumnos\">\n\t\t\t\t<a class=\"elementor-post__thumbnail__link\" href=\"https:\/\/www.administracion.usmp.edu.pe\/revista-digital-usmp\/entrada_6\/las-exportaciones-de-mango-en-el-peru-2013-2022\/\" >\n\t\t\t<div class=\"elementor-post__thumbnail\"><img loading=\"lazy\" decoding=\"async\" width=\"1000\" height=\"600\" src=\"https:\/\/www.administracion.usmp.edu.pe\/revista-digital-usmp\/wp-content\/uploads\/sites\/47\/2023\/08\/mango.jpg\" class=\"attachment-full size-full wp-image-887\" alt=\"\" srcset=\"https:\/\/www.administracion.usmp.edu.pe\/revista-digital-usmp\/wp-content\/uploads\/sites\/47\/2023\/08\/mango.jpg 1000w, https:\/\/www.administracion.usmp.edu.pe\/revista-digital-usmp\/wp-content\/uploads\/sites\/47\/2023\/08\/mango-768x461.jpg 768w\" sizes=\"(max-width: 1000px) 100vw, 1000px\" \/><\/div>\n\t\t<\/a>\n\t\t\t\t<div class=\"elementor-post__text\">\n\t\t\t\t<h3 class=\"elementor-post__title\">\n\t\t\t<a href=\"https:\/\/www.administracion.usmp.edu.pe\/revista-digital-usmp\/entrada_6\/las-exportaciones-de-mango-en-el-peru-2013-2022\/\" >\n\t\t\t\tLas exportaciones de mango en el Per\u00fa 2013 &#8211; 2022\t\t\t<\/a>\n\t\t<\/h3>\n\t\t\t\t<div class=\"elementor-post__excerpt\">\n\t\t\t<p>Autores: Alberto Pantale\u00f3n Santa Mar\u00eda \/ Stephanie Ruiz Chac\u00f3n \u00a0<\/p>\n\t\t<\/div>\n\t\t\t\t\t<a class=\"elementor-post__read-more\" href=\"https:\/\/www.administracion.usmp.edu.pe\/revista-digital-usmp\/entrada_6\/las-exportaciones-de-mango-en-el-peru-2013-2022\/\" >\n\t\t\t\t\t\t\t<\/a>\n\t\t\t\t<\/div>\n\t\t\t\t<\/article>\n\t\t\t\t<article class=\"elementor-post elementor-grid-item post-3361 entrada_6 type-entrada_6 status-publish has-post-thumbnail hentry entrada_6_categoria-articulos-alumnos\">\n\t\t\t\t<a class=\"elementor-post__thumbnail__link\" href=\"https:\/\/www.administracion.usmp.edu.pe\/revista-digital-usmp\/entrada_6\/convivencia-de-la-comunidad-agricola-con-la-actividad-minera-para-generar-oportunidades-de-negocio-y-desarrollo-en-la-region-apurimac\/\" >\n\t\t\t<div class=\"elementor-post__thumbnail\"><img loading=\"lazy\" decoding=\"async\" width=\"1000\" height=\"600\" src=\"https:\/\/www.administracion.usmp.edu.pe\/revista-digital-usmp\/wp-content\/uploads\/sites\/47\/2023\/08\/minera-agricola.jpg\" class=\"attachment-full size-full wp-image-894\" alt=\"\" srcset=\"https:\/\/www.administracion.usmp.edu.pe\/revista-digital-usmp\/wp-content\/uploads\/sites\/47\/2023\/08\/minera-agricola.jpg 1000w, https:\/\/www.administracion.usmp.edu.pe\/revista-digital-usmp\/wp-content\/uploads\/sites\/47\/2023\/08\/minera-agricola-768x461.jpg 768w\" sizes=\"(max-width: 1000px) 100vw, 1000px\" \/><\/div>\n\t\t<\/a>\n\t\t\t\t<div class=\"elementor-post__text\">\n\t\t\t\t<h3 class=\"elementor-post__title\">\n\t\t\t<a href=\"https:\/\/www.administracion.usmp.edu.pe\/revista-digital-usmp\/entrada_6\/convivencia-de-la-comunidad-agricola-con-la-actividad-minera-para-generar-oportunidades-de-negocio-y-desarrollo-en-la-region-apurimac\/\" >\n\t\t\t\tConvivencia de la comunidad agr\u00edcola con la actividad minera para generar oportunidades de negocio y desarrollo en la Regi\u00f3n Apur\u00edmac\t\t\t<\/a>\n\t\t<\/h3>\n\t\t\t\t<div class=\"elementor-post__excerpt\">\n\t\t\t<p>Estudiantes del IX ciclo:\u00a0Catpo Rojas, Ruth Fiorella \/\u00a0Flores Naccha, Jhosep<\/p>\n\t\t<\/div>\n\t\t\t\t\t<a class=\"elementor-post__read-more\" href=\"https:\/\/www.administracion.usmp.edu.pe\/revista-digital-usmp\/entrada_6\/convivencia-de-la-comunidad-agricola-con-la-actividad-minera-para-generar-oportunidades-de-negocio-y-desarrollo-en-la-region-apurimac\/\" >\n\t\t\t\t\t\t\t<\/a>\n\t\t\t\t<\/div>\n\t\t\t\t<\/article>\n\t\t\t\t<article class=\"elementor-post elementor-grid-item post-3362 entrada_6 type-entrada_6 status-publish has-post-thumbnail hentry entrada_6_categoria-articulos-alumnos\">\n\t\t\t\t<a class=\"elementor-post__thumbnail__link\" href=\"https:\/\/www.administracion.usmp.edu.pe\/revista-digital-usmp\/entrada_6\/evolucion-de-las-exportaciones-por-sector-agropecuario-en-el-departamento-de-lambayeque-2019-2022\/\" >\n\t\t\t<div class=\"elementor-post__thumbnail\"><img loading=\"lazy\" decoding=\"async\" width=\"1000\" height=\"600\" src=\"https:\/\/www.administracion.usmp.edu.pe\/revista-digital-usmp\/wp-content\/uploads\/sites\/47\/2023\/08\/granja.jpg\" class=\"attachment-full size-full wp-image-884\" alt=\"\" srcset=\"https:\/\/www.administracion.usmp.edu.pe\/revista-digital-usmp\/wp-content\/uploads\/sites\/47\/2023\/08\/granja.jpg 1000w, https:\/\/www.administracion.usmp.edu.pe\/revista-digital-usmp\/wp-content\/uploads\/sites\/47\/2023\/08\/granja-768x461.jpg 768w\" sizes=\"(max-width: 1000px) 100vw, 1000px\" \/><\/div>\n\t\t<\/a>\n\t\t\t\t<div class=\"elementor-post__text\">\n\t\t\t\t<h3 class=\"elementor-post__title\">\n\t\t\t<a href=\"https:\/\/www.administracion.usmp.edu.pe\/revista-digital-usmp\/entrada_6\/evolucion-de-las-exportaciones-por-sector-agropecuario-en-el-departamento-de-lambayeque-2019-2022\/\" >\n\t\t\t\tEvoluci\u00f3n de las exportaciones por sector agropecuario en el departamento de Lambayeque, 2019 &#8211; 2022\t\t\t<\/a>\n\t\t<\/h3>\n\t\t\t\t<div class=\"elementor-post__excerpt\">\n\t\t\t<p>Autores: Mg. Jos\u00e9 Carlos Montes Ninaquispe \/ Mg. Juan C\u00e9sar<\/p>\n\t\t<\/div>\n\t\t\t\t\t<a class=\"elementor-post__read-more\" href=\"https:\/\/www.administracion.usmp.edu.pe\/revista-digital-usmp\/entrada_6\/evolucion-de-las-exportaciones-por-sector-agropecuario-en-el-departamento-de-lambayeque-2019-2022\/\" >\n\t\t\t\t\t\t\t<\/a>\n\t\t\t\t<\/div>\n\t\t\t\t<\/article>\n\t\t\t\t<article class=\"elementor-post elementor-grid-item post-3363 entrada_6 type-entrada_6 status-publish has-post-thumbnail hentry entrada_6_categoria-articulos-alumnos\">\n\t\t\t\t<a class=\"elementor-post__thumbnail__link\" href=\"https:\/\/www.administracion.usmp.edu.pe\/revista-digital-usmp\/entrada_6\/biodiversidad-y-oportunidades-de-negocios-en-la-region-lima-provincia-yauyos-san-pedro-de-pilas-san-mateo\/\" >\n\t\t\t<div class=\"elementor-post__thumbnail\"><img loading=\"lazy\" decoding=\"async\" width=\"1000\" height=\"600\" src=\"https:\/\/www.administracion.usmp.edu.pe\/revista-digital-usmp\/wp-content\/uploads\/sites\/47\/2023\/08\/pilas-yauyos.jpg\" class=\"attachment-full size-full wp-image-895\" alt=\"\" srcset=\"https:\/\/www.administracion.usmp.edu.pe\/revista-digital-usmp\/wp-content\/uploads\/sites\/47\/2023\/08\/pilas-yauyos.jpg 1000w, https:\/\/www.administracion.usmp.edu.pe\/revista-digital-usmp\/wp-content\/uploads\/sites\/47\/2023\/08\/pilas-yauyos-768x461.jpg 768w\" sizes=\"(max-width: 1000px) 100vw, 1000px\" \/><\/div>\n\t\t<\/a>\n\t\t\t\t<div class=\"elementor-post__text\">\n\t\t\t\t<h3 class=\"elementor-post__title\">\n\t\t\t<a href=\"https:\/\/www.administracion.usmp.edu.pe\/revista-digital-usmp\/entrada_6\/biodiversidad-y-oportunidades-de-negocios-en-la-region-lima-provincia-yauyos-san-pedro-de-pilas-san-mateo\/\" >\n\t\t\t\tBiodiversidad y oportunidades de negocios en la regi\u00f3n Lima &#8211; provincia Yauyos &#8211; San Pedro de Pilas, San Mateo\t\t\t<\/a>\n\t\t<\/h3>\n\t\t\t\t<div class=\"elementor-post__excerpt\">\n\t\t\t<p>Estudiantes del IX ciclo:\u00a0Garc\u00eda Ramos, Maryam Cristina \/ Gilio Sanchez,<\/p>\n\t\t<\/div>\n\t\t\t\t\t<a class=\"elementor-post__read-more\" href=\"https:\/\/www.administracion.usmp.edu.pe\/revista-digital-usmp\/entrada_6\/biodiversidad-y-oportunidades-de-negocios-en-la-region-lima-provincia-yauyos-san-pedro-de-pilas-san-mateo\/\" >\n\t\t\t\t\t\t\t<\/a>\n\t\t\t\t<\/div>\n\t\t\t\t<\/article>\n\t\t\t\t<\/div>\n\n\n\t\t\n\t\t\t\t\t\t<\/div>\n\t\t\t\t<\/div>\n\t\t\t\t\t<\/div>\n\t\t<\/div>\n\t\t\t\t\t<\/div>\n\t\t<\/section>\n\t\t\t\t<\/div>\n\t\t","protected":false},"featured_media":0,"parent":0,"menu_order":0,"template":"elementor_header_footer","class_list":["post-3695","revista_6","type-revista_6","status-publish","hentry"],"_links":{"self":[{"href":"https:\/\/www.administracion.usmp.edu.pe\/revista-digital-usmp\/wp-json\/wp\/v2\/revista_6\/3695","targetHints":{"allow":["GET"]}}],"collection":[{"href":"https:\/\/www.administracion.usmp.edu.pe\/revista-digital-usmp\/wp-json\/wp\/v2\/revista_6"}],"about":[{"href":"https:\/\/www.administracion.usmp.edu.pe\/revista-digital-usmp\/wp-json\/wp\/v2\/types\/revista_6"}],"version-history":[{"count":3,"href":"https:\/\/www.administracion.usmp.edu.pe\/revista-digital-usmp\/wp-json\/wp\/v2\/revista_6\/3695\/revisions"}],"predecessor-version":[{"id":3706,"href":"https:\/\/www.administracion.usmp.edu.pe\/revista-digital-usmp\/wp-json\/wp\/v2\/revista_6\/3695\/revisions\/3706"}],"wp:attachment":[{"href":"https:\/\/www.administracion.usmp.edu.pe\/revista-digital-usmp\/wp-json\/wp\/v2\/media?parent=3695"}],"curies":[{"name":"wp","href":"https:\/\/api.w.org\/{rel}","templated":true}]}}