{"id":3392,"date":"2023-12-06T09:33:08","date_gmt":"2023-12-06T14:33:08","guid":{"rendered":"https:\/\/www.administracion.usmp.edu.pe\/revista-digital-usmp\/?p=2585"},"modified":"2024-07-23T19:32:56","modified_gmt":"2024-07-24T00:32:56","slug":"la-pandemia-de-covid-19-y-su-impacto-en-la-biodiversidad-del-peru","status":"publish","type":"entrada_7","link":"https:\/\/www.administracion.usmp.edu.pe\/revista-digital-usmp\/entrada_7\/la-pandemia-de-covid-19-y-su-impacto-en-la-biodiversidad-del-peru\/","title":{"rendered":"La pandemia de COVID-19 y su impacto en la biodiversidad del Per\u00fa"},"content":{"rendered":"\n<p style=\"text-align: justify\">Tutor: Jaime Ra\u00fal Castro Contreras<\/p>\n<p style=\"text-align: justify\">Autores<strong>: <\/strong>Alvarado Paredes, Mindy; Bonilla Arias, Rodrigo Alonzo; Carri\u00f3n Arias, Alessandro; Sequeiros Palacios, Dana y Villalta Soto, Brenda<\/p>\n<p>\u00a0<\/p>\n<h6 style=\"text-align: justify\"><strong>INTRODUCCI\u00d3N<\/strong><\/h6>\n<p style=\"text-align: justify\">En noviembre de 2019, surgi\u00f3 una nueva enfermedad denominada COVID-19, causada por el virus SARS-CoV-2, desencadenando una pandemia de alcance global. La enfermedad se origin\u00f3 en la ciudad de Wuhan, provincia de Hubei, China, y r\u00e1pidamente se propag\u00f3 por todo el mundo, lo que llev\u00f3 a la declaraci\u00f3n oficial de la pandemia por parte de la Organizaci\u00f3n Mundial de la Salud (OMS) el 11 de marzo de 2020.<\/p>\n<p style=\"text-align: justify\">En el caso de Per\u00fa, el primer diagn\u00f3stico positivo de COVID-19 se confirm\u00f3 el 6 de marzo de 2020, y apenas cinco d\u00edas despu\u00e9s, el gobierno peruano declar\u00f3 una emergencia sanitaria con una duraci\u00f3n de 90 d\u00edas. En respuesta a la situaci\u00f3n, se tomaron medidas como la suspensi\u00f3n de las actividades escolares hasta el 30 de marzo, seg\u00fan lo establecido en el Decreto Supremo N\u00ba 044-2020-PCM del a\u00f1o 2020. Asimismo, el 12 de marzo de 2020, se aplic\u00f3 una medida similar a la educaci\u00f3n superior mediante el Decreto Supremo N\u00b0008-2020-SA 2020.El 15 de marzo, se implement\u00f3 un aislamiento obligatorio en todo el pa\u00eds, tambi\u00e9n conocido como cuarentena, a trav\u00e9s del Decreto Supremo N\u00b0044-2020-PCM.<\/p>\n<p style=\"text-align: justify\">Adem\u00e1s, se suspendieron las actividades econ\u00f3micas no esenciales por un per\u00edodo de dos semanas. Posteriormente, se introdujeron una serie de medidas que extendieron el per\u00edodo de confinamiento y limitaron la capacidad en espacios p\u00fablicos, hasta el 30 de junio de 2020 se prolong\u00f3 esta situaci\u00f3n.<\/p>\n<p style=\"text-align: justify\">El COVID-19 y las estrategias implementadas para combatirlo tienen impactos inmediatos que podr\u00edan acarrear consecuencias significativas a largo plazo en los \u00e1mbitos econ\u00f3mico y social, con efectos que tambi\u00e9n repercuten en el entorno ambiental y la gesti\u00f3n de los recursos naturales en la regi\u00f3n. Las repercusiones inmediatas de la pandemia y de las medidas adoptadas para su control se manifiestan en la marcada disminuci\u00f3n de la actividad econ\u00f3mica y el aumento en las tasas de desempleo, lo que a su vez influye en las condiciones sociales y la incidencia de la pobreza.<\/p>\n<p style=\"text-align: justify\">Por otro lado, el objetivo es conocer las consecuencias en t\u00e9rminos ambientales, aunque menos predecibles, son de igual importancia para el avance de un desarrollo sostenible en el pa\u00eds, y se relacionan con el cumplimiento de los Objetivos de Desarrollo Sostenible (ODS) y las m\u00faltiples interconexiones entre los objetivos de naturaleza social, econ\u00f3mica y medioambiental. En este art\u00edculo, exploramos los posibles impactos de la pandemia en aspectos como el contexto nacional, la amenaza a la diversidad biol\u00f3gica, hallazgos, perdida de la biodiversidad, generaci\u00f3n de enfermedades y otras dimensiones ambientales relevantes en Per\u00fa.<\/p>\n<p style=\"text-align: justify\">Cabe resaltar que, la elaboraci\u00f3n fue compleja, debido a la dificultad para relacionar las fuentes y autores con el tema a investigar, por ello se necesit\u00f3 ser rigurosos al momento de redactar.<\/p>\n<ol style=\"text-align: justify\">\n<li>\n<h6><strong>Contexto nacional de la pandemia del Covid-19<\/strong><\/h6>\n<\/li>\n<\/ol>\n<p style=\"text-align: justify\">El a\u00f1o 2020 se caracteriz\u00f3 por haber sido golpeado por una crisis sanitaria y econ\u00f3mica a causa del COVID-19, donde diferentes entidades del \u00e1rea cient\u00edfica y de comunicaci\u00f3n, advirtieron sobre el nuevo virus, poseedor de la capacidad de provocar una pandemia y generar estragos devastadores a nivel internacional. La pandemia ha generado un gran impacto a la econom\u00eda peruana debido a las medidas de confinamiento estrictas y prolongadas que han sido decretadas por el Gobierno, ante la preocupaci\u00f3n por la incapacidad de respuesta hospitalaria ante el posible aumento de contagios de COVID-19.<\/p>\n<p style=\"text-align: justify\">Los cient\u00edficos y diversos expertos declararon que las naciones del mundo no se encontraban lo suficientemente preparadas ante la situaci\u00f3n generada por la pandemia, donde se vio reflejado por el registro de cifras alarmantes de contagios y de muertes cuyo impacto se extendi\u00f3 a nivel tanto social como econ\u00f3mico en primera instancia. No obstante, los medios de comunicaci\u00f3n estaban enfocados en abordar dicha problem\u00e1tica en la capital descuidando la degradaci\u00f3n de la naturaleza y biodiversidad que se estaba produciendo en las regiones del pa\u00eds tales como la Amazon\u00eda, Madre de Dios con la deforestaci\u00f3n y miner\u00eda ilegal, la caza de la fauna se presenci\u00f3 en Ancash, Ayacucho, y la pesca en Iquitos y Pucallpa.<\/p>\n<ol style=\"text-align: justify\" start=\"2\">\n<li>\n<h6><strong>Amenaza a la diversidad biol\u00f3gica<\/strong><\/h6>\n<\/li>\n<\/ol>\n<p style=\"text-align: justify\">Seg\u00fan el informe elaborado por Marc Dourojeanni profesor Em\u00e9rito de la Universidad Agraria La Molina en el a\u00f1o 2020 y titulado \u201cImpactos ambientales de la pandemia en el Per\u00fa\u201d expresa:<\/p>\n<p style=\"text-align: justify\">Los principales impactos ya constatados incluyen incremento de la deforestaci\u00f3n con fines de expansi\u00f3n agropecuaria y, asimismo, por acci\u00f3n de la miner\u00eda ilegal; aumento de la extracci\u00f3n ilegal de madera, caza de especies en riesgo de extinci\u00f3n tanto para consumo como para tr\u00e1fico de espec\u00edmenes valiosos, invasi\u00f3n de \u00e1reas naturales protegidas y en especial, de tierras de comunidades ind\u00edgenas; aumento de ciertas formas de contaminaci\u00f3n, como por mercurio as\u00ed como por arrojo descontrolado de residuos de todo tipo; pesca abusiva y sin control tanto en el mar como los r\u00edos (&#8230;) La pandemia no ha detenido a los campesinos informales que invaden bosques naturales para hacer agricultura de tipo familiar (la mayor\u00eda) ni, mucho menos, a los propietarios que aprovechan la situaci\u00f3n para expandir el \u00e1rea dedicada a la producci\u00f3n de caf\u00e9, cacao, palma y otros cultivos de tipo industrial u, obviamente, a los que hacen plantaciones ilegales como coca, marihuana y amapola.<\/p>\n<p style=\"text-align: justify\">A pesar de la pandemia generado por el Covid 19 y que en la capital de Lima, las medidas impuestas para controlar la pandemia generaron efectos positivos tales como el aire m\u00e1s limpio, la reducci\u00f3n del ruido por el decrecimiento del parque automotor, dicho panorama se ha visto contrastado con las \u00e1reas rurales alejadas de los centros urbanos, donde la pandemia y falta de control, supusieron la oportunidad para el desarrollo de actividades ilegales no solo en el Per\u00fa, sino en pa\u00edses cercanos al continente sudamericano. Se ha registrado la invasi\u00f3n de bosques naturales, la expansi\u00f3n de la deforestaci\u00f3n y tala ilegal para la apertura de caminos forestales para la extracci\u00f3n de madera, el aumento de caza como abastecimiento del tr\u00e1fico internacional de especies de inter\u00e9s comercial y finalmente, el repunte de la miner\u00eda ilegal, representan algunas de las repercusiones de la falta de control estatal en las regiones del pa\u00eds.<\/p>\n<p style=\"text-align: justify\">La pandemia generada por el Covid 19 ha facultado la realizaci\u00f3n de las presentes actividades y una mayor libertad para su actuaci\u00f3n, donde gran parte se desarrolla en las regiones del pa\u00eds, donde el control estatal no se hace presente en las \u00e1reas naturales protegidas y tierras ind\u00edgenas. Asimismo, el autor expresa que:<\/p>\n<p style=\"text-align: justify\">la expansi\u00f3n de la deforestaci\u00f3n viene asociada con el aumento de caminos forestales que penetran en los bosques para la extracci\u00f3n de madera. Aunque el control de la saca de madera por las autoridades forestales es siempre muy limitado, ahora es inexistente, brindando condiciones ideales para los madereros. Esa forma de explotaci\u00f3n forestal es una de las principales causas de la degradaci\u00f3n forestal. La miner\u00eda ilegal ha encontrado una oportunidad sin par con la pandemia y se ha expandido en todas partes. Por ejemplo, en Madre de Dios, ha continuado sin alteraci\u00f3n donde antes ocurr\u00eda y ha invadido \u00e1reas nuevas, no lejos de los l\u00edmites de la Reserva Nacional Tambopata. (\u2026) se aprovecha de la situaci\u00f3n para la caza con fines de abastecer el tr\u00e1fico internacional de especies de inter\u00e9s comercial, actividad que suele ir de la mano con el narcotr\u00e1fico. En mayo se registr\u00f3 la matanza de unas 200 vicu\u00f1as en el sur de Ayacucho, apenas para beneficiar las pieles o la lana, dejando las carcasas en el campo. Otro caso se registr\u00f3 en Puerto Culebras, en \u00c1ncash, donde las autoridades encontraron, tambi\u00e9n en mayo, 450 ejemplares de aves guaneras de las especies chuita y guanay sacrificados aparentemente para su uso como alimento.<\/p>\n<p style=\"text-align: justify\">Las presentes declaraciones del autor expresan como la pandemia no ha detenido a los campesinos informales que invaden bosques naturales para hacer agricultura de tipo familiar ni, mucho menos, a los propietarios que aprovechan la situaci\u00f3n para expandir el \u00e1rea dedicada a la producci\u00f3n de caf\u00e9, cacao, ni a las plantaciones ilegales como de marihuana.<\/p>\n<p style=\"text-align: justify\">Otro caso emblem\u00e1tico que expresa el autor en menci\u00f3n es acerca de:<\/p>\n<p style=\"text-align: justify\">Lo que se registra con la fauna silvestre ocurre, en proporciones tal vez m\u00e1s graves, con la pesca tanto marina como en r\u00edos y cochas amaz\u00f3nicas. Por ejemplo, mientras que los pescadores artesanales de la Costa han sufrido mucho, por restricciones impuestas a la actividad y por reducci\u00f3n de la demanda por sus productos, se habr\u00eda registrado el ingreso pr\u00e1cticamente sin control de una flota pesquera china, especializada en la captura de potas, o calamares gigantes. Y no debe ser el \u00fanico caso. Pero, la reducci\u00f3n del control municipal, pesquero y forestal en los mercados populares de ciudades como Iquitos y Pucallpa ha permitido un incremento en la venta de productos de fauna ilegales, bien sea por ser especies prohibidas o, en el caso del pescado, por no tener el tama\u00f1o m\u00ednimo permitido.<\/p>\n<p style=\"text-align: justify\">La presente declaraci\u00f3n hace alusi\u00f3n a que la biodiversidad ictiol\u00f3gica tambi\u00e9n se ha visto afectada por la falta de control generada por la pandemia, donde se debe poner en relieve el efecto protector de la biodiversidad para lograr ambientes saludables, conservando los ambientes naturales, las especies y los procesos ecol\u00f3gicos. Seg\u00fan el bolet\u00edn elaborado por Mor\u00e1n en el a\u00f1o 2021, se\u00f1ala como a pesar de que la deforestaci\u00f3n en Per\u00fa en el periodo se ha reducido entre el 15 de marzo y el 15 de abril, despu\u00e9s de esta fecha se increment\u00f3 sobrepasando los niveles observados en el mismo periodo en el 2018. La deforestaci\u00f3n contin\u00faa sin detenerse; incluso la pandemia de COVID-19 no ha logrado detener su avance, ya que quienes invaden la tierra no han respetado las medidas de cuarentena. La actividad ilegal en la selva amaz\u00f3nica, como la usurpaci\u00f3n de terrenos o la tala de \u00e1rboles para la venta de madera, surge como resultado de la falta de oportunidades disponibles en la regi\u00f3n.<\/p>\n<p style=\"text-align: justify\">En resumen, el texto resalta la gravedad de la deforestaci\u00f3n en Per\u00fa y sus ra\u00edces socioecon\u00f3micas, no solo debido a la destrucci\u00f3n de los ecosistemas cruciales que generan servicios esenciales, sino tambi\u00e9n porque eliminan posibles recursos derivados del bosque. La situaci\u00f3n subraya la urgente necesidad de abordar tanto las causas socioecon\u00f3micas como las ambientales de la deforestaci\u00f3n en Per\u00fa, antes de que los impactos negativos sean irreversibles.<\/p>\n<ol style=\"text-align: justify\" start=\"3\">\n<li>\n<h6><strong>Hallazgos detectados<\/strong><\/h6>\n<\/li>\n<\/ol>\n<p style=\"text-align: justify\">El autor Samam\u00e9 expres\u00f3 en el a\u00f1o 2023 que la deforestaci\u00f3n en el Per\u00fa en los \u00faltimos periodos anuales correspondi\u00f3 a 7,8 millones de hect\u00e1reas del bosque amaz\u00f3nico, concentr\u00e1ndose en Jun\u00edn, San Mart\u00edn, Ucayali, Hu\u00e1nuco, Pasco y Madre de Dios con aproximaci\u00f3n a la carretera interoce\u00e1nica Sur.\u00a0 Cabe mencionar que, la destrucci\u00f3n de las zonas boscosas se produce por la actividad agropecuaria de peque\u00f1a escala que opta por quemar parcelas menores de cinco hect\u00e1reas e instalar pastizales y cultivos comerciales. No cabe duda de que estas son algunas de las \u00e1reas geogr\u00e1ficas m\u00e1s afectadas y las actividades responsables de este problema ambiental. Es esencial que el gobierno peruano y las partes interesadas trabajen juntos para implementar pol\u00edticas y pr\u00e1cticas que promuevan la conservaci\u00f3n de los bosques y la agricultura sostenible. La educaci\u00f3n ambiental y la conciencia p\u00fablica tambi\u00e9n son fundamentales para abordar este desaf\u00edo. La preservaci\u00f3n de estos recursos naturales es crucial para el bienestar a largo plazo del pa\u00eds y del planeta en general.<\/p>\n<p style=\"text-align: justify\">Seg\u00fan la explicaci\u00f3n de Samam\u00e9 en el a\u00f1o 2023 la deforestaci\u00f3n en el Per\u00fa en los \u00faltimos periodos anuales correspondi\u00f3 a 7,8 millones de hect\u00e1reas del bosque amaz\u00f3nico, concentr\u00e1ndose en Jun\u00edn, San Mart\u00edn, Ucayali, Hu\u00e1nuco, Pasco y Madre de Dios con aproximaci\u00f3n a la carretera interoce\u00e1nica Sur.\u00a0 Cabe mencionar que, la destrucci\u00f3n de las zonas boscosas se produce por la actividad agropecuaria de peque\u00f1a escala que opta por quemar parcelas menores de cinco hect\u00e1reas e instalar pastizales y cultivos comerciales. No cabe duda de que estas son algunas de las \u00e1reas geogr\u00e1ficas m\u00e1s afectadas y las actividades responsables de este problema ambiental. Es esencial que el gobierno peruano y las partes interesadas trabajen juntos para implementar pol\u00edticas y pr\u00e1cticas que promuevan la conservaci\u00f3n de los bosques y la agricultura sostenible. La educaci\u00f3n ambiental y la conciencia p\u00fablica tambi\u00e9n son fundamentales para abordar este desaf\u00edo. La preservaci\u00f3n de estos recursos naturales es crucial para el bienestar a largo plazo del pa\u00eds y del planeta en general.<\/p>\n<ol style=\"text-align: justify\" start=\"4\">\n<li>\n<h6><strong>Relaci\u00f3n de la p\u00e9rdida de la biodiversidad con la generaci\u00f3n de enfermedades<\/strong><\/h6>\n<\/li>\n<\/ol>\n<p style=\"text-align: justify\">Seg\u00fan el estudio cient\u00edfico elaborado por la autora Mar\u00eda del Carmen Niebla en el a\u00f1o 2021 acerca del cambio clim\u00e1tico y la pandemia del Covid-19, refiere:<\/p>\n<p style=\"text-align: justify\">El cambio clim\u00e1tico y las acciones que el ser humano realiza en contra del equilibrio en la naturaleza son una grave amenaza para el planeta y, sin embargo, parece ser que la pandemia de COVID-19 ha hecho que olvidemos la estrecha relaci\u00f3n que existe entre ambas situaciones. En los \u00faltimos meses hemos reaccionado m\u00e1s a la pandemia que a esta emergencia clim\u00e1tica, sin saber de la estrecha relaci\u00f3n que ambas tienen. No debemos olvidar una amenaza para combatir a la otra, van de la mano y est\u00e1n \u00edntimamente unidas. La p\u00e9rdida de biodiversidad act\u00faa como catalizador para la expansi\u00f3n del virus y enfermedades infecciosas. Si disminuimos esta biodiversidad y destruimos ecosistemas, facilitamos que dichos virus pasen al ser humano. Hemos olvidado que la biodiversidad funciona como un escudo protector, ya que muchas especies act\u00faan como hu\u00e9spedes de virus y pat\u00f3genos que tal vez ni siquiera hemos detectado el d\u00eda de hoy.<\/p>\n<p style=\"text-align: justify\">En base a la expresi\u00f3n de la autora, pone en relieve la estrecha relaci\u00f3n que mantiene la p\u00e9rdida de la biodiversidad con la propagaci\u00f3n de enfermedades y virus infecciosos que imposibilitan su control y generando con ello su expansi\u00f3n mundial. Las entidades gubernamentales deben tomar con mayor importancia y mostrar su preocupaci\u00f3n por el deterioro de los ecosistemas, el cual da origen a pandemias como el coronavirus, el cual constituye y forma parte de la historia como uno de los mayores momentos de autodestrucci\u00f3n que se ha generado en la especie humana.<\/p>\n<p style=\"text-align: justify\">El art\u00edculo elaborado por la Organizaci\u00f3n de Naciones Unidas titulado \u201cBiodiversidad y coronavirus\u201d expresa lo siguiente:<\/p>\n<p style=\"text-align: justify\">La aparici\u00f3n de la COVID-19 ha puesto en evidencia que cuando destruimos la biodiversidad destruimos el sistema que sustenta la vida humana. Cuanto m\u00e1s biodiverso es un ecosistema, m\u00e1s dif\u00edcil es que un pat\u00f3geno se propague r\u00e1pidamente o domine. La p\u00e9rdida de biodiversidad brinda la oportunidad de que los pat\u00f3genos pasen entre los animales y las personas. La deforestaci\u00f3n, la invasi\u00f3n de h\u00e1bitats de vida silvestre, la agricultura intensiva y la aceleraci\u00f3n del cambio clim\u00e1tico han alterado el delicado equilibrio de la naturaleza. Hemos cambiado el sistema que naturalmente nos proteger\u00eda y hemos creado condiciones que permiten la propagaci\u00f3n de pat\u00f3genos, incluidos los coronavirus.<\/p>\n<p style=\"text-align: justify\">La organizaci\u00f3n internacional mediante su informe pone de manifiesto sobre como la acci\u00f3n humana a trav\u00e9s de su historia y a su vez, el incremento exponencial de las econom\u00edas ha provocado que las especies se encuentre en v\u00edas de extinci\u00f3n generando la propagaci\u00f3n de enfermedades incontrolables. Surge con ello la necesidad de reinventar y reconstruir a la naturaleza con medidas para prevenir el impacto de las actividades humanas contaminantes y tomar m\u00e1s conciencia y atenci\u00f3n a las tomas de decisiones con respecto a la naturaleza.<\/p>\n<p style=\"text-align: justify\">Seg\u00fan manifiesta Lacy, M, en el a\u00f1o 2021 sostiene que la amenaza a la diversidad biol\u00f3gica de especies invasoras genera problemas de p\u00e9rdida de fauna o flora local por la agresividad de su explotaci\u00f3n sin tener controles biol\u00f3gicos adecuados. Cuando se invaden ecosistemas sin el manejo sustentable de los mares, praderas, bosques y selvas, as\u00ed como de manglares, r\u00edos y lagos, es cuando hay brotes infecciosos, porque se genera el desequilibrio entre los depredadores y sus presas. Es decir, las especies invasoras representan una de las mayores amenazas para la diversidad biol\u00f3gica en todo el mundo. Estas son especies que se introducen en ecosistemas fuera de su distribuci\u00f3n natural y tienen un impacto negativo en la biodiversidad, los ecosistemas y, en algunos casos, tambi\u00e9n en la econom\u00eda y la salud humana.<\/p>\n<p style=\"text-align: justify\">La infograf\u00eda realizada por la autora Andrea Bustamante refiere que la deforestaci\u00f3n en los bosques tropicales, los cuales albergan la mayor biodiversidad terrestre del planeta con especies de fauna silvestre, genera el desplazamiento de su h\u00e1bitat, y con ello que se provoque el contacto con otros animales y personas, facultando su exposici\u00f3n a nuevas enfermedades. La explicaci\u00f3n muestra dos escenarios, donde por un lado, se encuentra a la especie amenazada, cuya extinci\u00f3n es provocada por la p\u00e9rdida de sus ecosistemas forestales, y por otra parte se muestra aquella especie de fauna silvestre que sobrevive, sin embargo es m\u00e1s propensas a albergar pat\u00f3genos potencialmente peligrosos que son transmisible para el ser humano; esto es explicado dado que muchos microorganismos, como los virus, conviven de manera inofensiva con otros animales del bosque, dado que se han adaptado y evolucionado juntos. Cabe destacar que los presentes microorganismos pueden tornarse nocivos al entrar en contacto con especies nuevas que pueden infectar, como el ser humano y animales domesticados, porque al constituirse de un pat\u00f3geno nuevo, todav\u00eda no se ha desarrollado la inmunidad necesaria para contrarrestarlo.<\/p>\n<p style=\"text-align: justify\">Se infiere acerca del estrecho v\u00ednculo entre la deforestaci\u00f3n de los bosques y dem\u00e1s actividades que atentan contra la naturaleza y el mayor riesgo de la transmisi\u00f3n de enfermedades infecciosas de parte de otros animales a las personas, explicado por que a medida que la actividad humana no sostenible impacta en la p\u00e9rdida de ecosistemas y biodiversidad, tambi\u00e9n aumenta el riesgo de futuras pandemias como la del COVID-19 cuyo origen se determin\u00f3 en la provincia de Hubei ubicada en Wuhan, China, siendo el epicentro de un brote de neumon\u00eda cuyos contagiados fueron vinculados epidemiol\u00f3gicamente a un mercado mayorista que comercializaba animales vivos ex\u00f3ticos como culebras, civetas, pangolines y murci\u00e9lagos y donde las deficientes medidas de bioseguridad, propiciaron que el virus se perpetrara entre animales y desde animales a humanos mediante el contagio indirecto conocida con el t\u00e9rmino de zoonosis.<\/p>\n<ol style=\"text-align: justify\" start=\"5\">\n<li>\n<h6><strong>Importancia de la conservaci\u00f3n de la biodiversidad como parte de la salud humana<\/strong><\/h6>\n<\/li>\n<\/ol>\n<p style=\"text-align: justify\">Con el avance del tiempo, es inevitable de surgimiento y desarrollo de nuevas enfermedades que atentan con la salud humana, y parte de las enfermedades que afectan al hombre son enfermedades zoon\u00f3ticas, es decir, grupos de enfermedades determinadas que son transmitidos a trav\u00e9s de agentes animales, generando de este modo una alerta y precauci\u00f3n ante los cambios involucrados en la vida silvestre. Respecto a ello, Giacchino, A., et all. (2021) informa que, tanto la pandemia del COVID-19 como otras pandemias precedentes han sido originadas por agentes zoon\u00f3ticos, desde la edad media con la peste bub\u00f3nica en reservorios de roedores quienes almacenaban la bacteria \u201cYersinia Pestis\u201d, siendo gran causante de la extinci\u00f3n de la poblaci\u00f3n europea tom\u00e1ndolo como un ejemplo claro, y que, a d\u00eda de hoy, aproximadamente el 61% de pat\u00f3genos que atentan contra el hombre son zoon\u00f3ticos. Dada la perspectiva de los autores, adem\u00e1s de las diversas investigaciones que lo sostienen, se puede inferir que las enfermedades m\u00e1s nefastas se transmiten a trav\u00e9s de los animales y afectan al cuerpo del hombre, tomando en cuenta la naturaleza biol\u00f3gica y su entorno como medio para el efecto en el hombre. Infiriendo de esta manera que, la vida animal juega un papel importante en el medio ambiente, albergando enfermedades que pueden afectar la salud humana, y estas mencionadas son generadas a trav\u00e9s de los da\u00f1os humanos, siendo el hombre parte fundamental de la gesti\u00f3n de su propia vida como del entorno, interactuando y propiciando riesgos para su salud si no se brinda los requerimientos necesarios para la calidad de las dem\u00e1s formas de vida y sus ecosistemas que se encuentran en peligro tras la explotaci\u00f3n de recursos naturales.<\/p>\n<p style=\"text-align: justify\">Asimismo, se sostiene la idea de la transmisi\u00f3n de enfermedades pand\u00e9micas a causa de la atentaci\u00f3n del ser humano sobre su ambiente, denotando que el hombre ya posee una experiencia relevante frente a estos acontecimientos impulsados, en parte, por su propia mano, en conjunto con la misma naturaleza de los microrganismos, donde Giacchino, A., et all. (2021) hace referencia a otras enfermedades transmitidas por la degradaci\u00f3n ambiental como la fiebre de Lassa, la fiebre hemorr\u00e1gica de Crimea-Congo, el virus Zika, distintos s\u00edndromes respiratorios, entre otros, que se especifica fueron causadas por el desequilibrio de la biodiversidad, dat\u00e1ndose como antecedentes que brindan informaci\u00f3n hist\u00f3rica y conciencia sobre nuestra actividad sobre en comunidad.\u00a0 En base a ello, las enfermedades que han desencadenado pandemias en el pasado, han sido tomadas de referencias, siendo una constante la intervenci\u00f3n del medio ambiente y la factibilidad de contagio a trav\u00e9s de este, requiriendo medidas m\u00e1s avanzadas y la manipulaci\u00f3n respecto a la interacci\u00f3n colectiva. Siendo evidente la objetividad de los autores por divulgar la informaci\u00f3n para no cometer los mismos errores y en caso extremo, tomar un referente para minimizar el impacto de las pandemias futuras, detallando preparaci\u00f3n y planificaci\u00f3n de riesgos, no obstante, no cabe duda de que parte fundamental de sus investigaciones fueron los or\u00edgenes de las enfermedades pand\u00e9micas, concluyendo con la protecci\u00f3n de la biodiversidad para el control de las mismas.<\/p>\n<p style=\"text-align: justify\">Tomando en cuenta que, fuera del gran impacto que pueda generar una epidemia o pandemia, el riesgo sigue latente en el sector medioambiental, puesto que la salud humana se ha visto gravemente afectada por enfermedades altamente mortales y contagiosas, pero, tras la vivencia de tal magnitud, no se considera relevante aquellos indicadores de enfermedades que figuran un peligro a largo plazo dada la tecnolog\u00eda moderna para contrarrestarlos, pero que prevalecen en la problem\u00e1tica y da\u00f1an la vida lentamente. En palabras de Giacchino, A., et all. (2021) nos dice que, se ha estimado que el 25% de las enfermedades que pueden ser actualmente prevenidas son efectos de una baja calidad del ambiente, proponiendo que la pandemia del COVID-19 forma parte de esta crisis ambiental y que la proyecci\u00f3n que se tiene sobre la demanda de recursos biol\u00f3gicos es cr\u00edtica y desenfrenada, demostrando que la capacidad regeneradora de la tierra es insuficiente y excede un 30% de esta, teorizando la necesidad de una fuente de recursos biol\u00f3gicos que iguale la capacidad del planeta para soportar el estilo de vida actual de la humanidad. Estudios determinan que el constante abuso de los recursos proyecta al planeta a una crisis futura, afectando la regeneraci\u00f3n de los recursos naturales los cuales se ven afectados y, con relaci\u00f3n a ello, el impacto causado por la obtenci\u00f3n de recursos impulsa las enfermedades anteriormente mencionadas en referencia a la vida animal y por sus ecosistemas que el ser humano atenta. Siendo el caso, Se esclarece la falta de responsabilidad humana en su af\u00e1n de la explotaci\u00f3n de recursos, parte de un gran nivel se consumismo global y desregularizaci\u00f3n o control de extracci\u00f3n de los elementos de la naturaleza, encaminando a la humanidad y al planeta aceleradamente a su inminente extinci\u00f3n.<\/p>\n<p style=\"text-align: justify\">Apuntando a los beneficios de la biodiversidad, existe gran diversidad de recursos medicinales que act\u00faan contra las enfermedades que afectan a la salud humana, en este sentido, la humanidad ha hallado un medio por el cual puede aprovechar la biodiversidad para su supervivencia, sin embargo, el desconocimiento del ser humano asocia un cuidado general a plantas que poseen necesidades espec\u00edficas para sus propiedades, siendo la falta de informaci\u00f3n un punto esencial para la extinci\u00f3n de sus recursos. Sarauz (2021) Sugiere que la informaci\u00f3n de comunidades tradicionales y las pr\u00e1cticas ancestrales poseen un fuerte v\u00ednculo entre la relaci\u00f3n espiritual del hombre con la naturaleza, aplicando la biodiversidad como integraci\u00f3n de la salud humana a trav\u00e9s de la medicina, concretando pr\u00e1cticas del cuidado del medio ambiente para el uso de la humanidad. Comprendiendo en tal contexto que, el desarrollo de la medicina incluye los saberes del pasado como el desempe\u00f1o de los sectores ind\u00edgenas con unos conocimientos rurales de la medicina, permitiendo una mayor conexi\u00f3n para la biodiversidad y preservaci\u00f3n de recursos a trav\u00e9s de las necesidades de las pr\u00e1cticas que se demanda para su salud. Precisando en los conocimientos ancestrales que pose\u00edan un mayor v\u00ednculo al entorno natural en comparaci\u00f3n al ser humano actual que depende de la tecnolog\u00eda e industria, el estilo de vida rural y semejantes poseen el conocimiento necesario para la preservaci\u00f3n de los recursos medicinales de manera tradicional, enfocando un medio de sostenibilidad alternativo que contribuye al crecimiento de la biodiversidad y la medicina humana.<\/p>\n<p style=\"text-align: justify\">Por otro lado, los actores del reino animalia tambi\u00e9n se ven involucrados como parte de las ramas de la medicina, as\u00ed como tambi\u00e9n el desarrollo de la informaci\u00f3n y especiales problem\u00e1ticas de investigaci\u00f3n, a fin de contribuir con el conocimiento y el desarrollo. Ayala et all. (2022) afirma que, los ecosistemas tropicales de la regi\u00f3n andina y la regi\u00f3n amaz\u00f3nica del Per\u00fa poseen un gran potencial biodiverso, observando un bajo nivel investigativo y hallando un vac\u00edo informativo sobre los mosquitos en el pa\u00eds, planteando una investigaci\u00f3n documentada de entomolog\u00eda que establece la relaci\u00f3n de especies de importancia m\u00e9dica y su v\u00ednculo con el ciclo epidemi\u00f3logo de determinadas enfermedades metax\u00e9nicas, resultando en una investigaci\u00f3n sostenida que, la diversidad de mosquitos presente en el Per\u00fa tiene una escasa probabilidad de generar problemas en la salud humana, exceptuando especies del g\u00e9nero Anopheles y Culex, y dejando de lado una basta y enriquecedora diversidad en bosques amaz\u00f3nicos y valles interandinos. En otras palabras, el nivel investigativo en el Per\u00fa es deficiente o poco desarrollada, teniendo una basta diversidad por la cual explorar e informaci\u00f3n por actualizar, descartando creencias expresando algunos agentes clave como fuentes de enfermedades, como tambi\u00e9n agentes de transmisi\u00f3n, nulidad o que proveen medios de recuperaci\u00f3n. Si bien existen muchos factores por los cuales la principal transmisi\u00f3n de enfermedades humanas es por la zoonosis, es necesario identificar las causas y modos de prevenci\u00f3n y curaci\u00f3n, propiedades clave que estudia la medicina en cuesti\u00f3n y que permite entender las causas y efectos para dar una explicaci\u00f3n sostenible para el desarrollo de la salud en general.<\/p>\n<p style=\"text-align: justify\">Dadas las complejidades anteriormente indicadas junto a las evidentes deficiencias en la calidad de vida del hombre, las instituciones se mantienen al margen del desarrollo sostenible y est\u00e1n empezando a tomar conciencia de los efectos que conlleva su nulo control, por tal motivo, el mundo est\u00e1 tomando medidas de prevenci\u00f3n y calculando la eficiencia y eficacia de cada una de estas. Vilca et. All (2021) expresa que, Las medidas para sobreponerse a tales adversidades ambientales requieren bases estrat\u00e9gicas de car\u00e1cter interdisciplinario y multisectorial, precisando \u00e1reas como la salud humana, los seres vivos que lo rodean y sus exosistemas, junto a la producci\u00f3n agr\u00edcola, animal y cambios ambientales que puedan afectarlos. Se debe establecer un plan con todos los agentes que intervienen para detectar causas y efectos, as\u00ed como tambi\u00e9n los diversos sectores que finalmente desembocan en la salud humana, incluyendo los efectos en animales debido a las principales enfermedades por zoonosis. Concluyendo en palabras precisas que, la estructuraci\u00f3n para generar un plan de contingencia requiere detectar a todos los stekeholders del medio ambiente y abarcar una gran cantidad de arias, adem\u00e1s de priorizar aquellas que pueden verse m\u00e1s afectadas a fin de cubrir todos los riesgos a futuro.<\/p>\n<p style=\"text-align: justify\">En base a ello, organizaciones mundiales ya est\u00e1n ejecutando operaciones para contribuir con los objetivos del desarrollo sostenible, encaminando a la mejora continua y datando de manera p\u00fablica de libre informaci\u00f3n, la difusi\u00f3n de la problem\u00e1tica actual para tomar conciencia y poner acci\u00f3n en el presente para preservar la biodiversidad que ofrece cada uno de los pa\u00edses que conforman el comercio globalizado. En los reportes de Vilca et al. (2021) se informa que, dentro de los planes de la OMS, se propusieron cerca de 500 acciones junto a otras organizaciones con el objetivo salvar vidas por medio de la\u00a0 minimizaci\u00f3n de las enfermedades originadas a ra\u00edz de factores ambientales, difundiendo pr\u00e1cticas para la creaci\u00f3n de entornos saludables y prevenci\u00f3n de enfermedades; con ayuda de responsables pol\u00edticos y agencias internacionales, se busca cuidar la salud y el medio ambiente entre los actores involucrados. Como referencia del desarrollo global, existen entidades que se centran en el desarrollo sostenible, principalmente para el contexto del desarrollo de la humanidad y su disposici\u00f3n de supervivencia, asimismo, contrarrestar la despoblaci\u00f3n a causa de estas enfermedades y la creaci\u00f3n de un entorno saludable en general. Para finalizar, la creaci\u00f3n de conciencia el establecimiento de medidas para el desarrollo de la salud es esenciales para cumplir los objetivos de desarrollo, resaltando una fuerte disposici\u00f3n ante la integraci\u00f3n y educaci\u00f3n de la sociedad, puesto que, depende de todos los seres vivos tambi\u00e9n contribuir la preservaci\u00f3n y control de estos recursos que nos permiten coexistir en armon\u00eda.<\/p>\n<h6 style=\"text-align: justify\"><strong>CONCLUSIONES<\/strong><\/h6>\n<p style=\"text-align: justify\">La pandemia del COVID-19 tuvo un impacto significativo en la biodiversidad del Per\u00fa, con efectos tanto positivos como negativos. La disminuci\u00f3n de actividades humanas, como el turismo y la construcci\u00f3n, permiti\u00f3 a algunos ecosistemas recuperarse temporalmente, pero esto se vio opacado por el incremento de la caza furtiva, la tala ilegal, la deforestaci\u00f3n entre otras actividades ilegales.<\/p>\n<p style=\"text-align: justify\">La pandemia resalt\u00f3 la importancia de contar con pol\u00edticas y regulaciones ambientales s\u00f3lidas y efectivas. Para proteger la biodiversidad, es esencial promulgar medidas que equilibren la conservaci\u00f3n con el desarrollo sostenible.<\/p>\n<p style=\"text-align: justify\">La pandemia tambi\u00e9n subray\u00f3 la necesidad de una mayor colaboraci\u00f3n entre los gobiernos, las organizaciones de conservaci\u00f3n y la sociedad en su conjunto. La conciencia p\u00fablica sobre la importancia de la biodiversidad y su relaci\u00f3n con la salud humana es esencial para impulsar la protecci\u00f3n de los ecosistemas.<\/p>\n<p style=\"text-align: justify\">La biodiversidad desempe\u00f1a un papel fundamental en la adaptaci\u00f3n y resiliencia de las comunidades frente a crisis como la pandemia. Es crucial promover pr\u00e1cticas que fortalezcan la conexi\u00f3n entre las personas y la naturaleza.<\/p>\n<p style=\"text-align: justify\">Se requiere investigaci\u00f3n continua para comprender mejor los efectos a largo plazo de la pandemia en la biodiversidad y desarrollar estrategias efectivas para su conservaci\u00f3n.<\/p>\n<h6 style=\"text-align: justify\"><strong>RECOMENDACIONES<\/strong><\/h6>\n<p style=\"text-align: justify\">Es esencial que las autoridades peruanas refuercen las pol\u00edticas y regulaciones ambientales para garantizar la protecci\u00f3n de la biodiversidad. Esto incluye la aplicaci\u00f3n de leyes que desalienten la caza furtiva, la tala ilegal y otras actividades perjudiciales para los ecosistemas.<\/p>\n<p style=\"text-align: justify\">Fomentar la educaci\u00f3n ambiental en escuelas y comunidades es fundamental. Concienciar a la poblaci\u00f3n sobre la importancia de la biodiversidad y su relaci\u00f3n con la salud humana puede generar un mayor compromiso con su preservaci\u00f3n.<\/p>\n<p style=\"text-align: justify\">La investigaci\u00f3n cient\u00edfica continuada es esencial para comprender mejor el impacto de la pandemia en la biodiversidad y desarrollar estrategias de conservaci\u00f3n efectivas. Se debe otorgar financiamiento y apoyo a investigadores y organizaciones de conservaci\u00f3n.<\/p>\n<p style=\"text-align: justify\">Se deben impulsar pr\u00e1cticas sostenibles en sectores clave, como la agricultura y la silvicultura, para reducir el impacto negativo en los ecosistemas. Esto incluye el fomento de t\u00e9cnicas agr\u00edcolas sostenibles y la gesti\u00f3n forestal responsable.<\/p>\n<p style=\"text-align: justify\">Fomentar la cooperaci\u00f3n internacional en la conservaci\u00f3n de la biodiversidad es crucial. El Per\u00fa puede beneficiarse de acuerdos y colaboraciones con otros pa\u00edses y organizaciones.\u00a0<\/p>\n<p>\u00a0<\/p>\n<h6 style=\"text-align: justify\"><strong>REFERENCIAS<\/strong><\/h6>\n<p style=\"text-align: justify\">Arce, R. (2021). Pandemias, bosques y ciencias forestales. <em>Revista Forestal Del Per\u00fa<\/em>, 36(1), 4-21. <a href=\"https:\/\/doi.org\/10.21704\/rfp.v1i36.1702\">https:\/\/doi.org\/10.21704\/rfp.v1i36.1702<\/a><\/p>\n<p style=\"text-align: justify\">Ashes to life. LA P\u00c9RDIDA DE BIODIVERSIDAD AUMENTA EL RIESGO DE PANDEMIAS <a href=\"https:\/\/www.ashestolife.es\/la-perdida-de-biodiversidad-aumenta-el-riesgo-de-pandemias\/\">https:\/\/www.ashestolife.es\/la-perdida-de-biodiversidad-aumenta-el-riesgo-de-pandemias\/<\/a><\/p>\n<p style=\"text-align: justify\">Ayala, Y., Carrasco-Badajoz, C., Ram\u00edrez, R., y Iannacone, J. (2022). Diversity and distribution of mosquitoes (Diptera: Culicidae) in Peru and their relationship with metaxenic diseases. <em>Revista de la Facultad de Medicina, 70<\/em>(3), 1-17. <a href=\"https:\/\/doi.org\/10.15446\/revfacmed.v70n3.92324\">https:\/\/doi.org\/10.15446\/revfacmed.v70n3.92324<\/a><\/p>\n<p style=\"text-align: justify\">Coaquira Castillo, R. (2022). <em>El impacto de la pandemia por Covid-19 en la emisi\u00f3n de gases de efecto invernadero en el Sistema El\u00e9ctrico Interconectado Nacional Per\u00fa 2019-2021.<\/em> (Tesis para obtener el grado de doctor. Universidad Andina del Cusco, Cusco. <a href=\"https:\/\/repositorio.uandina.edu.pe\/bitstream\/handle\/20.500.12557\/5284\/Roger_Tesis_doctor_2022.pdf?sequence=1&amp;isAllowed=y\">https:\/\/repositorio.uandina.edu.pe\/bitstream\/handle\/20.500.12557\/5284\/Roger_Tesis_doctor_2022.pdf?sequence=1&amp;isAllowed=y<\/a><\/p>\n<p style=\"text-align: justify\">Fern\u00e1ndez, K. y \u00d1a\u00f1es, C. (2021). <em>Contaminaci\u00f3n atmosf\u00e9rica por aerosoles antes y durante pandemia COVID-19 en Per\u00fa<\/em>.(Tesis para obtener el t\u00edtulo profesional). Universidad Cesar Vallejo, Lima.<a href=\"https:\/\/repositorio.ucv.edu.pe\/bitstream\/handle\/20.500.12692\/79456\/Fernandez_LKJ_%c3%91a%c3%b1ez_LCP-SD.pdf?sequence=1&amp;isAllowed=y\">https:\/\/repositorio.ucv.edu.pe\/bitstream\/handle\/20.500.12692\/79456\/Fernandez_LKJ_%c3%91a%c3%b1ez_LCP-SD.pdf?sequence=1&amp;isAllowed=y<\/a><\/p>\n<p style=\"text-align: justify\">Fundaci\u00f3n de Historia Natural F\u00e9lix de Azara; Universidad Maim\u00f3nides. (2020).\u00a0 COVID-19 <em>La p\u00e9rdida de biodiversidad y el riesgo para la salud humana.<\/em> <a href=\"https:\/\/ri.conicet.gov.ar\/bitstream\/handle\/11336\/157509\/CONICET_Digital_Nro.84f30016-6fb6-4f6c-b46a-edf51b4e5e8c_A.pdf?sequence=2&amp;isAllowed=y\">https:\/\/ri.conicet.gov.ar\/bitstream\/handle\/11336\/157509\/CONICET_Digital_Nro.84f30016-6fb6-4f6c-b46a-edf51b4e5e8c_A.pdf?sequence=2&amp;isAllowed=y<\/a><\/p>\n<p style=\"text-align: justify\">Garc\u00eda, E., S\u00e1nchez, V., &amp; Cala, D. (2022). Impacto socioecon\u00f3mico del COVID-19 en la acuicultura amaz\u00f3nica peruana: una encuesta a los piscicultores de la regi\u00f3n de San Mart\u00edn. REVISTA DE INNOVACI\u00d3N Y TRANSFERENCIA PRODUCTIVA, 2(1), e001. <a href=\"https:\/\/doi.org\/10.54353\/ritp.v2i1.e001\">https:\/\/doi.org\/10.54353\/ritp.v2i1.e001<\/a><\/p>\n<p style=\"text-align: justify\">Giacchino, A., Orozco, M., Bertonatti, C., Di Nucci, D., Homberg, M., et al. (2021). <em>COVID-19: La p\u00e9rdida de biodiversidad y el riesgo para la salud humana.<\/em> Fundaci\u00f3n de Historia Natural F\u00e9lix de Azara. <a href=\"https:\/\/ri.conicet.gov.ar\/handle\/11336\/157509\">https:\/\/ri.conicet.gov.ar\/handle\/11336\/157509<\/a><\/p>\n<p style=\"text-align: justify\">Lacy-Niebla M. D. C. (2021). El cambio clim\u00e1tico y la pandemia de COVID-19<em>.<\/em> <em>Archivos de cardiolog\u00eda de M\u00e9xico<\/em>, 91(3), 269\u2013271. <a href=\"https:\/\/doi.org\/10.24875\/ACM.M21000076\">https:\/\/doi.org\/10.24875\/ACM.M21000076<\/a><\/p>\n<p style=\"text-align: justify\">Llanto, C. G. F. (s\/f). <em>Efectos del aislamiento COVID-19 en la calidad de aire en la provincia de Lima &#8211; Per\u00fa en el a\u00f1o 2020. <\/em>(Tesis para optar por el grado de Bachiller). Universidad Continental, Lima.<a href=\"https:\/\/repositorio.continental.edu.pe\/bitstream\/20.500.12394\/10758\/1\/IV_FIN_107_TI_Flores_Llanto_2020.pdf\">https:\/\/repositorio.continental.edu.pe\/bitstream\/20.500.12394\/10758\/1\/IV_FIN_107_TI_Flores_Llanto_2020.pdf<\/a><\/p>\n<p style=\"text-align: justify\">Mont\u00e1nchez Picardo, E. G., Portugal Cruz, M. F., Apaza Atencio, J. A., Tirado Rebaza, L. U. M., &amp; Cutipa Calisaya, N. M. (2022). La deforestaci\u00f3n de los bosques de la provincia de Putumayo, Regi\u00f3n Loreto, Per\u00fa en tiempos de pandemia (Covid-19). Revista Cient\u00edfica Guacamaya, 6(2), 122\u2013138. <a href=\"https:\/\/uptv.up.ac.pa\/index.php\/guacamaya\/article\/view\/2834\">https:\/\/uptv.up.ac.pa\/index.php\/guacamaya\/article\/view\/2834<\/a><\/p>\n<p style=\"text-align: justify\">Mor\u00e1n, D. (2021). Influencia de la industrializaci\u00f3n en la salud ambiental: visi\u00f3n hist\u00f3rica desde la revoluci\u00f3n industrial a la pandemia por COVID-19. D\u00e1vila Mor\u00e1n | Bolet\u00edn de Malariolog\u00eda y Salud Ambiental, Vol. LXI (2): 3-15 <a href=\"http:\/\/iaes.edu.ve\/iaespro\/ojs\/index.php\/bmsa\/article\/view\/302\">http:\/\/iaes.edu.ve\/iaespro\/ojs\/index.php\/bmsa\/article\/view\/302<\/a><\/p>\n<p style=\"text-align: justify\">Moreno, A. (01 de agosto de 2022). Salud y medio ambiente<em>. Revista de la Facultad de Medicina (M\u00e9xico), 65<\/em>(3), 8-18. <a href=\"https:\/\/doi.org\/10.22201\/fm.24484865e.2022.65.3.02\">https:\/\/doi.org\/10.22201\/fm.24484865e.2022.65.3.02<\/a><\/p>\n<p style=\"text-align: justify\">Samam\u00e9 Saavedra, J. A. (2023). Impacto de la deforestaci\u00f3n en la p\u00e9rdida del h\u00e1bitat de vida silvestre amenazada en la Amazon\u00eda. <em>Ciencia Latina Revista Cient\u00edfica Multidisciplinar<\/em>, <em>7<\/em>(2), 915-935. <a href=\"https:\/\/doi.org\/10.37811\/cl_rcm.v7i2.5374\">https:\/\/doi.org\/10.37811\/cl_rcm.v7i2.5374<\/a><\/p>\n<p style=\"text-align: justify\">Sarauz, L. (30 de abril de 2021). Conocimiento ancestral de plantas medicinales en la comunidad de Sahuangal, parroquia Pacto, Pichincha, Ecuador. <em>Vive Revista de Salud, 4<\/em>(10), 72-85. <a href=\"https:\/\/doi.org\/10.33996\/revistavive.v4i10.77\">https:\/\/doi.org\/10.33996\/revistavive.v4i10.77<\/a><\/p>\n<p style=\"text-align: justify\">Vilca, W., Ram\u00edrez, A., Medina, C. y Loa, E. (2021). Residuos Biocontaminantes, otro Legado del COVID-19. Producci\u00f3n + Limpia, 16 (2), 197-211. Publicaci\u00f3n electr\u00f3nica del 25 de marzo de 2022. <a href=\"https:\/\/doi.org\/10.22507\/pml.v16n2a10\">https:\/\/doi.org\/10.22507\/pml.v16n2a10<\/a><\/p>\n","protected":false},"featured_media":2824,"comment_status":"closed","ping_status":"closed","template":"","meta":{"footnotes":""},"entrada_7_categoria":[73],"class_list":["post-3392","entrada_7","type-entrada_7","status-publish","has-post-thumbnail","hentry","entrada_7_categoria-articulos-alumnos"],"_links":{"self":[{"href":"https:\/\/www.administracion.usmp.edu.pe\/revista-digital-usmp\/wp-json\/wp\/v2\/entrada_7\/3392","targetHints":{"allow":["GET"]}}],"collection":[{"href":"https:\/\/www.administracion.usmp.edu.pe\/revista-digital-usmp\/wp-json\/wp\/v2\/entrada_7"}],"about":[{"href":"https:\/\/www.administracion.usmp.edu.pe\/revista-digital-usmp\/wp-json\/wp\/v2\/types\/entrada_7"}],"replies":[{"embeddable":true,"href":"https:\/\/www.administracion.usmp.edu.pe\/revista-digital-usmp\/wp-json\/wp\/v2\/comments?post=3392"}],"version-history":[{"count":1,"href":"https:\/\/www.administracion.usmp.edu.pe\/revista-digital-usmp\/wp-json\/wp\/v2\/entrada_7\/3392\/revisions"}],"predecessor-version":[{"id":3447,"href":"https:\/\/www.administracion.usmp.edu.pe\/revista-digital-usmp\/wp-json\/wp\/v2\/entrada_7\/3392\/revisions\/3447"}],"wp:featuredmedia":[{"embeddable":true,"href":"https:\/\/www.administracion.usmp.edu.pe\/revista-digital-usmp\/wp-json\/wp\/v2\/media\/2824"}],"wp:attachment":[{"href":"https:\/\/www.administracion.usmp.edu.pe\/revista-digital-usmp\/wp-json\/wp\/v2\/media?parent=3392"}],"wp:term":[{"taxonomy":"entrada_7_categoria","embeddable":true,"href":"https:\/\/www.administracion.usmp.edu.pe\/revista-digital-usmp\/wp-json\/wp\/v2\/entrada_7_categoria?post=3392"}],"curies":[{"name":"wp","href":"https:\/\/api.w.org\/{rel}","templated":true}]}}