{"id":3383,"date":"2023-12-06T10:51:54","date_gmt":"2023-12-06T15:51:54","guid":{"rendered":"https:\/\/www.administracion.usmp.edu.pe\/revista-digital-usmp\/?p=2611"},"modified":"2024-07-23T19:30:53","modified_gmt":"2024-07-24T00:30:53","slug":"implementacion-de-turbina-hidrocinetica-en-el-distrito-de-santiago-de-la-region-amazonas-el-ano-2025","status":"publish","type":"entrada_7","link":"https:\/\/www.administracion.usmp.edu.pe\/revista-digital-usmp\/entrada_7\/implementacion-de-turbina-hidrocinetica-en-el-distrito-de-santiago-de-la-region-amazonas-el-ano-2025\/","title":{"rendered":"Implementaci\u00f3n de turbina hidrocin\u00e9tica en el distrito de Santiago de la Regi\u00f3n Amazonas el a\u00f1o 2025"},"content":{"rendered":"\n<p style=\"text-align: justify\">Tutor: Juan Puga Pomareda<\/p>\n<p style=\"text-align: justify\">Autores: Acosta Abad, Alejandro; Gamarra Mendoza, Grecia; Laura Ganoza, Alexandra y Salazar D\u00edaz, Alexandra costa Abad, Alejandro<\/p>\n<p style=\"text-align: justify\"><em>\u00a0 \u00a0 \u00a0<\/em><\/p>\n<h6 style=\"text-align: justify\"><strong>RESUMEN<\/strong><\/h6>\n<p style=\"text-align: justify\">En el a\u00f1o 2015, las Naciones Unidas plantearon 17 Objetivos de Desarrollo Sostenible (ODS), de los cuales se desarrollar\u00e1 el ODS n\u00famero 7 &#8211; Energ\u00eda asequible y no contaminante, teniendo como objetivo buscar que se instale una turbina hidrocin\u00e9tica en el distrito de Santiago para el a\u00f1o 2025, para que puedan tener acceso a electricidad. La comunidad est\u00e1 ubicada\u00a0en la regi\u00f3n Amazon\u00eda peruana, la cual cuenta con un porcentaje elevado de poblaci\u00f3n que no tiene acceso a la electricidad. La falta de acceso a la electricidad genera que no tengan una buena calidad de vida. Es necesario la intervenci\u00f3n del estado, publicando el 14 de julio del 2020 es Decreto Supremo N\u00b0 28749 \u2013 Ley General de Electrificaci\u00f3n Rural, teniendo como objetivo impulsar el desarrollo de proyectos que permitan brindar electricidad a las poblaciones que no la tienen y as\u00ed mejorar la calidad\u00a0de vida de la comunidad de Santiago.\u00a0<\/p>\n<h6 style=\"text-align: justify\"><strong>ABSTRACT<\/strong><strong>\u00a0<\/strong><\/h6>\n<p style=\"text-align: justify\">In 2015, the United Nations proposed 17 Sustainable Development Goals (SDGs), of which SDG number 7 &#8211; Affordable and non-polluting energy will be developed, with the objective of seeking to install a hydrokinetic turbine in the district of Santiago to the year 2025, so that they can have access to electricity. The community is located in the Peruvian Amazon region, which has a high percentage of the population that does not have access to electricity. The lack of access to electricity means that they do not have a good quality of life. The intervention of the state is necessary, publishing on July 14, 2020 Supreme Decree No. 28749 &#8211; General Law of Rural Electrification, with the objective of promoting the development of projects that allow providing electricity to populations that do not have it and thus improve the quality of life of the community of Santiago.\u00a0<\/p>\n<p style=\"text-align: justify\"><strong>INTRODUCCI\u00d3N<\/strong><\/p>\n<p style=\"text-align: justify\">Los Objetivos de Desarrollo Sostenible (ODS), fueron introducidos en el a\u00f1o 2015 por las Naciones Unidas, en total son 17 ODS los cuales tienen la finalidad que al a\u00f1o 2030 se garantice un equilibrio sostenible en lo social, econ\u00f3mico y ambiental. El presente art\u00edculo acad\u00e9mico; abordar\u00e1 el ODS 7 \u201cEnerg\u00eda asequible y no contaminante\u201d aplicado al desarrollo de la implementaci\u00f3n de una turbina Hidrocin\u00e9tica en el distrito de Santiago para el a\u00f1o 2025.<\/p>\n<p style=\"text-align: justify\">En el presente art\u00edculo acad\u00e9mico, tomaremos como referencia el trabajo realizado por Yordan Oliver Guerra Zurita en el a\u00f1o 2020, que trata sobre el Dise\u00f1o Mec\u00e1nico de una Turbina Hidrocin\u00e9tica para Generaci\u00f3n de Electricidad en R\u00edos Amaz\u00f3nicos.<\/p>\n<p style=\"text-align: justify\">La Amazon\u00eda, a pesar de ser rica en muchos recursos naturales, cuenta desde hace varios a\u00f1os con bastantes problemas sociales, como lo son la falta de educaci\u00f3n, d\u00e9ficit en la calidad de vida de sus ciudadanos, pobreza y dem\u00e1s; sin embargo, un denominador com\u00fan, el cual viene aquejando desde hace varios a\u00f1os a la poblaci\u00f3n amaz\u00f3nica, es la poca accesibilidad a energ\u00eda el\u00e9ctrica; es por ello que se tomar\u00e1 como problema la falta de acceso a la luz el\u00e9ctrica de la poblaci\u00f3n que vive cerca de los r\u00edos en la selva del Per\u00fa.<\/p>\n<p style=\"text-align: justify\">El objetivo del presente art\u00edculo acad\u00e9mico es dar a conocer el impacto que tendr\u00e1 en el desarrollo de la poblaci\u00f3n la implementaci\u00f3n de una turbina Hidrocin\u00e9tica en el r\u00edo Santiago, ubicado en la zona de Amazonas, provincia de Condorcanqui, distrito de Santiago.<\/p>\n<p style=\"text-align: justify\">Este art\u00edculo permitir\u00e1 los estudiantes adquirir mayores conocimientos sobre el Objetivo de Desarrollo Sostenible (ODS 7) \u201cEnerg\u00eda asequible y no contaminante\u201d e implementarlo al mundo de los Bionegocios, adem\u00e1s servir\u00e1 como base para la elaboraci\u00f3n de proyectos en los cuales se busquen brindar acceso a la electricidad para poblaciones que viven cerca de r\u00edos en la selva; es por ello, la elecci\u00f3n de este tema, para hacer visible esta problem\u00e1tica, que gran parte de la poblaci\u00f3n est\u00e9 informada y que las autoridades decidan tomar acciones urgentes para su soluci\u00f3n, de esa forma nuestros hermanos amaz\u00f3nicos, logren mejorar su calidad de vida.\u00a0<\/p>\n<p style=\"text-align: justify\">El presente articulo acad\u00e9mico se estructura cuatro fases; la primera se enfoca en describir la situaci\u00f3n problem\u00e1tica que presenta la poblaci\u00f3n del distrito de Santiago; la segunda fase explica las causas que dan origen a este problema \u201cla falta de acceso a la luz el\u00e9ctrica de la poblaci\u00f3n que vive cerca de los r\u00edos en la selva del Per\u00fa\u201d; en la tercera fase se plantea la soluci\u00f3n para contrarrestar este problema; y en la cuarta se explican que oportunidades de desarrollo genera a la poblaci\u00f3n de la zona la implementaci\u00f3n de una turbina Hidrocin\u00e9tica y c\u00f3mo puede influir a futuro a otras regiones.<\/p>\n<p style=\"text-align: justify\">El alcance que se pretende lograr con este art\u00edculo es que la poblaci\u00f3n amaz\u00f3nica del distrito de Santiago conozca el ODS 7 \u201cEnerg\u00eda asequible y no contaminante\u201d aplicado al desarrollo de la implementaci\u00f3n de una turbina Hidrocin\u00e9tica al a\u00f1o 2025 y con ello poder dar soluci\u00f3n al problema de no tener acceso a la luz el\u00e9ctrica. Una limitaci\u00f3n como investigadores para el desarrollo de este art\u00edculo fue el tiempo de conexi\u00f3n y coordinaci\u00f3n; ya que, la mayor\u00eda se encuentra laborando y estudiando a tiempo completo y era complicado poder reunirse casi siempre todos.<\/p>\n<p style=\"text-align: justify\">Por otra parte, se realiz\u00f3 una segunda car\u00e1tula, en donde se da a conocer en una imagen el tema del presente art\u00edculo acad\u00e9mico \u201cODS 7\u201d como tambi\u00e9n el problema identificado y la soluci\u00f3n; as\u00ed mismo, esta fue una elaboraci\u00f3n propia con ayuda de herramientas de dise\u00f1o como el formato Canva.<\/p>\n<h6 style=\"text-align: justify\"><strong>DESCRIPCI\u00d3N DE LA SITUACI\u00d3N PROBLEMATICA<\/strong><strong>\u00a0\u00a0<\/strong><\/h6>\n<p style=\"text-align: justify\">Uno de los indicadores claves para el desarrollo del Per\u00fa es el subsector el\u00e9ctrico; ya que, este fomenta el crecimiento econ\u00f3mico y a su vez mejora la calidad de vida de las personas al brindar acceso a servicios b\u00e1sicos como la electricidad, educaci\u00f3n, salud, agua, etc.<\/p>\n<p style=\"text-align: justify\">Este subsector en los \u00faltimos a\u00f1os ha experimentado un notable crecimiento en cuanto a infraestructura de emisi\u00f3n y distribuci\u00f3n, capacidad instalada de generaci\u00f3n, y por otra parte, la integraci\u00f3n de nuevas fuentes de energ\u00eda limpia y renovable, algo que ha influenciado en la diversificaci\u00f3n e incremento de la matriz energ\u00e9tica del Per\u00fa; si bien es cierto, gracias a la implementaci\u00f3n de proyectos de trasmisi\u00f3n de energ\u00eda renovable se han podido mermar ciertas brechas en algunas zonas del pa\u00eds, a\u00fan existe hogares que no cuentan con acceso a este servicio b\u00e1sico, <em>\u201calrededor de 340,000 hogares contin\u00faan sin acceso a energ\u00edas sostenibles. La mayor\u00eda en las poblaciones m\u00e1s dispersas y con mayores niveles de pobreza econ\u00f3mica en la sierra y la amazonia\u201d\u00a0 <\/em><em>\u00a0\u00a0(<\/em>Light Up the World; s.f); esta afirmaci\u00f3n se puede corroborar con un informe realizado por el Ministerio de Energ\u00eda y Minas, en este se encuentra toda la informaci\u00f3n estad\u00edstica el\u00e9ctrica por regi\u00f3n al a\u00f1o 2022, donde se detalla los indicadores de las variables del subsector el\u00e9ctrico m\u00e1s importantes por cada regi\u00f3n del Per\u00fa.<\/p>\n<p style=\"text-align: justify\"><strong>Imagen N\u00b0 01<br \/><\/strong><em>Consumo de Energ\u00eda el\u00e9ctrica Per c\u00e1pita por regi\u00f3n en Per\u00fa al a\u00f1o 2022<\/em><\/p>\n<p style=\"text-align: justify\"><img fetchpriority=\"high\" decoding=\"async\" class=\"alignnone size-full wp-image-2762\" src=\"https:\/\/www.administracion.usmp.edu.pe\/revista-digital-usmp\/wp-content\/uploads\/sites\/47\/2023\/12\/Imagen2-2.png\" alt=\"\" width=\"835\" height=\"497\" srcset=\"https:\/\/www.administracion.usmp.edu.pe\/revista-digital-usmp\/wp-content\/uploads\/sites\/47\/2023\/12\/Imagen2-2.png 835w, https:\/\/www.administracion.usmp.edu.pe\/revista-digital-usmp\/wp-content\/uploads\/sites\/47\/2023\/12\/Imagen2-2-768x457.png 768w\" sizes=\"(max-width: 835px) 100vw, 835px\" \/><strong><em>Fuente:<\/em><\/strong><a href=\"https:\/\/cdn.www.gob.pe\/uploads\/document\/file\/5273835\/4739790-regiones-2022.pdf?v=1697152202\"><em>https:\/\/cdn.www.gob.pe\/uploads\/document\/file\/5273835\/4739790-regiones-2022.pdf?v=1697152202<\/em><\/a><\/p>\n<p style=\"text-align: justify\">\u00a0<\/p>\n<p style=\"text-align: justify\"><strong>Imagen N\u00b0 02<br \/><\/strong><em>Estad\u00edstica el\u00e9ctrica por regi\u00f3n en Per\u00fa al a\u00f1o 2022<\/em><\/p>\n<p><img decoding=\"async\" class=\"alignnone size-full wp-image-2763\" src=\"https:\/\/www.administracion.usmp.edu.pe\/revista-digital-usmp\/wp-content\/uploads\/sites\/47\/2023\/12\/Imagen3-2.png\" alt=\"\" width=\"935\" height=\"531\" srcset=\"https:\/\/www.administracion.usmp.edu.pe\/revista-digital-usmp\/wp-content\/uploads\/sites\/47\/2023\/12\/Imagen3-2.png 935w, https:\/\/www.administracion.usmp.edu.pe\/revista-digital-usmp\/wp-content\/uploads\/sites\/47\/2023\/12\/Imagen3-2-768x436.png 768w\" sizes=\"(max-width: 935px) 100vw, 935px\" \/><strong><em>Fuente:<\/em><\/strong><a href=\"https:\/\/cdn.www.gob.pe\/uploads\/document\/file\/5273835\/4739790-regiones-2022.pdf?v=1697152202\"><em>https:\/\/cdn.www.gob.pe\/uploads\/document\/file\/5273835\/4739790-regiones-2022.pdf v=1697152202<\/em><\/a><\/p>\n<p style=\"text-align: justify\">Como se aprecia en el cuadro, en el a\u00f1o 2022 el consumo de energ\u00eda el\u00e9ctrica per c\u00e1pita fue de 1 555,6 KWh\/Hab, otra parte seg\u00fan el MINEN (2022)<\/p>\n<p style=\"text-align: justify\">Se ha registrado una capacidad instalada y producci\u00f3n de energ\u00eda el\u00e9ctrica de 15 760 MW y 59 713 GWh y representan un crecimiento del 62% y 46% respectivamente en comparaci\u00f3n con el a\u00f1o 2012 (\u2026) el n\u00famero de clientes (libres y regulados) atendidos por las empresas concesionarias y las ventas de energ\u00eda el\u00e9ctrica a dichos clientes ascendieron a 8,6 millones y 50 420 GWh y representan un crecimiento del 43% y 50% respectivamente en comparaci\u00f3n con el a\u00f1o 2012. (p.2)<\/p>\n<p style=\"text-align: justify\">Sin embargo, este crecimiento no es equitativo en todas las regiones, comparando cifras, si nos enfocamos en las regiones que menor consumo Per c\u00e1pita de energ\u00eda el\u00e9ctrica que poseen, se encuentra el primer lugar el Amazonas con un consumo de 208,2 KWh\/Hab, que representa el 0.2%; Madre de Dios con un 667,6 KWh\/Hab (0.2%), y en tercer lugar Huancavelica con un consumo de 525 KWh\/Hab (0.4%). Por lo tanto, lo afirmado anteriormente por la organizaci\u00f3n ben\u00e9fica LUTW es ver\u00eddico. Es por ello por lo que para el presente art\u00edculo se tom\u00f3 como enfoque principal la Amazonia Peruana.\u00a0<\/p>\n<p style=\"text-align: justify\">La Amazonia peruana es considerada como una de las principales fuentes de recursos naturales del mundo gracias a su biodiversidad, cuenta con una extensi\u00f3n territorial de de 39mil km2 que representanta el 62% del territorio peruano, su capital es la ciudad Chachapoyas, est\u00e1 compuesta por 7 provincias y 84 distritos, con un clima tropical c\u00e1lido y presencia de diversos r\u00edos navegables; sin embargo, a pesar que\u00a0 poblaci\u00f3n cuente con una diversidad \u00e9tnica, ling\u00fc\u00edstica y cultural, presenta la menor tasa de desarrollo en comparaci\u00f3n con las otras regiones del Per\u00fa; as\u00ed mismo, entre los factores que influyen en su bajo nivel de desarrollo se encuentra la educaci\u00f3n, d\u00e9ficit en la calidad de vida de sus ciudadanos, pobreza y algo que viene aquejando desde hace varios a\u00f1os a la poblaci\u00f3n amaz\u00f3nica, es la poca accesibilidad a energ\u00eda el\u00e9ctrica.<\/p>\n<p style=\"text-align: justify\">Seg\u00fan una investigaci\u00f3n realizada por la universidad UTEC al a\u00f1o 2015 afirma lo siguiente: \u00a0<\/p>\n<p style=\"text-align: justify\">De acuerdo con la \u00faltima Encuesta Nacional de Hogares realizada por el Instituto Nacional de Estad\u00edstica e Inform\u00e1tica (INEI), el 42% de las zonas rurales de la selva peruana no cuentan con energ\u00eda el\u00e9ctrica, frente a las zonas rurales de la costa y sierra, que cuenta con el servicio en un 78.5% y 72.4%, respectivamente. (p\u00e1rr. 1)<\/p>\n<p style=\"text-align: justify\">Otro indicador alarmante es la educaci\u00f3n; ya que uno de los factores para contar con una educaci\u00f3n de calidad es tener acceso a la energ\u00eda el\u00e9ctrica; sin embargo, en el a\u00f1o 2020 a ra\u00edz del COVID 19 Muchos estudiantes no pudieron tener acceso a la educaci\u00f3n virtual, ya que, no contaban con conexi\u00f3n a internet. Por otra parte <em>\u201cSeg\u00fan el INEI, 15 de cada 100 pobladores en zonas rurales no cuentan con acceso a la electricidad\u201d ( <\/em>Light Up the World, 2015), y es por ello que las instituciones educativas presentan limitaciones para brindar una ense\u00f1anza con metodolog\u00edas de calidad.<\/p>\n<p style=\"text-align: justify\">Seg\u00fan la organizaci\u00f3n ben\u00e9fica Light Up the World (LUTW), en un art\u00edculo de investigaci\u00f3n dio a conocer cifras del INEI que afirman lo siguiente; (s.f):<\/p>\n<p style=\"text-align: justify\">\u00a0(\u2026) alrededor del 42% de ni\u00f1os y j\u00f3venes entre 6 y 16 a\u00f1os en la Amazon\u00eda no pudieron recibir estas clases, debido a que es inviable que sus clases sean a distancia por causas de acceso a la electricidad e internet, por consiguiente, muchos desertaron al a\u00f1o escolar. (p\u00e1rr. 3)<\/p>\n<p style=\"text-align: justify\">Por otra parte el INEI en su Compendio Estad\u00edstico Amazonas 2022, presenta datos estad\u00edsticos en donde refleja que el Amazonas presenta bajas cifras comparado a nivel nacional en cuanto a la potencia de energ\u00eda el\u00e9ctrica instalada por tipo de servicio desde el a\u00f1o 2009 al 2021; algo que rectifica la poca accesibilidad a energ\u00eda el\u00e9ctrica de la zona.<\/p>\n<p style=\"text-align: justify\"><strong>Imagen N\u00b0 03<br \/><\/strong><em>Potencia de energ\u00eda el\u00e9ctrica instalada por tipo de servicio, seg\u00fan a\u00f1o calendario, 2009 \u2013 2021 Amazonas <\/em><\/p>\n<p style=\"text-align: justify\"><strong><img decoding=\"async\" class=\"alignnone size-full wp-image-2764\" src=\"https:\/\/www.administracion.usmp.edu.pe\/revista-digital-usmp\/wp-content\/uploads\/sites\/47\/2023\/12\/Imagen4-1.png\" alt=\"\" width=\"786\" height=\"545\" srcset=\"https:\/\/www.administracion.usmp.edu.pe\/revista-digital-usmp\/wp-content\/uploads\/sites\/47\/2023\/12\/Imagen4-1.png 786w, https:\/\/www.administracion.usmp.edu.pe\/revista-digital-usmp\/wp-content\/uploads\/sites\/47\/2023\/12\/Imagen4-1-768x533.png 768w\" sizes=\"(max-width: 786px) 100vw, 786px\" \/><br \/>Fuente<\/strong><em>:<\/em><a href=\"https:\/\/cdn.www.gob.pe\/uploads\/document\/file\/4434871\/Compendio%20Estad%C3%ADstico%2C%20Amazonas%202022.pdf?v=1681505098\"><em>https:\/\/cdn.www.gob.pe\/uploads\/document\/file\/4434871\/Compendio%20Estad%C3%ADstico%2C%20Amazonas%202022.pdf?v=1681505098<\/em><\/a><\/p>\n<p style=\"text-align: justify\"><strong>Nota:<\/strong> Compendio Estad\u00edstico Amazonas 2022<\/p>\n<p style=\"text-align: justify\">Asimismo, en este compendio estad\u00edstico del a\u00f1o 2022 se clasificaron seg\u00fan provincias y distritos el total de viviendas en cifras absolutas que presentan cobertura de energ\u00eda el\u00e9ctrica y \u00a0tambi\u00e9n d\u00e9ficit de alumbrado el\u00e9ctrico por red p\u00fablica, estos datos fueron obtenidos con el apoyo del Instituto Nacional de Estad\u00edstica e Inform\u00e1tica gracias al Censo Nacional de Poblaci\u00f3n y Vivienda realizado en el a\u00f1o 2017.<\/p>\n<p style=\"text-align: justify\"><strong>Imagen N\u00b0 04<br \/><\/strong><em>Amazonas: Viviendas particulares con ocupantes presentes, por cobertura y d\u00e9ficit de alumbrado el\u00e9ctrico por red p\u00fablica, seg\u00fan departamento, provincia y distrito, 2017<\/em><\/p>\n<p><img loading=\"lazy\" decoding=\"async\" class=\"alignnone size-full wp-image-2765\" src=\"https:\/\/www.administracion.usmp.edu.pe\/revista-digital-usmp\/wp-content\/uploads\/sites\/47\/2023\/12\/Imagen5-2.png\" alt=\"\" width=\"919\" height=\"1152\" srcset=\"https:\/\/www.administracion.usmp.edu.pe\/revista-digital-usmp\/wp-content\/uploads\/sites\/47\/2023\/12\/Imagen5-2.png 919w, https:\/\/www.administracion.usmp.edu.pe\/revista-digital-usmp\/wp-content\/uploads\/sites\/47\/2023\/12\/Imagen5-2-768x963.png 768w\" sizes=\"(max-width: 919px) 100vw, 919px\" \/><\/p>\n<p style=\"text-align: justify\"><strong><em>Fuente<\/em><\/strong><em>:https:\/\/cdn.www.gob.pe\/uploads\/document\/file\/4434871\/Compendio%20Estad%C3%ADstico%2C%20Amazonas%202022.pdf?v=1681505098<\/em><\/p>\n<p style=\"text-align: justify\">Como se registra en el Tabla n\u00b04, realizando una comparaci\u00f3n entre las provincias de Amazonas que presentan la menor cobertura y d\u00e9ficit de alumbrado el\u00e9ctrico por red p\u00fablica se puede mencionar que la zona m\u00e1s cr\u00edtica seg\u00fan este ranking es la provincia de Condorcanqui, ya que, m\u00e1s del 80 % de su poblaci\u00f3n no cuenta con alumbrado el\u00e9ctrico. Por otra parte, dentro de los tres distritos que conforman esta provincia. El distrito del Rio de Santiago se encuentra en el segundo puesto con relaci\u00f3n a las viviendas sin alumbrado el\u00e9ctrico con cifras de 83,6%; esta zona ser\u00e1 el eje principal de este presente art\u00edculo acad\u00e9mico.<\/p>\n<p style=\"text-align: justify\">\u00a0<strong>Imagen N\u00b0 05<br \/><\/strong><em>Viviendas particulares de la provincia de Condorcanqui con ocupantes presentes, por cobertura y d\u00e9ficit de alumbrado el\u00e9ctrico por red p\u00fablica, seg\u00fan departamento, provincia y distrito, 2017<\/em><\/p>\n<p style=\"text-align: justify\"><img loading=\"lazy\" decoding=\"async\" class=\"alignnone size-full wp-image-2766\" src=\"https:\/\/www.administracion.usmp.edu.pe\/revista-digital-usmp\/wp-content\/uploads\/sites\/47\/2023\/12\/Imagen6.png\" alt=\"\" width=\"760\" height=\"186\" \/><\/p>\n<p style=\"text-align: justify\"><strong><em>Fuente<\/em><\/strong><em>:https:\/\/cdn.www.gob.pe\/uploads\/document\/file\/4434871\/Compendio%20Estad%C3%ADstico%2C%20Amazonas%202022.pdf?v=1681505098<\/em><\/p>\n<p style=\"text-align: justify\">As\u00ed mismo, La poblaci\u00f3n del distrito de Santiago ubicada en la provincia de Condorcanqui, cuenta con esta problem\u00e1tica desde ya muchos a\u00f1os; actualmente existen muchas deficiencias en el desarrollo de proyectos que permitan implementar la elaboraci\u00f3n de infraestructuras que brinden acceso de energ\u00eda el\u00e9ctrica a las poblaciones que no cuentan con electricidad.\u00a0<\/p>\n<p style=\"text-align: justify\">Tambi\u00e9n se calcul\u00f3 que el porcentaje de la poblaci\u00f3n que no tiene acceso a la energ\u00eda el\u00e9ctrica seguir\u00e1 aumentando, lo que significa que la demanda de poblaci\u00f3n que necesita energ\u00eda el\u00e9ctrica sigue incrementando.<\/p>\n<p style=\"text-align: justify\">El gobierno aprob\u00f3 el Decreto Supremo N\u00b0 018-2020-EM con el objetivo de impulsar el desarrollo de las poblaciones que no cuentan con energ\u00eda el\u00e9ctrica y de esta forma mejorar la econom\u00eda, salud, y educaci\u00f3n. Por otra parte, el MINEM indic\u00f3 que los proyectos de desarrollo de electrificaci\u00f3n en zonas rurales son de car\u00e1cter prioritario, ya que, estos impactan tanto a una mejor calidad de vida para la comunidad, as\u00ed como tambi\u00e9n la promoci\u00f3n de actividades econ\u00f3micas y productivas que generan oportunidades de desarrollo.<\/p>\n<h6 style=\"text-align: justify\"><strong>CAUSAS DEL PROBLEMA<\/strong><strong>\u00a0<\/strong><\/h6>\n<p style=\"text-align: justify\">El Per\u00fa es un pa\u00eds con una gran diversidad, pero debido a problemas en la gesti\u00f3n de recursos, muchas de estas zonas no poseen acceso a luz el\u00e9ctrica en el pa\u00eds; adem\u00e1s, para poder abordar estos temas es importante tener una inversi\u00f3n destinada a la infraestructura, un mantenimiento adecuado, desarrollo y planificaci\u00f3n en cuanto a las fuentes de energ\u00eda sostenible del pa\u00eds. Es por ello que en este cap\u00edtulo se desarrollar\u00e1 las causas de la situaci\u00f3n problem\u00e1tica explayada en el cap\u00edtulo anterior.\u00a0<\/p>\n<h6 style=\"text-align: justify\"><strong>Principales causas de la falta de acceso a la luz el\u00e9ctrica del r\u00edo Santiago, ubicado en la provincia de Condorcanqui en el Amazonas.<\/strong>\u00a0<\/h6>\n<p style=\"text-align: justify\">Antes de iniciar, es importante mencionar que la falta de electricidad en el r\u00edo Santiago pueden deberse a diferentes razones como una infraestructura inadecuada e incluso una falta de recursos financieros es por ello que la ausencia de acceso a la electricidad, junto con la carest\u00eda de otros servicios de infraestructura, restringe el progreso econ\u00f3mico y dificulta la mejora de las condiciones de vida en Per\u00fa.\u00a0<\/p>\n<p style=\"text-align: justify\"><strong>Imagen N\u00b0 06<br \/><\/strong><em>R\u00edo Santiago<\/em>\u00a0<\/p>\n<p style=\"text-align: justify\"><strong><img loading=\"lazy\" decoding=\"async\" class=\"alignnone size-full wp-image-2768\" src=\"https:\/\/www.administracion.usmp.edu.pe\/revista-digital-usmp\/wp-content\/uploads\/sites\/47\/2023\/12\/Imagen7.png\" alt=\"\" width=\"567\" height=\"425\" \/><br \/>Fuente:<\/strong> Portal Web Cuevas del Per\u00fa\u00a0<\/p>\n<p style=\"text-align: justify\"><strong><em>Nota:<\/em><\/strong><em> R\u00edo Santiago ubicado en la provincia de Condorcanqui en la regi\u00f3n Amazonas.<\/em><em>\u00a0<\/em><\/p>\n<p style=\"text-align: justify\">Esto tiene un impacto negativo en la calidad de atenci\u00f3n m\u00e9dica y la disponibilidad de oportunidades educativas. Los altos niveles de pobreza en las regiones rurales del Per\u00fa y la creciente disparidad en la calidad de vida en comparaci\u00f3n con las zonas urbanas subrayan la necesidad de invertir en infraestructura b\u00e1sica de las \u00e1reas rurales, como por ejemplo la electrificaci\u00f3n; as\u00ed mismo, como parte integral de la agenda de desarrollo nacional (Banco Mundial, 2014 p.1).\u00a0<\/p>\n<p style=\"text-align: justify\">A\u00f1adiendo, se puede mencionar que entre las causas de falta de acceso de luz el\u00e9ctrica en el distrito de R\u00edo Santiago son las siguientes:\u00a0<\/p>\n<ul style=\"text-align: justify\">\n<li>Infraestructura inadecuada, debido a que el distrito de R\u00edo Santiago se encuentra en una zona alejada en la provincia de Condorcanqui y debido a esto la inversi\u00f3n en la expansi\u00f3n de red el\u00e9ctrica en estas zonas es muy costosa.<\/li>\n<li>Factores clim\u00e1ticos, no es una causa extra\u00f1a pues esta zona suele tener climas que tienen un impacto fuerte en la comunidad de r\u00edo Santiago es por ello que tener una planta de energ\u00eda constante suele ser dif\u00edcil de mantener debido a da\u00f1os ocasionados por el clima.<\/li>\n<li>Dificultad geogr\u00e1fica, como ya se mencion\u00f3 la zona en la que se encuentra el distrito de R\u00edo Santiago por su ubicaci\u00f3n seg\u00fan estudios es dif\u00edcil de implementar la luz el\u00e9ctrica.<\/li>\n<li>Falta de acceso\u00a0 a fuentes de energ\u00eda, es importante mencionar que una de las causas m\u00e1s sobresalientes es que el distrito de R\u00edo Santiago no cuenta con acceso a fuentes de energ\u00edas modernas.<\/li>\n<\/ul>\n<p style=\"text-align: justify\">Cabe recalcar, que para poder dar soluci\u00f3n a cada una de estas causas que impiden el acceso a luz el\u00e9ctrica a la zona ubicada en la provincia de Condorcanqui es importante considerar las necesidades espec\u00edficas que requiera esta regi\u00f3n y por ende su comunidad con el fin de garantizar el acceso equitativo y constante de la electricidad.\u00a0<\/p>\n<h6 style=\"text-align: justify\"><strong>IMPLEMENTACI\u00d3N DE SOLUCIONES<\/strong><strong>\u00a0<\/strong><\/h6>\n<h6 style=\"text-align: justify\"><strong>Implementaci\u00f3n de una <\/strong><strong>turbina Hidrocin\u00e9tica en el distrito R\u00edo de Santiago<\/strong>\u00a0<\/h6>\n<p style=\"text-align: justify\">Al revisar los reportes de electrificaci\u00f3n en las zonas aleda\u00f1as del rio Santiago, se registr\u00f3 que este cuenta con una de las peores conexiones a la red del pa\u00eds, en las cuales sus pobladores, no cuentan con un servicio b\u00e1sico como la electricidad. Por esta raz\u00f3n, que se propone, la implementaci\u00f3n de una turbina hidro cin\u00e9tica en el distrito de Santiago para el a\u00f1o 2025 y con ello poder dar soluci\u00f3n a este problema que viene aquejando a sus pobladores desde hace muchos a\u00f1os.\u00a0\u00a0<\/p>\n<p style=\"text-align: justify\">La energ\u00eda hidro cin\u00e9tica se puede describir como la energ\u00eda que se aprovecha del agua que fluye de los r\u00edos o de corrientes oce\u00e1nicas. Esto incluye a la energ\u00eda de las ondas oce\u00e1nicas, energ\u00eda de las mareas y energ\u00eda fluvial en corrientes de pongos u otros fen\u00f3menos hidrol\u00f3gicos que generen velocidad en el agua. Las turbinas hidro cin\u00e9ticas ofrecen muchas ventajas en comparaci\u00f3n a las centrales, ya que son sistemas port\u00e1tiles con un costo inicial relativamente peque\u00f1o, una infraestructura menos complicada y son f\u00e1ciles de implementar sin necesidad de da\u00f1ar a la naturaleza.<\/p>\n<p style=\"text-align: justify\"><strong>Imagen N\u00b0 07<br \/><\/strong><em>Turbina hidrocinetica<\/em><em>\u00a0<\/em><\/p>\n<p style=\"text-align: justify\"><strong><br \/>Fuente:<\/strong> <a href=\"https:\/\/ekkogreen.com.br\/turbina-hidrocinetica-fluxo-agua\/\">https:\/\/ekkogreen.com.br\/turbina-hidrocinetica-fluxo-agua\/<\/a>\u00a0<\/p>\n<p style=\"text-align: justify\"><strong><em>Nota:<\/em><\/strong><em> La turbina hidrocinetica produce cerca de 10 kWh de energ\u00eda al d\u00eda<\/em><em>\u00a0<\/em><\/p>\n<p style=\"text-align: justify\"><img loading=\"lazy\" decoding=\"async\" class=\"alignnone size-full wp-image-2767\" src=\"https:\/\/www.administracion.usmp.edu.pe\/revista-digital-usmp\/wp-content\/uploads\/sites\/47\/2023\/12\/Imagen7.jpg\" alt=\"\" width=\"1098\" height=\"719\" srcset=\"https:\/\/www.administracion.usmp.edu.pe\/revista-digital-usmp\/wp-content\/uploads\/sites\/47\/2023\/12\/Imagen7.jpg 1098w, https:\/\/www.administracion.usmp.edu.pe\/revista-digital-usmp\/wp-content\/uploads\/sites\/47\/2023\/12\/Imagen7-768x503.jpg 768w\" sizes=\"(max-width: 1098px) 100vw, 1098px\" \/><\/p>\n<p style=\"text-align: justify\">Los procesos de este tipo de energ\u00eda se basan en la utilizaci\u00f3n de la energ\u00eda cin\u00e9tica que posee el agua en movimiento; es decir, el agua con energ\u00eda cin\u00e9tica mueve las aspas de un hidro generador realizando un movimiento mec\u00e1nico, el cual es convertido por el generador en energ\u00eda el\u00e9ctrica, y esta es transferida a trav\u00e9s de las l\u00edneas de transmisi\u00f3n a todos los puntos de consumo, seg\u00fan las necesidades de los consumidores.<\/p>\n<p style=\"text-align: justify\">Las turbinas hidro-cin\u00e9ticas representan una forma de energ\u00eda renovable muy buena, ya que, estas no impactan negativamente el medio ambiente y promueven la generaci\u00f3n \u201cverde\u201d, contribuyen de manera importante y junto a otros tipos de generaci\u00f3n de energ\u00eda renovable, podr\u00edan aliviar la necesidad de combustibles f\u00f3siles para una vida energ\u00e9ticamente sostenible.<\/p>\n<p style=\"text-align: justify\">Por su simplicidad, estos dispositivos pueden beneficiar ampliamente a comunidades rurales desconectadas de los sistemas energ\u00e9ticos nacionales, y pueden contribuir al mejoramiento de las condiciones de calidad vida de los pobladores de la zona.\u00a0<\/p>\n<p style=\"text-align: justify\">Adem\u00e1s de estos beneficios ecol\u00f3gicos, este tipo de tecnolog\u00edas se caracterizan por sus bajos costos, ya que, requieren en menor proporci\u00f3n del uso de estructuras civiles, lo que resulta una disminuci\u00f3n del costo de la inversi\u00f3n, incluido menores gastos de operaci\u00f3n y mantenimiento y, por ende, la posibilidad de producir el kilovatio con una energ\u00eda mucho m\u00e1s barata. Seg\u00fan Mesa, J (2020) afirma que: \u00a0<\/p>\n<p style=\"text-align: justify\">(&#8230;) el costo total de la turbina hidro-cin\u00e9tica es de 2200 d\u00f3lares, en cambio, en un proyecto de generaci\u00f3n hidr\u00e1ulica, el costo de los equipos; entre los que se incluyen la turbina, el generador el\u00e9ctrico y dem\u00e1s, tienen un porcentaje que puede aumentar entre el 30%, 40% y en algunos casos puede llegar a m\u00e1s del 50% del presupuesto total, bordeando los 7693 d\u00f3lares. (p.128)<\/p>\n<p style=\"text-align: justify\">Debido a los muchos de sus aspectos positivos, en la actualidad, la cantidad de proyectos hidro cin\u00e9ticos han ido aumentando; por ejemplo, en el Reino Unido, se construy\u00f3 la turbina hidro cin\u00e9tica m\u00e1s grande del mundo, conocida como Scotland\u2019s MeyGen, la cual, en el a\u00f1o 2018 termin\u00f3 generando 10 GWh, la cantidad de electricidad para que 2800 hogares escoceses tengan la posibilidad de ya tener este servicio elemental. Otro ejemplo es la Sea Gen que se instal\u00f3 en Strangford Narrows ubicada en Irlanda del Norte y en Escocia, tenemos el desarrollo de la fase del proyecto MeyGen, la cual, ya est\u00e1 casi por culminar.<\/p>\n<p style=\"text-align: justify\">Con esta propuesta de implementaci\u00f3n al a\u00f1o 2025, se espera dar soluci\u00f3n al problema central del distrito del r\u00edo Santiago a un mediano y largo plazo, de esta forma se podr\u00e1 contrarrestar la falta de energ\u00eda el\u00e9ctrica, adem\u00e1s de generar una fuente de energ\u00eda renovable y que llegar\u00e1 a m\u00e1s zonas de la amazonia peruana. Si solo miramos cifras, seg\u00fan el Plan Binacional de Desarrollo. (2023) <em>\u201c&#8230;m\u00e1s de 28,000 pobladores de la regi\u00f3n Amazonas se beneficiar\u00e1n con el servicio de electricidad y sobre todo m\u00e1s zonas tendr\u00e1n energ\u00eda renovable\u201d.<\/em> As\u00ed mismo, esto permitir\u00e1 el desarrollo de la zona y de la poblaci\u00f3n, al contar por fin de forma progresiva con este tan anhelado recurso, el cual, es la electricidad.\u00a0\u00a0<\/p>\n<h6 style=\"text-align: justify\"><strong>OPORTUNIDADES DE DESARROLLO<\/strong><strong>\u00a0<\/strong><\/h6>\n<h6 style=\"text-align: justify\"><strong>Oportunidades de desarrollo que se generan gracias a la implementaci\u00f3n de esta turbina a la poblaci\u00f3n de Santiago<\/strong>\u00a0<\/h6>\n<p style=\"text-align: justify\">Una oportunidad de desarrollo es la intervenci\u00f3n del estado al publicar el 14 de julio del 202 es Decreto Supremo N\u00b0 28749 \u2013 Ley General de Electrificaci\u00f3n Rural, teniendo como objetivo impulsar el desarrollo de proyectos que permitan brindar electricidad a las poblaciones que no la tienen (Ministerio de Energ\u00eda y Minas del Per\u00fa, 2020).\u00a0<\/p>\n<p style=\"text-align: justify\">La implementaci\u00f3n de esta turbina en la comunidad de Santiago permitir\u00e1 que la comunidad de Santiago se desarrolle en los siguientes aspectos:<\/p>\n<ul style=\"text-align: justify\">\n<li>Salud\n<ul>\n<li>Se podr\u00e1 almacenar medicamentos que necesiten estar refrigerados.<\/li>\n<li>Se podr\u00e1n utilizar equipos m\u00e9dicos que utilicen electricidad como un monitor de signos vitales y desfibriladores.<\/li>\n<li>Atenci\u00f3n 24 horas en el centro de salud.<\/li>\n<li>Telemedicina<\/li>\n<\/ul>\n<\/li>\n<\/ul>\n<ul style=\"text-align: justify\">\n<li>Educaci\u00f3n\n<ul>\n<li>Capacitaciones a los docentes a trav\u00e9s de videoconferencias<\/li>\n<li>Teleeducaci\u00f3n para complementar los conocimientos escolares como clases de ingl\u00e9s y de computaci\u00f3n.<\/li>\n<li>Clases virtuales de instituciones t\u00e9cnicas y universitarias para los que terminan quinto de secundaria.<\/li>\n<li>Implementaci\u00f3n de las clases en turno tarde y noche.<\/li>\n<\/ul>\n<\/li>\n<\/ul>\n<ul style=\"text-align: justify\">\n<li>Seguridad\n<ul>\n<li>Se podr\u00e1n hacer patrullajes nocturnos en prevenci\u00f3n al crimen<\/li>\n<li>Mejores condiciones para realizar una seguridad comunitaria<\/li>\n<li>Instalaci\u00f3n de alumbrado p\u00fablico<\/li>\n<li>Instalaci\u00f3n de c\u00e1maras de seguridad en los negocios<\/li>\n<\/ul>\n<\/li>\n<\/ul>\n<ul style=\"text-align: justify\">\n<li>Trabajo\n<ul>\n<li>Talleres para reparar electrodom\u00e9sticos<\/li>\n<li>Ventas de electrodom\u00e9sticos<\/li>\n<li>Alquiler por horas de cabinas de internet<\/li>\n<li>Mejora del cultivo trav\u00e9s de capacitaciones virtuales<\/li>\n<\/ul>\n<\/li>\n<\/ul>\n<h6 style=\"text-align: justify\"><strong>CONCLUSIONES<\/strong><\/h6>\n<p style=\"text-align: justify\">En conclusi\u00f3n la Amazon\u00eda peruana es considerada como una de las principales fuentes de recursos naturales del mundo gracias a su biodiversidad, cuenta con una extensi\u00f3n que representanta el aproximadamente 62% del territorio peruano,\u00a0adem\u00e1s es rica en poseer una diversidad \u00e9tnica, ling\u00fc\u00edstica y cultura; sin embargo, tambi\u00e9n es una de las zonas m\u00e1s pobres del pa\u00eds, y ello se ve evidenciado en sus diversos problemas, como lo son son la falta de educaci\u00f3n, d\u00e9ficit en la calidad de vida de sus ciudadanos, y sobre todo falta de acceso a la electricidad.<\/p>\n<p style=\"text-align: justify\">Por ejemplo, en la zona del distrito del Rio de Santiago, se cuenta con infraestructura inadecuada e incluso una falta de recursos financieros, la cual, nos muestra la otra cara de la moneda de su realidad actual.\u00a0Algunas de las causas de falta de acceso a electricidad que se presenta son Infraestructura inadecuada, Factores clim\u00e1ticos, Dificultad geogr\u00e1fica, entre otros.<\/p>\n<p style=\"text-align: justify\">\u00a0Es por ello que se present\u00f3 la propuesta de la implementaci\u00f3n de una turbina hidrocin\u00e9tica en el distrito de Santiago para el a\u00f1o 2025 con el fin de acabar con el principal problema la falta de acceso a energ\u00eda y electricidad, promoviendo energ\u00eda limpia a la poblaci\u00f3n y con ella, m\u00e1s oportunidades de desarrollo.\u00a0\u00a0<\/p>\n<p style=\"text-align: justify\">El acceso a la energ\u00eda el\u00e9ctrica permitir\u00e1 a la comunidad de Santiago mejorar las condiciones econ\u00f3micas, al abrir las posibilidades de instalar nuevos negocios, de educaci\u00f3n, al dar acceso a clases virtuales, de salud, al poder adquirir mejores implementos, de trabajo, de seguridad, al tener alumbrado p\u00fablico, que permitir\u00e1 una mejor vigilancia; mejorando de esta manera la calidad de vida de toda la comunidad.<\/p>\n<p style=\"text-align: justify\">Con la presente propuesta se podr\u00e1 dar soluci\u00f3n al problema que enfrenta el distrito del Rio de Santiago; ya que, esto permitir\u00e1 que tengan acceso a luz el\u00e9ctrica y energ\u00eda eco amigable, mejorar la calidad de vida, facilitando el trabajo, estudio y otras actividades de la comunidad. Adem\u00e1s, que se promueve a que m\u00e1s personas puedan conocer la importancia del ODS 7 \u201cEnerg\u00eda Asequible Y No Contaminante\u201d e implementar planes de desarrollo a futuro para otras regiones del pa\u00eds.<\/p>\n<p style=\"text-align: justify\">\u00a0<\/p>\n<h6 style=\"text-align: justify\"><strong>GLOSARIO<\/strong><\/h6>\n<ul style=\"text-align: justify\">\n<li>Amazon\u00eda peruana: La Amazon\u00eda en Per\u00fa destaca por su inmensa biodiversidad y la presencia de especies \u00fanicas en el mundo, adem\u00e1s de ser la zona del pa\u00eds con menos habitantes (Congreso del Per\u00fa, 2021)\u00a0<\/li>\n<li>Electricidad: Tipo de energ\u00eda que genera resultados visibles, movimientos mec\u00e1nicos, calor, reacciones qu\u00edmicas, entre otros, debido a la disociaci\u00f3n o movimiento de los electrones constituyentes de los \u00e1tomos (Oxford Languages, 2023)\u00a0<\/li>\n<li>Per\u00fa: Pa\u00eds de Sudam\u00e9rica que abarca una secci\u00f3n del bosque del Amazonas y Machu Picchu, una antigua ciudad inca en las alturas de los Andes (Google, 2023)\u00a0<\/li>\n<li>Turbina Hidrocin\u00e9tica: Turbina hidrocin\u00e9tica de eje horizontal dise\u00f1ada para adaptarse al entorno y generar energ\u00eda el\u00e9ctrica a partir de la energ\u00eda cin\u00e9tica disponible en las corrientes de agua, ya sea en el lecho del r\u00edo o en un canal artificial (Universidad de Antioquia, 2023)\u00a0<\/li>\n<li>Asequible: Que puede alcanzarse o conseguirse (Oxford Languages, 2023)\u00a0<\/li>\n<\/ul>\n<p style=\"text-align: justify\"><strong>\u00a0<\/strong><\/p>\n<h6 style=\"text-align: justify\"><strong>REFERENCIAS<\/strong><\/h6>\n<p style=\"text-align: justify\">Banco Mundial. (2024). Electricidad para las comunidades rurales en el Per\u00fa. <a href=\"https:\/\/www.bancomundial.org\/es\/results\/2014\/09\/24\/peru-brings-electricity-to-rural-communities\">https:\/\/www.bancomundial.org\/es\/results\/2014\/09\/24\/peru-brings-electricity-to-rural-communities<\/a>\u00a0<\/p>\n<p style=\"text-align: justify\">Congreso del Per\u00fa. (2021). Amazon\u00eda Peruana. <a href=\"https:\/\/www2.congreso.gob.pe\/sicr\/cendocbib\/con2_uibd.nsf\/F8440238F27FDE78052575D600683BBE\/$FILE\/Amazonia_Peruana.pdf\">https:\/\/www2.congreso.gob.pe\/sicr\/cendocbib\/con2_uibd.nsf\/F8440238F27FDE78052575D600683BBE\/$FILE\/Amazonia_Peruana.pdf<\/a>\u00a0<\/p>\n<p style=\"text-align: justify\">Google. (2023). Per\u00fa. <a href=\"https:\/\/g.co\/kgs\/wDA5UT\u00a0\">https:\/\/g.co\/kgs\/wDA5UT\u00a0<\/a><\/p>\n<p style=\"text-align: justify\">Mesa, J. (2020). Simulaci\u00f3n y an\u00e1lisis de turbinas hidrocin\u00e9ticas y generadores de imanes permanentes en una microrred. <a href=\"https:\/\/repository.upb.edu.co\/bitstream\/handle\/20.500.11912\/4971\/Simulaci%C3%B3n_an%C3%A1lisis_turbinas_hidrocin%C3%A9ticas.pdf\">https:\/\/repository.upb.edu.co\/bitstream\/handle\/20.500.11912\/4971\/Simulaci%C3%B3n_an%C3%A1lisis_turbinas_hidrocin%C3%A9ticas.pdf<\/a><\/p>\n<p style=\"text-align: justify\">Ministerio de Energ\u00eda y Minas del Per\u00fa. (2020). Gobierno aprueba nuevo reglamento de la Ley General de Electrificaci\u00f3n Rural. <a href=\"https:\/\/www.gob.pe\/institucion\/minem\/noticias\/208702-gobierno-aprueba-nuevo-reglamento-de-la-ley-general-de-electrificacion-rural\u00a0\u00a0\">https:\/\/www.gob.pe\/institucion\/minem\/noticias\/208702-gobierno-aprueba-nuevo-reglamento-de-la-ley-general-de-electrificacion-rural\u00a0\u00a0<\/a><\/p>\n<p style=\"text-align: justify\">Ministerio de Energ\u00eda y Minas del Per\u00fa. (2022) Estad\u00edstica el\u00e9ctrica por regi\u00f3n 2022 <a href=\"https:\/\/cdn.www.gob.pe\/uploads\/document\/file\/5273835\/4739790-regiones-2022.pdf?v=1697152202\">https:\/\/cdn.www.gob.pe\/uploads\/document\/file\/5273835\/4739790-regiones-2022.pdf?v=1697152202<\/a><\/p>\n<p style=\"text-align: justify\">Light Up the World (s.f). <em>La Amazon\u00eda peruana: Una de las fuentes m\u00e1s grandes de recursos naturale<\/em>s\u00a0 <a href=\"https:\/\/lutw.org\/es\/realidad-y-necesidades-de-la-amazonia-peruana-recursos-energeticos-educacion-e-interculturalidad\/\">https:\/\/lutw.org\/es\/realidad-y-necesidades-de-la-amazonia-peruana-recursos-energeticos-educacion-e-interculturalidad\/<\/a><\/p>\n<p style=\"text-align: justify\">LUTW. (S.F)\u00a0 Importante progreso en las \u00faltimas d\u00e9cadas\u00a0 <a href=\"https:\/\/lutw.org\/es\/la-ods7-en-el-peru\/\">https:\/\/lutw.org\/es\/la-ods7-en-el-peru\/<\/a><\/p>\n<p style=\"text-align: justify\">Oxford languages. (2023) Significado de electricidad. <a href=\"https:\/\/languages.oup.com\/google-dictionary-es\/\">https:\/\/languages.oup.com\/google-dictionary-es\/<\/a>\u00a0<\/p>\n<p style=\"text-align: justify\">Oxford languages. (2023) Significado de Asequible. <a href=\"https:\/\/languages.oup.com\/google-dictionary-es\/\">https:\/\/languages.oup.com\/google-dictionary-es\/<\/a>\u00a0<\/p>\n<p style=\"text-align: justify\">Plan Binacional de Desarrollo. (2023). Estudio hidromorfol\u00f3gico en el r\u00edo Santiago. <a href=\"https:\/\/planbinacional.org.pe\/se-inicia-estudio-hidromorfologico-en-el-rio-santiago-para-mejorar-su-navegabilidad\/\">https:\/\/planbinacional.org.pe\/se-inicia-estudio-hidromorfologico-en-el-rio-santiago-para-mejorar-su-navegabilidad\/<\/a>\u00a0<\/p>\n<p style=\"text-align: justify\">Portal Web Cuevas del Per\u00fa. (2019). Imagen del r\u00edo Santiago. <a href=\"https:\/\/cuevasdelperu.org\/tag\/rio-santiago\/\">https:\/\/cuevasdelperu.org\/tag\/rio-santiago\/<\/a>\u00a0<\/p>\n<p style=\"text-align: justify\">Universidad de Antioquia. (2023). Turbinas hidrocin\u00e9ticas para la generaci\u00f3n de energ\u00eda el\u00e9ctrica. <a href=\"https:\/\/www.udea.edu.co\/wps\/portal\/udea\/web\/inicio\/extension\/portafoliotecnologico\/articulos\/turbinas-hidrocineticas-generacion-energia#:~:text=Turbina%20hidrocin%C3%A9tica%20de%20eje%20horizontal,tan%20solo%201.5%20m%2Fs\">https:\/\/www.udea.edu.co\/wps\/portal\/udea\/web\/inicio\/extension\/portafoliotecnologico\/articulos\/turbinas-hidrocineticas-generacion-energia#:~:text=Turbina%20hidrocin%C3%A9tica%20de%20eje%20horizontal,tan%20solo%201.5%20m%2Fs<\/a>.\u00a0<\/p>\n<p style=\"text-align: justify\">UTEC. (2015).\u00a0 <em>42% de las zonas rurales de la selva no cuenta con energ\u00eda el\u00e9ctrica<\/em> <a href=\"https:\/\/utec.edu.pe\/42-de-las-zonas-rurales-de-la-selva-no-cuenta-con-energia-electrica\">https:\/\/utec.edu.pe\/42-de-las-zonas-rurales-de-la-selva-no-cuenta-con-energia-electrica<\/a><\/p>\n<p style=\"text-align: justify\">UTEC. [Universidad de Ingenier\u00eda y tecnolog\u00eda &#8211; UTEC] (2015). Ilumina la Selva: Conoce la problem\u00e1tica de nueva Saposoa [Archivo de Video]. YouTube. https:\/\/www.youtube.com\/watch?v=P46XvWs5yco<\/p>\n","protected":false},"featured_media":2844,"comment_status":"closed","ping_status":"closed","template":"","meta":{"footnotes":""},"entrada_7_categoria":[73],"class_list":["post-3383","entrada_7","type-entrada_7","status-publish","has-post-thumbnail","hentry","entrada_7_categoria-articulos-alumnos"],"_links":{"self":[{"href":"https:\/\/www.administracion.usmp.edu.pe\/revista-digital-usmp\/wp-json\/wp\/v2\/entrada_7\/3383","targetHints":{"allow":["GET"]}}],"collection":[{"href":"https:\/\/www.administracion.usmp.edu.pe\/revista-digital-usmp\/wp-json\/wp\/v2\/entrada_7"}],"about":[{"href":"https:\/\/www.administracion.usmp.edu.pe\/revista-digital-usmp\/wp-json\/wp\/v2\/types\/entrada_7"}],"replies":[{"embeddable":true,"href":"https:\/\/www.administracion.usmp.edu.pe\/revista-digital-usmp\/wp-json\/wp\/v2\/comments?post=3383"}],"version-history":[{"count":1,"href":"https:\/\/www.administracion.usmp.edu.pe\/revista-digital-usmp\/wp-json\/wp\/v2\/entrada_7\/3383\/revisions"}],"predecessor-version":[{"id":3438,"href":"https:\/\/www.administracion.usmp.edu.pe\/revista-digital-usmp\/wp-json\/wp\/v2\/entrada_7\/3383\/revisions\/3438"}],"wp:featuredmedia":[{"embeddable":true,"href":"https:\/\/www.administracion.usmp.edu.pe\/revista-digital-usmp\/wp-json\/wp\/v2\/media\/2844"}],"wp:attachment":[{"href":"https:\/\/www.administracion.usmp.edu.pe\/revista-digital-usmp\/wp-json\/wp\/v2\/media?parent=3383"}],"wp:term":[{"taxonomy":"entrada_7_categoria","embeddable":true,"href":"https:\/\/www.administracion.usmp.edu.pe\/revista-digital-usmp\/wp-json\/wp\/v2\/entrada_7_categoria?post=3383"}],"curies":[{"name":"wp","href":"https:\/\/api.w.org\/{rel}","templated":true}]}}