{"id":3352,"date":"2023-08-09T12:12:41","date_gmt":"2023-08-09T17:12:41","guid":{"rendered":"https:\/\/www.administracion.usmp.edu.pe\/revista-digital-usmp\/?p=951"},"modified":"2024-07-23T19:19:23","modified_gmt":"2024-07-24T00:19:23","slug":"relacion-conflicto-familia-trabajo-sobre-la-satisfaccion-de-vida-en-mujeres-trabajadoras-en-el-sector-de-servicio-de-grandes-empresas-en-lima-metropolitana-en-el-ano-2023","status":"publish","type":"entrada_6","link":"https:\/\/www.administracion.usmp.edu.pe\/revista-digital-usmp\/entrada_6\/relacion-conflicto-familia-trabajo-sobre-la-satisfaccion-de-vida-en-mujeres-trabajadoras-en-el-sector-de-servicio-de-grandes-empresas-en-lima-metropolitana-en-el-ano-2023\/","title":{"rendered":"Relaci\u00f3n conflicto familia-trabajo sobre la satisfacci\u00f3n de vida en mujeres trabajadoras en el sector de servicio de grandes empresas en Lima Metropolitana en el a\u00f1o 2023"},"content":{"rendered":"\n<p style=\"text-align: justify;\"><strong>Estudiante:\u00a0<\/strong><br \/>Chunga Hern\u00e1ndez, Juan Pedro\u00a0<strong><br \/><\/strong><a href=\"mailto:juan_chunga1@usmp.pe\">juan_chunga1@usmp.pe\u00a0<\/a><\/p>\n<p style=\"text-align: justify;\">Escuela de Pregrado\u00a0<br \/>Facultad de Ciencias Administrativas y Recursos Humanos\u00a0<br \/>Universidad de San Martin de Porres\u00a0<br \/>Lima, Per\u00fa\u00a0<br \/><a href=\"https:\/\/orcid.org\/0009-0005-6024-6701\">https:\/\/orcid.org\/0009-0005-6024-6701\u00a0<\/a><\/p>\n<h5 style=\"text-align: justify;\">\u00a0<\/h5>\n<h5 style=\"text-align: justify;\"><strong>RESUMEN<\/strong><\/h5>\n<p style=\"text-align: justify;\">El presente estudio tiene como objetivo determinar la relaci\u00f3n entre el conflicto familia-trabajo y la satisfacci\u00f3n de vida en mujeres trabajadoras en el sector servicio. Se encuest\u00f3 a 93 trabajadoras de grandes empresas de Lima metropolitana. Se aplic\u00f3 la t\u00e9cnica estad\u00edstica de Spearman. Se encontr\u00f3 relaci\u00f3n inversa d\u00e9bil entre conflicto familia-trabajo y satisfacci\u00f3n de vida (rs= -.398, p&lt; .001). Considerando los hallazgos, se sugiere que las empresas implementen pol\u00edticas inclusivas para empoderar a las trabajadoras en la gesti\u00f3n de su vida laboral y familiar.<\/p>\n<h5 style=\"text-align: justify;\"><strong>ABSTRAC<\/strong><\/h5>\n<p style=\"text-align: justify;\">The present study aims to determine the relationship between work-family conflict and life satisfaction among female workers in the service sector. A survey was conducted with 93 employees from large companies in the metropolitan area of Lima. The UTH-9 and Figeral (1996) structured questionnaire was used, and the Spearman statistical technique was applied. A weak inverse association was observed between family-work conflict and life satisfaction (rs= -.398, p&lt; .001). Based on the findings, it is suggested that companies implement inclusive policies to empower female workers in managing their work and family life.<\/p>\n<p>\u00a0<\/p>\n<h5 style=\"text-align: justify;\"><strong>INTRODUCCI\u00d3N<\/strong><\/h5>\n<p style=\"text-align: justify;\">El conflicto familia-trabajo (CFT) se refiere a una situaci\u00f3n en la que las demandas y responsabilidades laborales interfieren con las obligaciones o responsabilidades familiares de una persona. Ocurre cuando una persona experimenta estr\u00e9s o tensi\u00f3n que surge de las demandas contrapuestas entre sus roles laborales y familiares. Esto puede tener consecuencias negativas tanto para el trabajo como para la familia, lo que lleva a una menor satisfacci\u00f3n laboral, una disminuci\u00f3n del bienestar familiar y una calidad de vida en general reducida (Netemeyer, McMurrian y Boles, 1996; Yuswanti, Saefuddin, Said y Suleman, 2021; Weer y Greenhaus, 2014). Por otro lado, la satisfacci\u00f3n de vida (SV) se refiere al juicio subjetivo de una persona sobre su vida como un todo, en funci\u00f3n de sus metas, valores y expectativas personales. Es una evaluaci\u00f3n cognitiva y afectiva de las circunstancias de la vida de cada persona (O\u0308zmen, O\u0308zkan, Ozer y Yanardag\u0306, 2021; S\u0327ahin, O\u0308zer y Yanardag\u0306, 2019; Joshanloo y Jovanovic, 2019).<\/p>\n<p style=\"text-align: justify;\">A nivel global, el 41% de los trabajadores encuestados en todo el mundo informaron de que su trabajo interfiere con sus responsabilidades familiares al menos algunas veces al mes (Organizaci\u00f3n Internacional del Trabajo, 2019).<\/p>\n<p style=\"text-align: justify;\">A nivel Am\u00e9rica Latina, una encuesta realizada por la empresa consultora Mercer, el 41% de los trabajadores de Am\u00e9rica Latina informan que su trabajo interfiere con sus responsabilidades familiares al menos algunas veces al mes (Mercer, 2022).<\/p>\n<p style=\"text-align: justify;\">A nivel de Per\u00fa, el n\u00famero de mujeres que trabajan ha aumentado un 23.2% del a\u00f1o 2005 al a\u00f1o 2016, esto se debe a que la mujer se ha incorporado m\u00e1s a la vida econ\u00f3mica y se relaciona con una menor tasa de embarazos y un mayor acceso a la educaci\u00f3n. Logrando as\u00ed\u0301 su ingreso al mercado laboral (Instituto Nacional de Estad\u00edstica e Inform\u00e1tica, 2021).<\/p>\n<p style=\"text-align: justify;\">Por otra parte, el conflicto familia-trabajo genera estr\u00e9s y ansiedad en las personas, y afecta negativamente su bienestar y rendimiento tanto en el trabajo como en su vida personal (Rhnima, Richard, N\u00fa\u00f1ez y Pousa, 2016). Al mismo tiempo, la satisfacci\u00f3n de vida genera mayor bienestar emocional, mayor salud f\u00edsica, relaciones interpersonales m\u00e1s positivas y mayor sentido de prop\u00f3sito en la vida (Garc\u00eda-Alandete, 2014).<\/p>\n<p style=\"text-align: justify;\">En esa misma l\u00ednea, estudios realizados en India, Argentina y Corea del Sur, en diferentes sectores como el sector a\u00e9reo, y mujeres que trabajan a tiempo completo y estudiantes que trabajan a tiempo parcial, evidencian que existe una relaci\u00f3n significativa entre el conflicto familia trabajo sobre la satisfacci\u00f3n de vida de las mujeres (Balamurugan et. al., 2020; Erdal, 2020; Talip et al., 2021; Lim, 2023).<\/p>\n<p style=\"text-align: justify;\">Seg\u00fan lo mencionado, se ha detectado un \u00e1rea por investigar, dado que la mayor\u00eda de los estudios se han enfocado en determinar la satisfacci\u00f3n laboral a consecuencia del conflicto familia trabajo, pero a\u00fan no hay ning\u00fan estudio que evidencie la relaci\u00f3n de este conflicto en Lima metropolitana con la satisfacci\u00f3n de la vida.<\/p>\n<p style=\"text-align: justify;\">Adem\u00e1s, se ha considerado exclusivamente a mujeres trabajadoras debido a que seg\u00fan la encuesta del INEI (2010), las mujeres tienen una mayor presencia en trabajos dom\u00e9sticos no remunerados en comparaci\u00f3n con los hombres. Espec\u00edficamente, se destaca una diferencia significativa en las actividades culinarias, donde el 94,5% de las mujeres encuestadas participan activamente, en contraste con el 68,5% de los hombres.<\/p>\n<p style=\"text-align: justify;\">Por lo tanto, el objetivo de esta investigaci\u00f3n es determinar la relaci\u00f3n conflicto familia-trabajo y la satisfacci\u00f3n de vida en mujeres trabajadoras de Lima Metropolitana en el a\u00f1o 2023.<\/p>\n<p style=\"text-align: justify;\">\u00a0<\/p>\n<h5 style=\"text-align: justify;\"><strong>M\u00c9TODO<\/strong><\/h5>\n<h6 style=\"text-align: justify;\"><strong><em>Participantes<\/em><\/strong><\/h6>\n<p style=\"text-align: justify;\">Se realiz\u00f3 una encuesta a 93 trabajadoras del sector servicio de 4 empresas grandes. Las empresas fueron: el colegio \u201cSant\u00edsimo nombre de Jes\u00fas\u201d en el distrito de San Borja, el colegio \u201cMelvin Jones\u201d en el distrito de San Luis, la empresa \u201cMovistar\u201d en el distrito de Surquillo y la empresa \u201cPandero\u201d en el distrito de San Isidro.<\/p>\n<p style=\"text-align: justify;\">Tal como se muestra en la tabla 1, se observa que aproximadamente un tercio de las participantes tiene una antig\u00fcedad laboral superior a 10 a\u00f1os. Adem\u00e1s, m\u00e1s del 80% cuenta con un contrato indefinido y casi la mitad percibe un salario superior a 3000 soles, perteneciendo al rubro comercial. M\u00e1s del 50% trabaja entre 40 y 48 horas semanales y casi el 90% ocupa el puesto de empleada dentro de la empresa. Asimismo, m\u00e1s de la mitad tiene hijos, mientras que m\u00e1s del 50% tiene un estado civil de soltera. En cuanto a la formaci\u00f3n acad\u00e9mica, m\u00e1s del 80% cuenta con estudios universitarios superiores y la edad promedio es de 38 a\u00f1os.<\/p>\n<p style=\"text-align: justify;\">Tabla 1.<strong><br \/><\/strong><em>Caracter\u00edsticas de la muestra<br \/><img fetchpriority=\"high\" decoding=\"async\" class=\"alignnone size-full wp-image-1846\" src=\"https:\/\/www.administracion.usmp.edu.pe\/revista-digital-usmp\/wp-content\/uploads\/sites\/47\/2023\/08\/Tabla1_chunga.png\" alt=\"\" width=\"421\" height=\"734\" \/><\/em><\/p>\n<h6 style=\"text-align: justify;\"><strong><em>Procedimiento de recolecci\u00f3n de datos<\/em><\/strong><\/h6>\n<p style=\"text-align: justify;\">La t\u00e9cnica utilizada para la recolecci\u00f3n de datos fue la encuesta, utilizando un cuestionario estructurado como instrumento. La encuesta se llev\u00f3 a cabo de manera presencial, siguiendo el formato de auto reporte.<\/p>\n<p style=\"text-align: justify;\">En este caso espec\u00edfico, me dirig\u00ed a la empresa donde trabajan algunos familiares y amigos de familiares, y se les entreg\u00f3 la encuesta a todas las mujeres que formaban parte del \u00e1rea de servicio de las diferentes grandes empresas. Estas empresas incluyeron el colegio \u00abSant\u00edsimo Nombre de Jes\u00fas\u00bb, el colegio \u00abMelvin Jones\u00bb, \u00abMovistar\u00bb y \u00abPandero\u00bb. Previamente, se obtuvo el permiso de los responsables del \u00e1rea, quienes fueron los directores de los colegios y los supervisores de turno de las otras dos empresas.<\/p>\n<p style=\"text-align: justify;\">Se les proporcion\u00f3 informaci\u00f3n acerca del objetivo y prop\u00f3sito del estudio, as\u00ed como se les asegur\u00f3 que su participaci\u00f3n no era obligatoria, sino completamente voluntaria. A continuaci\u00f3n, se les entreg\u00f3 un cuestionario junto con un lapicero, y se les concedi\u00f3 un per\u00edodo de 5 minutos para completarlo. Al finalizar el cuestionario, se les pregunt\u00f3 si ten\u00edan alguna pregunta adicional relacionada con el mismo. Por \u00faltimo, se expres\u00f3 agradecimiento a todas las participantes por su colaboraci\u00f3n y se procedi\u00f3 a abandonar la instituci\u00f3n.<\/p>\n<h6 style=\"text-align: justify;\"><strong><em>Instrumento<\/em><\/strong><\/h6>\n<p style=\"text-align: justify;\">El cuestionario est\u00e1 conformado por 4 secciones, que a continuaci\u00f3n ser\u00e1n detalladas:<\/p>\n<ol style=\"text-align: justify;\">\n<li><strong>Informaci\u00f3n laboral. <\/strong>Se indaga la antig\u00fcedad laboral, el tipo de contrato, la remuneraci\u00f3n mensual, el rubro de la empresa, la cantidad de horas trabajadas a la semana y el cargo que tiene la persona encuestada.<\/li>\n<li><strong>Informaci\u00f3n demogr\u00e1fica. <\/strong>Se indaga la edad, la cantidad de hijos, el estado civil y el nivel de estudios de la persona encuestada.<\/li>\n<li><strong>Conflicto familia-trabajo. <\/strong>Mide el nivel de relaci\u00f3n que existe entre las labores del hogar y las responsabilidades en el trabajo. Esta escala est\u00e1 formada por 4 indicadores de esta variable latente, los cuales se basaron en Y\u00e1nez (2020). Considerando el estudio de Y\u00e1nez (2020), la fiabilidad de esta variable fue el Alfa de Cronbach que vario\u0301 entre .86-.94 y la validez fue del 75% de la varianza (cargas factoriales entre .63-.87). La escala de medici\u00f3n es ordinal tipo Likert, de 5 puntos: Nunca, Casi nunca, A veces, Casi Siempre y Siempre.<\/li>\n<li><strong>Satisfacci\u00f3n de vida. <\/strong>Mide la satisfacci\u00f3n de las trabajadoras con su estilo de vida. Esta escala est\u00e1 formada por 5 indicadores de esta variable latente, los cuales se basaron en Mikulic, Crespi y Caballero (2019). Considerando el estudio de Mikulic, Crespi y Caballero (2019), la fiabilidad de esta variable fue un coeficiente de Alfa de Cronbach de .81 y la validez se desarroll\u00f3 mediante juicio de expertos. La escala de medici\u00f3n es ordinal de tipo Likert, de 5 puntos: Muy en desacuerdo, En desacuerdo, Indeciso, De acuerdo y Muy de acuerdo.<\/li>\n<\/ol>\n<h6 style=\"text-align: justify;\"><strong><em>Validez y confiabilidad<\/em><\/strong><\/h6>\n<p style=\"text-align: justify;\">Tal como muestra la tabla 2, la variable CFT es fiable porque es mayor al nivel \u00f3ptimo esperado (a=0.829). Las cargas factoriales de los indicadores de la variable CFT son v\u00e1lidas porque superan el umbral (0.719 y 0.865). Analizando el AVE se observa que la variable es v\u00e1lida porque supera el umbral (AVE= 66.33%).<\/p>\n<p style=\"text-align: justify;\">De igual manera como se muestra en la tabla 2, la variable \u201cSatisfacci\u00f3n de vida\u201d es fiable porque es mayor al nivel \u00f3ptimo esperado (a= 0.764). Las cargas factoriales de los indicadores de la variable SV son v\u00e1lidas porque las cargas superan el umbral (0.727 y 0.811). Excepto por la P20 que tiene una carga factorial inferior al umbral 0.514. Sin embargo, se acepta la validez y no se retira la carga del cuadro porque despu\u00e9s de analizar el AVE se observa que la variable es v\u00e1lida porque supera el umbral (AVE= 54.31).<\/p>\n<p style=\"text-align: justify;\">Tabla 2.<br \/><em>Fiabilidad y validez de las variables<br \/><img decoding=\"async\" class=\"alignnone size-full wp-image-1847\" src=\"https:\/\/www.administracion.usmp.edu.pe\/revista-digital-usmp\/wp-content\/uploads\/sites\/47\/2023\/08\/Tabla2_chunga.png\" alt=\"\" width=\"588\" height=\"312\" \/><\/em><\/p>\n<h6 style=\"text-align: justify;\"><strong><em>An\u00e1lisis de datos <\/em><\/strong><\/h6>\n<p style=\"text-align: justify;\">Los datos fueron tabulados en el programa estad\u00edstico SPSS en una matriz tipo R. Se realiz\u00f3 un control de calidad que consta de la revisi\u00f3n aleatoria de 10 encuestas. Donde se confirm\u00f3 que estuvieron correctamente tabuladas.<\/p>\n<p style=\"text-align: justify;\">Con respecto al plan de an\u00e1lisis para las caracter\u00edsticas de la muestra se emplearon t\u00e9cnicas estad\u00edsticas como: tabla de frecuencia, media aritm\u00e9tica y desviaci\u00f3n est\u00e1ndar. Para describir los indicadores de las variables dependiente e independiente se emplean tablas de frecuencia. Para determinar la relaci\u00f3n de las variables en estudio se emple\u00f3 el coeficiente de correlaci\u00f3n \u201cR de Spearman\u201d luego de definir con el m\u00e9todo de \u201cKolmogorov Smirnov\u201d que no demostraba normalidad. Adem\u00e1s, ambas variables son cualitativas y tienen un nivel de medici\u00f3n ordinal. Finalmente, para este an\u00e1lisis se emple\u00f3 el programa estad\u00edstico SPSS.<\/p>\n<p style=\"text-align: justify;\">\u00a0<\/p>\n<h5 style=\"text-align: justify;\"><strong>RESULTADOS<\/strong><\/h5>\n<h6 style=\"text-align: justify;\"><strong><em>Descripci\u00f3n de los indicadores<\/em><\/strong><\/h6>\n<p style=\"text-align: justify;\">Tal como se visualiza en la tabla 3, analizando los indicadores de CFT se evidencia seg\u00fan el reporte que algunas de las trabajadoras les resulta dif\u00edcil concentrarse en su trabajo. Sin embargo, el 34.4% ha notado que a veces tienen menos ganas de trabajar.<\/p>\n<p style=\"text-align: justify;\">Tabla 3.<strong><br \/><\/strong><em>Descripci\u00f3n porcentual de los indicadores de la variable CFT<br \/><img decoding=\"async\" class=\"alignnone size-full wp-image-1848\" src=\"https:\/\/www.administracion.usmp.edu.pe\/revista-digital-usmp\/wp-content\/uploads\/sites\/47\/2023\/08\/Tabla3_chunga.png\" alt=\"\" width=\"582\" height=\"155\" \/><\/em><em><br \/><\/em><\/p>\n<p style=\"text-align: justify;\">Tal como se visualiza en la tabla 4, en cuanto a los indicadores de SV se evidencia que son pocas las personas que no est\u00e1n satisfechas con su vida. No obstante, solo el 22,8% est\u00e1 totalmente satisfecha con su vida.<\/p>\n<p style=\"text-align: justify;\">Tabla 4.<br \/><em>Descripci\u00f3n porcentual de los indicadores de la variable SV<br \/><img loading=\"lazy\" decoding=\"async\" class=\"alignnone size-full wp-image-1849\" src=\"https:\/\/www.administracion.usmp.edu.pe\/revista-digital-usmp\/wp-content\/uploads\/sites\/47\/2023\/08\/Tabla4_chunga.png\" alt=\"\" width=\"581\" height=\"133\" \/><\/em><em><br \/><\/em><\/p>\n<h6 style=\"text-align: justify;\"><strong><em>Asociacion de variables<\/em><\/strong><\/h6>\n<p style=\"text-align: justify;\">Existe una relaci\u00f3n negativa d\u00e9bil entre CFT y SV (rs= -.398, p&lt; .001), y es estad\u00edsticamente significativo. Es importante destacar las caracter\u00edsticas descriptivas de las variables: para CFT se cont\u00f3 con una muestra de 93, con una media de 1.9 y una desviaci\u00f3n est\u00e1ndar de 0.7. En cuanto a la variable SV, se cont\u00f3 con una muestra de 93, con una media de 3.8 y una desviaci\u00f3n est\u00e1ndar de 0.6.<\/p>\n<p style=\"text-align: justify;\">\u00a0<\/p>\n<h5 style=\"text-align: justify;\"><strong>DISCUSI\u00d3N<\/strong><\/h5>\n<h6 style=\"text-align: justify;\"><strong><em>Aporte<\/em><\/strong><\/h6>\n<p style=\"text-align: justify;\">Este estudio representa la primera investigaci\u00f3n que aborda la relaci\u00f3n entre el conflicto familia-trabajo y la satisfacci\u00f3n de vida en el sector servicio en Lima metropolitana. Este estudio y sector se diferencia de los dem\u00e1s porque demuestra la existencia de una conexi\u00f3n entre estas dos variables. Se destaca que, en este caso, la relaci\u00f3n no se centra en el \u00e9xito laboral de las personas, sino en examinar c\u00f3mo este conflicto influye en su \u00e9xito en la vida en general.<\/p>\n<h6 style=\"text-align: justify;\"><strong><em>Validaci\u00f3n<\/em><\/strong><\/h6>\n<p style=\"text-align: justify;\">El estudio presenta validez interna, se respalda por el uso de indicadores previamente establecidos para medir las variables en cuesti\u00f3n, los cuales fueron realizados por Ya\u00f1ez (2020) y Mikulic, Crespi y Caballero (2019). Se implementaron instrumentos como el coeficiente Alfa de Cronbach, que determin\u00f3 que las variables son confiables al superar el umbral establecido. Adem\u00e1s, se realizaron an\u00e1lisis de las cargas factoriales, y todas ellas superaron el umbral requerido. Tambi\u00e9n se evalu\u00f3 el an\u00e1lisis de la varianza extra\u00edda (AVE), y ambas variables demostraron validez de constructo.<\/p>\n<p style=\"text-align: justify;\">Asimismo, presenta validez estad\u00edstica porque se estableci\u00f3 un nivel de significancia de p&lt;0.05, lo que determin\u00f3 la existencia de una relaci\u00f3n estad\u00edsticamente significativa entre ambas variables.<\/p>\n<h6 style=\"text-align: justify;\"><strong><em>Similaridad de los resultados<\/em><\/strong><\/h6>\n<p style=\"text-align: justify;\">Se encontr\u00f3 una relaci\u00f3n negativa entre el conflicto familia-trabajo (CFT) y la satisfacci\u00f3n de vida (SV) en el presente estudio. Esto evidencia la relaci\u00f3n con los hallazgos previos en India, Argentina y Corea del Sur, donde se se\u00f1alaba una relaci\u00f3n negativa entre estas variables (Balamurugan et al., 2020; Erdal, 2020; Talip et al., 2021; Lim, 2023).<\/p>\n<h6 style=\"text-align: justify;\"><strong><em>Limitaciones<\/em><\/strong><\/h6>\n<p style=\"text-align: justify;\">Entre las limitaciones est\u00e1n la necesidad de coordinar visitas a las empresas para llevar a cabo las encuestas. Dado que se trataba de empresas grandes, se requer\u00eda obtener permisos para acceder y garantizar que las trabajadoras tuvieran tiempo suficiente para completar el cuestionario en solo 5 minutos. Adem\u00e1s, en t\u00e9rminos del dise\u00f1o muestral, no fue posible realizar una validaci\u00f3n externa debido a que la investigaci\u00f3n se bas\u00f3 en un enfoque no probabil\u00edstico. Sin embargo, se logr\u00f3 evidenciar la relaci\u00f3n significativa que existe entre las dos variables estudiadas y es el \u00fanico estudio realizado entre estas variables en Per\u00fa.<\/p>\n<h6 style=\"text-align: justify;\"><strong><em>Implicancias<\/em><\/strong><\/h6>\n<p style=\"text-align: justify;\">Las implicancias pr\u00e1cticas, con los resultados obtenidos ayudan a generar conciencia, identificar factores de estr\u00e9s y promover pol\u00edticas inclusivas, empoder\u00e1ndolas en la gesti\u00f3n de su vida laboral y familiar.<\/p>\n<p style=\"text-align: justify;\">En cuanto a las implicancias a futuras investigaciones, los resultados pueden abrir nuevas l\u00edneas en diferentes sectores y explorar intervenciones espec\u00edficas en el lugar de trabajo para evaluar y compararlo, con el fin de demostrar alguna similitud o diferencia.<\/p>\n<p style=\"text-align: justify;\">\u00a0<\/p>\n<h5 style=\"text-align: justify;\"><strong>REFERENCIAS BIBLIOGR\u00c1FICAS<\/strong><\/h5>\n<p style=\"text-align: justify;\">Balamurugan, G., &amp; Sreeleka, M. (2020). A study on work life balance of women employees in it sector.\u00a0<em>International Journal of Engineering Technologies and Management Research<\/em>,\u00a0<em>7<\/em>(1), 64-73.<br \/>\u00a0 <a href=\"https:\/\/www.academia.edu\/download\/62210666\/07_IJETMR20_A02_202120200226-93091-19vuf6f.pdf\">https:\/\/www.academia.edu\/download\/62210666\/07_IJETMR20_A02_202120200226-93091-19vuf6f.pdf<\/a><\/p>\n<p style=\"text-align: justify;\">Dursun, E. (2020). The Relationship between Work-Family Conflict and Work Life Quality of Air Transportation Sector Employees. <em>Revista Argentina de Cli\u0301nica Psicol\u00f3gica, 29<\/em>(5), 1179-1184.<br \/><a href=\"https:\/\/www.revistaclinicapsicologica.com\/data-cms\/articles\/20201201102049pmSSCI-369.pdf\">https:\/\/www.revistaclinicapsicologica.com\/data-cms\/articles\/20201201102049pmSSCI-369.pdf<\/a><\/p>\n<p style=\"text-align: justify;\">Eurofound y Organizaci\u00f3n Internacional del Trabajo (2019). <em>Trabajar en cualquier momento y en cualquier lugar: consecuencias en el \u00e1mbito laboral<\/em>. Oficina de Publicaciones de la Uni\u00f3n Europea, Luxemburgo y Oficina Internacional del Trabajo, Santiago. <a href=\"https:\/\/www.ilo.org\/wcmsp5\/groups\/public\/---americas\/---ro-lima\/---sro-santiago\/documents\/publication\/wcms_723962.pdf\">https:\/\/www.ilo.org\/wcmsp5\/groups\/public\/&#8212;americas\/&#8212;ro-lima\/&#8212;sro-santiago\/documents\/publication\/wcms_723962.pdf<\/a><\/p>\n<p style=\"text-align: justify;\">Fern\u00e1ndez, C. (2021). <em>Relaci\u00f3n Conflicto Trabajo-Familia y Satisfacci\u00f3n Laboral en trabajadores de empresas p\u00fablicas Y privadas<\/em>. [Tesis de licenciatura, Universidad de Lima]. Repositorio Institucional ULima.<br \/>\u00a0 <a href=\"https:\/\/repositorio.ulima.edu.pe\/bitstream\/handle\/20.500.12724\/13209\/Fernandez_Salas.pdf?sequence=1&amp;isAllowed=y\">https:\/\/repositorio.ulima.edu.pe\/bitstream\/handle\/20.500.12724\/13209\/Fernandez_Salas.pdf?sequence=1&amp;isAllowed=y<\/a><\/p>\n<p style=\"text-align: justify;\">Garc\u00eda-Alandete, J. (2014).\u00a0 Psicolog\u00eda positiva, bienestar y calidad de vida. <em>Scielo, 8<\/em>(16), 1870-1879. <a href=\"https:\/\/www.scielo.org.mx\/scielo.php?script=sci_arttext&amp;pid=S1870-879X2014000200013\">https:\/\/www.scielo.org.mx\/scielo.php?script=sci_arttext&amp;pid=S1870-879X2014000200013<\/a><\/p>\n<p style=\"text-align: justify;\">INEI. (2010). <em>Encuesta Nacional del USO del TIEMPO.<\/em> Recuperado de:<br \/><a href=\"https:\/\/www.mimp.gob.pe\/files\/direcciones\/dgignd\/planes\/mimdes-inei-encuesta-nacional-uso-tiempo.pdf\">https:\/\/www.mimp.gob.pe\/files\/direcciones\/dgignd\/planes\/mimdes-inei-encuesta-nacional-uso-tiempo.pdf<\/a><\/p>\n<p style=\"text-align: justify;\">Joshanloo, M. y Jovanovic, V. (2019). The relationship between gender and life satisfaction: analysis across demographic groups and global regions. <em>Women\u2019s Mental Health, 23<\/em>(1) 331-338.<br \/><a href=\"https:\/\/doi.org\/10.1007\/s00737-019-00998-w\">https:\/\/doi.org\/10.1007\/s00737-019-00998-w<\/a><\/p>\n<p style=\"text-align: justify;\">Lim, S. (2023). Influence of Work-Family Conflict on Depressive Symptoms among Korean Married Working Mothers: The Effects of Social Support from Husbands. <em>The Journal of Multicultural Society, 13<\/em>(1), 37-62. <a href=\"http:\/\/omnesjournal.org\/xml\/36044\/36044.pdf\">http:\/\/omnesjournal.org\/xml\/36044\/36044.pdf<\/a><\/p>\n<p style=\"text-align: justify;\">Mercer (2022). Tendencias globales de talento. Recuperado de:<br \/><a href=\"https:\/\/www.latam.mercer.com\/newsroom\/tendencias-globales-de-talento-2022.html\">https:\/\/www.latam.mercer.com\/newsroom\/tendencias-globales-de-talento-2022.html<\/a><\/p>\n<p style=\"text-align: justify;\">Mikulic, I., Crespi, M. y Caballero, R. (2019). ESCALA DE SATISFACCI\u00d3N CON LA VIDA (SWLS): ESTUDIO DE LAS PROPIEDADES PSICOM\u00c9TRICAS EN ADULTOS DE BUENOS AIRES. <em>Anuario de investigaciones, 26(<\/em>1), 395-402. <a href=\"https:\/\/www.redalyc.org\/journal\/3691\/369163433043\/html\/\">https:\/\/www.redalyc.org\/journal\/3691\/369163433043\/html\/<\/a><\/p>\n<p style=\"text-align: justify;\">Netemeyer, R., Boles, S. y McMurrian, R. (1996). Development and Validation of Work-Family Conflict and Family-Work Conflict Scales. <em>American Psychological Association, 81<\/em>(4), 400-410.<br \/><a href=\"https:\/\/www.researchgate.net\/profile\/Robert-Mcmurrian\/publication\/228079311_Development_and_Validation_of_Work-Family_and_Family-Work_Conflict_Scales\/links\/0912f508e97f6c808e000000\/Development-and-Validation-of-Work-Family-and-Family-Work-Conflict-Scales.pdf\">https:\/\/www.researchgate.net\/profile\/Robert-Mcmurrian\/publication\/228079311_Development_and_Validation_of_Work-Family_and_Family-Work_Conflict_Scales\/links\/0912f508e97f6c808e000000\/Development-and-Validation-of-Work-Family-and-Family-Work-Conflict-Scales.pdf<\/a><\/p>\n<p style=\"text-align: justify;\">Rhnima, A., Richard, P., N\u00fa\u00f1ez, J., Pousa, C. (2016). El conflicto trabajo-familia como factor de riesgo y el apoyo social del supervisor como factor protector de agotamiento profesional. <em>Ciencia ergo-sum<\/em>, <em>23<\/em>(3), 205-227. <a href=\"https:\/\/www.google.com\/url?sa=t&amp;rct=j&amp;q=&amp;esrc=s&amp;source=web&amp;cd=&amp;ved=2ahUKEwiLhpzD47X-AhWvTTABHeX3CqkQFnoECAwQAQ&amp;url=https%3A%2F%2Fwww.redalyc.org%2Fjournal%2F104%2F10448076005%2F10448076005.pdf&amp;usg=AOvVaw3DYd6KBn52h8vYGFmYAb5s\">https:\/\/www.google.com\/url?sa=t&amp;rct=j&amp;q=&amp;esrc=s&amp;source=web&amp;cd=&amp;ved=2ahUKEwiLhpzD47X-AhWvTTABHeX3CqkQFnoECAwQAQ&amp;url=https%3A%2F%2Fwww.redalyc.org%2Fjournal%2F104%2F10448076005%2F10448076005.pdf&amp;usg=AOvVaw3DYd6KBn52h8vYGFmYAb5s<\/a><\/p>\n<p style=\"text-align: justify;\">Sahin, D., Ozer, O. y Yanardag, M. (2019). Perceived social support, quality of life and satisfaction with life in elderly people. <em>Educational Gerontology, 45<\/em>(1) 69-77. <a href=\"https:\/\/doi.org\/10.1080\/19371918.2021.1877589\">https:\/\/doi.org\/10.1080\/19371918.2021.1877589<\/a><\/p>\n<p style=\"text-align: justify;\">Sahin, D., Ozkan, O., Ozer, O. y Yanardag, M. (2019). Investigation of COVID-19 Fear, Well-Being and Life Satisfaction in Turkish Society. <em>Social Work in Public Health, 36(<\/em>2) 69-77.<br \/><a href=\"https:\/\/doi.org\/10.1080\/03601277.2019.1585065\">https:\/\/doi.org\/10.1080\/03601277.2019.1585065<\/a><\/p>\n<p style=\"text-align: justify;\">Talip, D. S. N. A., Hassan, Z., Kasa, M., Sabil, S., Ibrahim, D. K. A. (2021). The Relationship of Work Life Balance and the Quality of Life among Employees Studying Part Time. <em>International Journal of Academic Research in Business and Social Sciences, 11<\/em>(14), 270-284.<br \/><a href=\"https:\/\/www.researchgate.net\/profile\/Mark-Kasa\/publication\/352374622_The_Relationship_of_Work_Life_Balance_and_the_Quality_of_Life_among_Employees_Studying_Part_Time\/links\/60c736b792851ca6f8ea6953\/The-Relationship-of-Work-Life-Balance-and-the-Quality-of-L\">https:\/\/www.researchgate.net\/profile\/Mark-Kasa\/publication\/352374622_The_Relationship_of_Work_Life_Balance_and_the_Quality_of_Life_among_Employees_Studying_Part_Time\/links\/60c736b792851ca6f8ea6953\/The-Relationship-of-Work-Life-Balance-and-the-Quality-of-L<\/a><\/p>\n<p style=\"text-align: justify;\">Weer, C., Greenhaus, J.H. (2014). Family-to-Work Conflict. In: Michalos, A.C. (eds) Encyclopedia of Quality of Life and Well-Being Research. Springer, Dordrecht. <a href=\"https:\/\/doi.org\/10.1007\/978-94-007-0753-5_3330\">https:\/\/doi.org\/10.1007\/978-94-007-0753-5_3330<\/a><\/p>\n<p style=\"text-align: justify;\">Ya\u00f1ez, M. (2020). <em>Validaci\u00f3n del cuestionario de Conflicto Trabajo-Familia \u201cSwing\u201d en trabajadores de una empresa automotriz en Ecuador 2018-2019.<\/em> [Tesis de posgrado, Universidad Peruana Cayetano Heredia] Repositorio UPCH.<br \/><a href=\"https:\/\/repositorio.upch.edu.pe\/bitstream\/handle\/20.500.12866\/9449\/Validacion_YanezRuiz_Maria.pdf?sequence=1&amp;isAllowed=y\">https:\/\/repositorio.upch.edu.pe\/bitstream\/handle\/20.500.12866\/9449\/Validacion_YanezRuiz_Maria.pdf?sequence=1&amp;isAllowed=y<\/a><\/p>\n<p style=\"text-align: justify;\">Yuswanti, M., Saefuddin, D., Said, S. y Suleman, N. (2021). The Effect of Work Life Balance, Work Family Conflict and Family Work Conflict Moderated by Job Satisfaction on the Performance of the Midwife Coordinator in the Province of Southeast Sulawesi. <em>Italienisch, <\/em><em>11<\/em>(2), 648-653.<br \/><a href=\"http:\/\/italienisch.nl\/index.php\/VerlagSauerlander\/article\/download\/160\/159\">http:\/\/italienisch.nl\/index.php\/VerlagSauerlander\/article\/download\/160\/159<\/a><\/p>\n","protected":false},"featured_media":959,"comment_status":"closed","ping_status":"closed","template":"","meta":{"footnotes":""},"entrada_6_categoria":[68],"class_list":["post-3352","entrada_6","type-entrada_6","status-publish","has-post-thumbnail","hentry","entrada_6_categoria-articulos-alumnos"],"_links":{"self":[{"href":"https:\/\/www.administracion.usmp.edu.pe\/revista-digital-usmp\/wp-json\/wp\/v2\/entrada_6\/3352","targetHints":{"allow":["GET"]}}],"collection":[{"href":"https:\/\/www.administracion.usmp.edu.pe\/revista-digital-usmp\/wp-json\/wp\/v2\/entrada_6"}],"about":[{"href":"https:\/\/www.administracion.usmp.edu.pe\/revista-digital-usmp\/wp-json\/wp\/v2\/types\/entrada_6"}],"replies":[{"embeddable":true,"href":"https:\/\/www.administracion.usmp.edu.pe\/revista-digital-usmp\/wp-json\/wp\/v2\/comments?post=3352"}],"version-history":[{"count":1,"href":"https:\/\/www.administracion.usmp.edu.pe\/revista-digital-usmp\/wp-json\/wp\/v2\/entrada_6\/3352\/revisions"}],"predecessor-version":[{"id":3406,"href":"https:\/\/www.administracion.usmp.edu.pe\/revista-digital-usmp\/wp-json\/wp\/v2\/entrada_6\/3352\/revisions\/3406"}],"wp:featuredmedia":[{"embeddable":true,"href":"https:\/\/www.administracion.usmp.edu.pe\/revista-digital-usmp\/wp-json\/wp\/v2\/media\/959"}],"wp:attachment":[{"href":"https:\/\/www.administracion.usmp.edu.pe\/revista-digital-usmp\/wp-json\/wp\/v2\/media?parent=3352"}],"wp:term":[{"taxonomy":"entrada_6_categoria","embeddable":true,"href":"https:\/\/www.administracion.usmp.edu.pe\/revista-digital-usmp\/wp-json\/wp\/v2\/entrada_6_categoria?post=3352"}],"curies":[{"name":"wp","href":"https:\/\/api.w.org\/{rel}","templated":true}]}}