{"id":3349,"date":"2023-08-22T02:59:18","date_gmt":"2023-08-22T07:59:18","guid":{"rendered":"https:\/\/www.administracion.usmp.edu.pe\/revista-digital-usmp\/?p=1231"},"modified":"2024-07-23T19:18:24","modified_gmt":"2024-07-24T00:18:24","slug":"xiv-jornada-de-intercambio-de-experiencias-empresariales-y-de-negocios","status":"publish","type":"entrada_6","link":"https:\/\/www.administracion.usmp.edu.pe\/revista-digital-usmp\/entrada_6\/xiv-jornada-de-intercambio-de-experiencias-empresariales-y-de-negocios\/","title":{"rendered":"XIV Jornada de Intercambio de Experiencias Empresariales y de Negocios"},"content":{"rendered":"\n<p style=\"text-align: justify;\">\u00a0Lunes 08, martes 09 y mi\u00e9rcoles 10 de mayo de 2023\u00a0<\/p>\n<p style=\"text-align: justify;\">Con un exitoso retorno a la presencialidad acad\u00e9mica, la Facultad de Ciencias Administrativas y Recursos Humanos, volvi\u00f3 a experimentar tres d\u00edas de exposiciones, di\u00e1logos, preguntas y respuestas de los estudiantes a los diversos expositores nacionales, extranjeros, empresarios, funcionarios, Ministros y viceministros de Estado. Fue muy enriquecedor por el conocimiento y la experiencia acumulada de los expositores que fortaleci\u00f3 los conocimientos de los estudiantes de la Facultad.<\/p>\n<table style=\"width: 100%; height: 1339px;\">\n<tbody>\n<tr style=\"height: 112px;\">\n<td style=\"height: 31px; width: 12.9268%;\" width=\"95\">\n<p><strong>Horario<\/strong><\/p>\n<\/td>\n<td style=\"height: 31px; width: 22.1951%;\" width=\"180\">\n<p><strong>\u00c1rea Tem\u00e1tica<\/strong><\/p>\n<\/td>\n<td style=\"height: 31px; width: 64.6341%;\" width=\"577\">\n<p><strong>Expositor\/Instituci\u00f3n<\/strong><\/p>\n<\/td>\n<\/tr>\n<tr style=\"height: 56px;\">\n<td style=\"height: 56px; width: 12.9268%;\" width=\"95\">\n<p>\u00a0<\/p>\n<\/td>\n<td style=\"height: 56px; width: 86.8292%;\" colspan=\"2\" width=\"756\">\n<p><strong>Lunes 8 Ma\u00f1ana<\/strong><\/p>\n<\/td>\n<\/tr>\n<tr style=\"height: 254px;\">\n<td style=\"height: 254px; width: 12.9268%;\" width=\"95\">\n<p><strong>08:30 a 09:30<\/strong><\/p>\n<\/td>\n<td style=\"height: 254px; width: 22.1951%;\" width=\"180\">\n<p>Log\u00edstica<\/p>\n<\/td>\n<td style=\"height: 254px; width: 64.6341%;\" width=\"577\">\n<p><strong>Expositor: Carlos Gamarra El\u00edas<\/strong><\/p>\n<p><strong>Cargo: <\/strong>Director Ejecutivo de IQ Martrade Per\u00fa SA<\/p>\n<p><strong>Tema: <\/strong>Infraestructura portuaria del Per\u00fa y sus proyecciones internacionales<\/p>\n<p><strong>Moderador<\/strong>: Mendiola Carlos Alfonso<\/p>\n<\/td>\n<\/tr>\n<tr style=\"height: 229px;\">\n<td style=\"height: 229px; width: 12.9268%;\" width=\"95\">\n<p><strong>10:00 a 11:00<\/strong><\/p>\n<\/td>\n<td style=\"height: 229px; width: 22.1951%;\" width=\"180\">\n<p>Negocios globales<\/p>\n<\/td>\n<td style=\"height: 229px; width: 64.6341%;\" width=\"577\">\n<p><strong>Expositor: Mtro. Juan Carlos Mathews Salazar<\/strong><\/p>\n<p><strong>Cargo: <\/strong>Ministro de Estado \u2013 Ministerio de Comercio Exterior y Turismo del Per\u00fa. PhD \u00a9 Ciencias Econ\u00f3micas y Sociales<\/p>\n<p><strong>Tema: <\/strong>Entorno global para los negocios del Per\u00fa Moderador: Jos\u00e9 Enrique Laos<\/p>\n<\/td>\n<\/tr>\n<tr style=\"height: 311px;\">\n<td style=\"height: 311px; width: 12.9268%;\" width=\"95\">\n<p><strong>10:00-11:00<\/strong><\/p>\n<\/td>\n<td style=\"height: 311px; width: 22.1951%;\" width=\"180\">\n<p>Gesti\u00f3n de Recursos Humanos<\/p>\n<\/td>\n<td style=\"height: 311px; width: 64.6341%;\" width=\"577\">\n<p><strong>Expositor: Mtro. Vanesa S\u00e1nchez Centty<\/strong><\/p>\n<p><strong>Cargo: <\/strong>Especialista en clima y cultura organizacional del Ministerio de Justicia y Derechos Humanos<\/p>\n<p>Maestro en Gesti\u00f3n de Recursos Humanos<\/p>\n<p><strong>Tema: <\/strong>Brillar en el lugar correcto, como trascender en el trabajo<br \/>Moderador: <strong>Luis Enrique Le\u00f3n<\/strong><\/p>\n<\/td>\n<\/tr>\n<tr style=\"height: 229px;\">\n<td style=\"height: 229px; width: 12.9268%;\" width=\"95\">\n<p><strong>11:30-12:30<\/strong><\/p>\n<\/td>\n<td style=\"height: 229px; width: 22.1951%;\" width=\"180\">\n<p>Geopol\u00edtica<\/p>\n<\/td>\n<td style=\"height: 229px; width: 64.6341%;\" width=\"577\">\n<p><strong>Expositor: Dr. Jaime Ra\u00fal Castro Contreras<\/strong><\/p>\n<p><strong>Cargo: <\/strong>Coordinador del Observatorio de Empleabilidad de la Facultad de Ciencias Administrativas y Recursos Humanos. USMP.<\/p>\n<p><strong>Tema: <\/strong>Importancia de la geopol\u00edtica en la formaci\u00f3n profesional. Moderador: <strong>Luzmila Alberca<\/strong><\/p>\n<\/td>\n<\/tr>\n<tr style=\"height: 229px;\">\n<td style=\"width: 12.9268%; height: 229px;\" width=\"95\">\n<p><strong>11:00-12:00<\/strong><\/p>\n<\/td>\n<td style=\"width: 22.1951%; height: 229px;\" width=\"180\">\n<p>Gesti\u00f3n de Recursos Humanos \/ Negocios globales<\/p>\n<\/td>\n<td style=\"width: 64.6341%; height: 229px;\" width=\"577\">\n<p><strong>Expositor: Lic. Jorge Sotomayor Luque Cargo: <\/strong>Gerente Comercial Florisert SA<\/p>\n<p>Maestro en Direcci\u00f3n de Marketing y Gesti\u00f3n Comercial<\/p>\n<p><strong>Tema: <\/strong>Relaciones interpersonales en los negocios internacionales.<br \/>Moderador: <strong>Cristina Caludet Molina.<\/strong><\/p>\n<\/td>\n<\/tr>\n<\/tbody>\n<\/table>\n<table style=\"width: 100%;\">\n<tbody>\n<tr>\n<td style=\"width: 13.9024%;\" width=\"104\">\n<p><strong>\u00a0Horario<\/strong><\/p>\n<\/td>\n<td style=\"width: 17.6829%;\" width=\"129\">\n<p><strong>\u00a0\u00c1rea Tem\u00e1tica<\/strong><\/p>\n<\/td>\n<td style=\"width: 68.1707%;\" width=\"615\">\n<p><strong>\u00a0Expositor\/Instituci\u00f3n<\/strong><\/p>\n<\/td>\n<\/tr>\n<tr>\n<td style=\"width: 13.9024%;\" width=\"104\">\n<p>\u00a0<\/p>\n<\/td>\n<td style=\"width: 85.8537%;\" colspan=\"2\" width=\"744\">\n<p><strong>Lunes 8 Tarde<\/strong><\/p>\n<\/td>\n<\/tr>\n<tr>\n<td style=\"width: 13.9024%;\" width=\"104\">\n<p><strong>15:30-16:30<\/strong><\/p>\n<\/td>\n<td style=\"width: 17.6829%;\" width=\"129\">\n<p>Gesti\u00f3n de Recursos Humanos<\/p>\n<\/td>\n<td style=\"width: 68.1707%;\" width=\"615\">\n<p><strong>Expositor: LIC. Sandra Melanie Moncada Flores Cargo: <\/strong>Gerente General Consultora 143 Licenciado en Gesti\u00f3n de Recursos Humanos<\/p>\n<p><strong>Tema: <\/strong>\u00bfC\u00f3mo aumentar tu empleabilidad y progresar en tu carrera profesional? <br \/>Moderador: <strong>Milton Ib\u00e1\u00f1ez<\/strong><\/p>\n<\/td>\n<\/tr>\n<tr>\n<td style=\"width: 13.9024%;\" width=\"104\">\n<p><strong>17:30 a 18:30<\/strong><\/p>\n<\/td>\n<td style=\"width: 17.6829%;\" width=\"129\">\n<p>Tecnolog\u00eda<\/p>\n<\/td>\n<td style=\"width: 68.1707%;\" width=\"615\">\n<p><strong>Expositor: Lic. Alexander Coral L\u00f3pez<\/strong><\/p>\n<p><strong>Cargo: <\/strong>Regional Manager in Business Pro founder Licenciado en Negocios Internacionales<\/p>\n<p><strong>Tema: <\/strong>Industria 4.0: Tendencias y oportunidades <br \/>Moderador: <strong>GIRON GRACIELA LISBETH<\/strong><\/p>\n<\/td>\n<\/tr>\n<tr>\n<td style=\"width: 99.7561%;\" colspan=\"3\" width=\"848\">\n<p><strong>Noche<\/strong><\/p>\n<\/td>\n<\/tr>\n<tr>\n<td style=\"width: 13.9024%;\" width=\"104\">\n<p><strong>19:30 a 20:30<\/strong><\/p>\n<\/td>\n<td style=\"width: 17.6829%;\" width=\"129\">\n<p>Emprendimiento<\/p>\n<\/td>\n<td style=\"width: 68.1707%;\" width=\"615\">\n<p><strong>Expositor: Lic. Mayra Ortiz Tuesta<\/strong><\/p>\n<p><strong>Cargo: <\/strong>Gerente General de Inkanto Natural SAC. Licenciado en Administraci\u00f3n<\/p>\n<p><strong>Tema: <\/strong>Aspectos cr\u00edticos para el \u00e9xito de un emprendimiento<br \/>Moderador: <strong>PUGA JUAN JOSE<\/strong><\/p>\n<\/td>\n<\/tr>\n<tr>\n<td style=\"width: 13.9024%;\" width=\"104\">\n<p><strong>19:00 a 20:00<\/strong><\/p>\n<\/td>\n<td style=\"width: 17.6829%;\" width=\"129\">\n<p>Sostenibilidad<\/p>\n<\/td>\n<td style=\"width: 68.1707%;\" width=\"615\">\n<p><strong>Expositor: Abog. Francisco Jos\u00e9 Amb\u00eda Camargo<\/strong><\/p>\n<p><strong>Cargo: <\/strong>Asesor Presidencia Ejecutiva \u2013 SENACE. Abogado<\/p>\n<p><strong>Tema: <\/strong>Desarrollo, Cooperaci\u00f3n y Sostenibilidad<br \/>Moderador: <strong>MONTOYA TRACY<\/strong><\/p>\n<\/td>\n<\/tr>\n<\/tbody>\n<\/table>\n<table style=\"width: 100%;\">\n<tbody>\n<tr>\n<td style=\"width: 13.6585%;\" width=\"104\">\n<p><strong>19:00 a 20:00<\/strong><\/p>\n<\/td>\n<td style=\"width: 17.6829%;\" width=\"129\">\n<p><strong>\u00a0<\/strong>Gesti\u00f3n de Recursos Humanos<\/p>\n<\/td>\n<td style=\"width: 68.4146%;\" width=\"615\">\n<p><strong>Expositor: MBA. Fernando Gil Sanguinetti<\/strong><\/p>\n<p><strong> Cargo: <\/strong>Presidente ejecutivo Jamming<\/p>\n<p><strong>Tema: <\/strong>Sentido de prop\u00f3sito personal en un entorno empresarial pospandemia.<br \/>Moderador: <strong>MARAVI LUIS GERMAN<\/strong><\/p>\n<\/td>\n<\/tr>\n<tr>\n<td style=\"width: 13.6585%;\" width=\"104\">\n<p><strong>21:00 a 22:00<\/strong><\/p>\n<\/td>\n<td style=\"width: 17.6829%;\" width=\"129\">\n<p>Emprendimiento<\/p>\n<\/td>\n<td style=\"width: 68.4146%;\" width=\"615\">\n<p><strong>Expositor: Mtro. Jos\u00e9 Marcos Rueda<\/strong><\/p>\n<p><strong>Cargo: <\/strong>Consultor organizacional en JM Consultores Maestro en Psicolog\u00eda<\/p>\n<p><strong>Tema: <\/strong>Dimensiones Psicol\u00f3gicas del Emprendedor Empresarial Moderador: <strong>SANCHEZ JOSE LUIS<\/strong><\/p>\n<\/td>\n<\/tr>\n<tr>\n<td style=\"width: 13.6585%;\" width=\"104\">\n<p><strong>21:00 \u2013 22:00<\/strong><\/p>\n<\/td>\n<td style=\"width: 17.6829%;\" width=\"129\">\n<p><strong>\u00a0<\/strong>Log\u00edstica \/ Negocios globales<\/p>\n<\/td>\n<td style=\"width: 68.4146%;\" width=\"615\">\n<p><strong>Expositor: MBA. Juan Carlos Ganoza Alem\u00e1n<\/strong><\/p>\n<p><strong> Cargo: <\/strong>Director de Facilitaci\u00f3n de PROMPER\u00da MBA<\/p>\n<p><strong>Tema: <\/strong>Log\u00edstica sostenible en el comercio exterior<br \/>Moderador: <strong>LEON LUIS ENRIQUE<\/strong><\/p>\n<\/td>\n<\/tr>\n<tr>\n<td style=\"width: 13.6585%;\" width=\"104\">\n<p><strong>21:00 \u2013 22:00<\/strong><\/p>\n<\/td>\n<td style=\"width: 17.6829%;\" width=\"129\">\n<p>Gesti\u00f3n de Recursos Humanos<\/p>\n<\/td>\n<td style=\"width: 68.4146%;\" width=\"615\">\n<p><strong>Expositor: Manuel Ortiz S\u00e1nchez<\/strong><\/p>\n<p><strong>Cargo: <\/strong>Gerente Corporativo de Gesti\u00f3n y Desarrollo Humano Corporaci\u00f3n Topy Top SA MBA<\/p>\n<p><strong>Tema: <\/strong>Gesti\u00f3n del talento Humano en la Industria 4.0<br \/>Moderador: <strong>VALLEJOS JOSE MARTIN<\/strong><\/p>\n<\/td>\n<\/tr>\n<\/tbody>\n<\/table>\n<p>\u00a0<\/p>\n<table>\n<tbody>\n<tr>\n<td width=\"104\">\n<p><strong>Horario<\/strong><\/p>\n<\/td>\n<td width=\"123\">\n<p><strong>\u00a0\u00c1rea Tem\u00e1tica<\/strong><\/p>\n<\/td>\n<td width=\"605\">\n<p><strong>Expositor\/Instituci\u00f3n<\/strong><\/p>\n<\/td>\n<\/tr>\n<tr>\n<td width=\"104\">\n<p>\u00a0<\/p>\n<\/td>\n<td colspan=\"2\" width=\"728\">\n<p><strong>Martes 9 Ma\u00f1ana<\/strong><\/p>\n<\/td>\n<\/tr>\n<tr>\n<td width=\"104\">\n<p><strong>08:30 a 09:30<\/strong><\/p>\n<\/td>\n<td width=\"123\">\n<p>Inteligencia Artificial<\/p>\n<\/td>\n<td width=\"605\">\n<p>Expositor: <strong>Dr. Hugo \u00c1lvarez Aranzamendi<\/strong><\/p>\n<p><strong>Cargo:<\/strong> Coordinador del \u00c1rea de Innovaci\u00f3n Tecnol\u00f3gica de la Facultad de Ciencias Administrativas y Recursos Humanos. USMP.<\/p>\n<p><strong>Tema:<\/strong> La Inteligencia Artificial y nuevas tecnolog\u00edas emergentes en los negocios.<br \/>Moderador: <strong>URTEAGA WALTER ABEL<\/strong><\/p>\n<\/td>\n<\/tr>\n<\/tbody>\n<\/table>\n<p>\u00a0<\/p>\n<table style=\"width: 100%;\">\n<tbody>\n<tr>\n<td style=\"width: 13.7805%;\" width=\"104\">\n<p><strong>10:00 a 11:00<\/strong><\/p>\n<\/td>\n<td style=\"width: 18.0488%;\" width=\"123\">\n<p>Emprendimiento\/ turismo<\/p>\n<\/td>\n<td style=\"width: 68.0488%;\" width=\"605\">\n<p><strong>Expositor: Lic. Claricia Teresa Tirado D\u00edaz<\/strong><\/p>\n<p><strong>Cargo: <\/strong>Directora de Turismo en PROMPER\u00da Maestro en Direcci\u00f3n Estrat\u00e9gica de Marketing<\/p>\n<p><strong>Tema: <\/strong>Retos de la promoci\u00f3n tur\u00edstica en el Per\u00fa.<br \/>Moderador: <strong>RIOS NIVARDO<\/strong><\/p>\n<\/td>\n<\/tr>\n<tr>\n<td style=\"width: 13.7805%;\" width=\"104\">\n<p><strong>10:00-11:00<\/strong><\/p>\n<\/td>\n<td style=\"width: 18.0488%;\" width=\"123\">\n<p>Emprendimiento<\/p>\n<\/td>\n<td style=\"width: 68.0488%;\" width=\"605\">\n<p><strong>Expositor: Lic. Renzo Reyes Rocha<\/strong><\/p>\n<p><strong>Cargo: <\/strong>Director de StartUP Aceleradora de negocios de la UPC Maestro en Comunicaci\u00f3n y Marketing Digital<\/p>\n<p><strong>Tema: <\/strong>Tendencias emprendedoras 2023<br \/>Moderador: <strong>CHAMOCHUMBI OSCAR ENR<\/strong><\/p>\n<\/td>\n<\/tr>\n<tr>\n<td style=\"width: 13.7805%;\" width=\"104\">\n<p><strong>10:00-11:00<\/strong><\/p>\n<\/td>\n<td style=\"width: 18.0488%;\" width=\"123\">\n<p>Gesti\u00f3n de Recursos Humanos<\/p>\n<\/td>\n<td style=\"width: 68.0488%;\" width=\"605\">\n<p><strong>Expositor: MBA. Jorge Aurich Cornejo <\/strong><\/p>\n<p><strong>Cargo: <\/strong>Gerente de Engage People Per\u00fa MBA<\/p>\n<p><strong>Tema: <\/strong>Liderazgo y transformaci\u00f3n<\/p>\n<p>Moderador: <strong>OLIVARES MARIA LUZ<\/strong><\/p>\n<\/td>\n<\/tr>\n<tr>\n<td style=\"width: 13.7805%;\" width=\"104\">\n<p><strong>12:00-13:00<\/strong><\/p>\n<\/td>\n<td style=\"width: 18.0488%;\" width=\"123\">\n<p>Empleabilidad<\/p>\n<\/td>\n<td style=\"width: 68.0488%;\" width=\"605\">\n<p><strong>Expositor: MBA. Luciana Camila Olaechea Cadenillas<\/strong><\/p>\n<p><strong>Cargo: <\/strong>Vicepresidente de Gesti\u00f3n y Desarrollo Humano \u2013 Interseguro \u2013 Compa\u00f1\u00eda de seguros Maestro en Desarrollo del Factor Humano<\/p>\n<p><strong>Tema: <\/strong>Competencias m\u00e1s valoradas en el \u00e1mbito empresarial<\/p>\n<p><strong>Moderador: QUIPUZCO LILIANA GISELLE<\/strong><\/p>\n<\/td>\n<\/tr>\n<tr>\n<td style=\"width: 99.878%;\" colspan=\"3\" width=\"832\">\n<p><strong>Tarde<\/strong><\/p>\n<\/td>\n<\/tr>\n<tr>\n<td style=\"width: 13.7805%;\" width=\"104\">\n<p><strong>17:30 a 18:30<\/strong><\/p>\n<\/td>\n<td style=\"width: 18.0488%;\" width=\"123\">\n<p>Emprendimiento \/ Gesti\u00f3n<\/p>\n<\/td>\n<td style=\"width: 68.0488%;\" width=\"605\">\n<p><strong>Expositor: Mtro Jorge Grados Torres<\/strong><\/p>\n<p><strong>Cargo: <\/strong>Consultor y docente universitario \u2013 Nfoque Maestro en Marketing<\/p>\n<p><strong>Tema: <\/strong>Desarrollo de emprendimientos y gesti\u00f3n de MYPES.<br \/><strong>Moderador: RAMOS PEDRO JAVIER<\/strong><\/p>\n<\/td>\n<\/tr>\n<tr>\n<td style=\"width: 99.878%;\" colspan=\"3\" width=\"832\">\n<p><strong>Noche<\/strong><\/p>\n<\/td>\n<\/tr>\n<\/tbody>\n<\/table>\n<table style=\"background-color: var(--base-3); color: var(--contrast); height: 1343px;\">\n<tbody>\n<tr style=\"height: 229px;\">\n<td style=\"height: 229px; width: 13.9024%;\" width=\"104\">\n<p><strong>19:30 \u2013 20:30<\/strong><\/p>\n<\/td>\n<td style=\"height: 229px; width: 17.3171%;\" width=\"123\">\n<p>Gesti\u00f3n ambiental<\/p>\n<\/td>\n<td style=\"height: 229px; width: 68.7805%;\" width=\"605\">\n<p><strong>Expositor: Flor Preciado Gonzales<\/strong><\/p>\n<p><strong>Cargo: <\/strong>Director de Marketing y comunicaciones de Wod Procuctions Maestro en Antropolog\u00eda Visual<\/p>\n<p><strong>Tema: <\/strong>La producci\u00f3n audio visual como industria cultural y creativa<br \/><strong>Moderador: CASTRO JAIME RAUL<\/strong><\/p>\n<\/td>\n<\/tr>\n<tr style=\"height: 229px;\">\n<td style=\"height: 229px; width: 13.9024%;\" width=\"104\">\n<p><strong>18:00-19:00<\/strong><\/p>\n<\/td>\n<td style=\"height: 229px; width: 17.3171%;\" width=\"123\">\n<p>Emprendimiento<\/p>\n<\/td>\n<td style=\"height: 229px; width: 68.7805%;\" width=\"605\">\n<p><strong>Expositor: Mtro. Carlos Villalobos Blondet Cargo: <\/strong>Consultor jur\u00eddico <strong>\u2013 <\/strong>Empresarial Estudio Villalobos Blondet<\/p>\n<p>Maestro en Derecho Civil<\/p>\n<p><strong>Tema: <\/strong>Emprendimiento y desarrollo empresarial <br \/>Moderador: <strong>ALVAREZ CARMEN LUISA<\/strong><\/p>\n<\/td>\n<\/tr>\n<tr style=\"height: 198px;\">\n<td style=\"height: 198px; width: 13.9024%;\" width=\"104\">\n<p><strong>18:30-19:30<\/strong><\/p>\n<\/td>\n<td style=\"height: 198px; width: 17.3171%;\" width=\"123\">\n<p><strong>\u00a0<\/strong>Marketing<\/p>\n<\/td>\n<td style=\"height: 198px; width: 68.7805%;\" width=\"605\">\n<p><strong>Expositor: MBA. Eduardo Vidal Demartini<\/strong><\/p>\n<p><strong>Cargo<\/strong>: Consultor en Tecnolog\u00eda de la Informaci\u00f3n MBA<\/p>\n<p><strong>Tema: <\/strong>Gesti\u00f3n comercial con TI en call center<br \/>Moderador: <strong>CESPEDES ENRIQUE ALFREDO<\/strong><\/p>\n<\/td>\n<\/tr>\n<tr style=\"height: 229px;\">\n<td style=\"height: 229px; width: 13.9024%;\" width=\"104\">\n<p><strong style=\"font-size: inherit; font-family: inherit; background-color: var(--base-3); color: var(--contrast);\">19:30 \u2013 20:30<\/strong><\/p>\n<\/td>\n<td style=\"height: 229px; width: 17.3171%;\" width=\"123\">\n<p>Marketing<\/p>\n<\/td>\n<td style=\"height: 229px; width: 68.7805%;\" width=\"605\">\n<p><strong>Expositor<\/strong>: <strong>Lic. Jos\u00e9 F\u00e9lix Roncal \u00d1\u00e1\u00f1ez<\/strong><\/p>\n<p><strong>Cargo: <\/strong>Gerente General de Mikhuna Company EIRL Bachiler en Econom\u00eda<\/p>\n<p><strong>Tema: <\/strong>Promoci\u00f3n de productos agr\u00edcolas en Lima y USA.<br \/><strong>Moderador: ANCI VILLIAM IVAN<\/strong><\/p>\n<\/td>\n<\/tr>\n<tr style=\"height: 229px;\">\n<td style=\"height: 229px; width: 13.9024%;\" width=\"104\">\n<p><strong>21:00 \u2013 22:00<\/strong><\/p>\n<\/td>\n<td style=\"height: 229px; width: 17.3171%;\" width=\"123\">\n<p>Sostenibilidad<\/p>\n<\/td>\n<td style=\"height: 229px; width: 68.7805%;\" width=\"605\">\n<p><strong>Expositor: Joaqu\u00edn Luis Amen Castillo<\/strong><\/p>\n<p>Cargo: Especialista en Transferencia de Tecnolog\u00edas INIA Ingeniero Zootecnista<\/p>\n<p><strong>Tema: <\/strong>impacto econ\u00f3mico del temporal de Lluvias en el norte del Per\u00fa<br \/>Moderador: <strong>VELIT MARIA ROSARIO<\/strong><\/p>\n<\/td>\n<\/tr>\n<tr style=\"height: 229px;\">\n<td style=\"height: 229px; width: 13.9024%;\" width=\"104\">\n<p><strong>21:00 \u2013 22:00<\/strong><\/p>\n<\/td>\n<td style=\"height: 229px; width: 17.3171%;\" width=\"123\">\n<p>Log\u00edstica \/ Tecnolog\u00eda<\/p>\n<\/td>\n<td style=\"height: 229px; width: 68.7805%;\" width=\"605\">\n<p><strong>Expositor<\/strong>: Lic. Mario G\u00e1rate Rodr\u00edguez<\/p>\n<p><strong>Cargo: <\/strong>Gerente General de Corporaci\u00f3n Log\u00edstica Aduanera SAC Licenciado en Administraci\u00f3n<\/p>\n<p><strong>Tema: <\/strong>Digitalizaci\u00f3n en la gesti\u00f3n log\u00edstica<br \/>Moderador: <strong>COSSIO ALFONSO<\/strong><\/p>\n<\/td>\n<\/tr>\n<tr>\n<td style=\"width: 13.9024%;\" width=\"104\">\n<p><strong>21:00 \u2013 22:00<\/strong><\/p>\n<\/td>\n<td style=\"width: 17.3171%;\" width=\"123\">\n<p>Negocios globales<\/p>\n<\/td>\n<td style=\"width: 68.7805%;\" width=\"605\">\n<p><strong>Expositor: Lic. Antonio V\u00edlchez Platero<\/strong><\/p>\n<p><strong>Cargo: <\/strong>Gerente de Desarrollo de Negocios MIRANDA \u2013 LANGA AGROEXPORTA SAC<\/p>\n<p><strong>Tema: <\/strong>Retos de la internacionalizaci\u00f3n de PYMES<br \/>Moderador: <strong>OLIVARES MARIA LUZ<\/strong><\/p>\n<\/td>\n<\/tr>\n<\/tbody>\n<\/table>\n<table style=\"width: 100%;\">\n<tbody>\n<tr>\n<td style=\"width: 13.9024%;\" width=\"104\">\n<p><strong>Horario<\/strong><\/p>\n<\/td>\n<td style=\"width: 17.9268%;\" width=\"137\">\n<p><strong>\u00c1rea Tem\u00e1tica<\/strong><\/p>\n<\/td>\n<td style=\"width: 68.0488%;\" width=\"607\">\n<p><strong>Expositor\/Instituci\u00f3n<\/strong><\/p>\n<\/td>\n<\/tr>\n<tr>\n<td style=\"width: 13.9024%;\" width=\"104\">\n<p>\u00a0<\/p>\n<\/td>\n<td style=\"width: 85.9756%;\" colspan=\"2\" width=\"744\">\n<p><strong>Mi\u00e9rcoles 10 Ma\u00f1ana<\/strong><\/p>\n<\/td>\n<\/tr>\n<tr>\n<td style=\"width: 13.9024%;\" width=\"104\">\n<p><strong>08:30 a 09:30<\/strong><\/p>\n<\/td>\n<td style=\"width: 17.9268%;\" width=\"137\">\n<p>Log\u00edstica \/ Tecnolog\u00eda<\/p>\n<\/td>\n<td style=\"width: 68.0488%;\" width=\"607\">\n<p><strong>Expositor: Lic. Javier Ramos Ramos Castro<\/strong><\/p>\n<p><strong>Cargo: <\/strong>Jefe de Cuentas y Servicios Comerciales Optical Networks \u2013 Win Empresas Licenciado en Administraci\u00f3n<\/p>\n<p><strong>Tema: <\/strong>Tecnolog\u00eda para el crecimiento de los negocios B2B<br \/>Moderador: <strong>OLIVARES MARTIN ARMANDO<\/strong><\/p>\n<\/td>\n<\/tr>\n<tr>\n<td style=\"width: 13.9024%;\" width=\"104\">\n<p><strong>10:00 a 11:00<\/strong><\/p>\n<\/td>\n<td style=\"width: 17.9268%;\" width=\"137\">\n<p>Gesti\u00f3n de Recursos Humanos<\/p>\n<\/td>\n<td style=\"width: 68.0488%;\" width=\"607\">\n<p><strong>Expositor: Mtro. Marco Boj\u00f3rquez Gonzales<\/strong><\/p>\n<p><strong>Cargo: <\/strong>Consultor Independiente Compensaci\u00f3n Ejecutiva Maestro en Administraci\u00f3n de Negocios<\/p>\n<p><strong>Tema: <\/strong>Las compensaciones y su relaci\u00f3n con el \u00e9xito empresarial Moderador: <strong>SUAREZ DAVID ENRIQUE<\/strong><\/p>\n<\/td>\n<\/tr>\n<tr>\n<td style=\"width: 13.9024%;\" width=\"104\">\n<p><strong>10:30-11:30<\/strong><\/p>\n<\/td>\n<td style=\"width: 17.9268%;\" width=\"137\">\n<p>Negocios globales<\/p>\n<\/td>\n<td style=\"width: 68.0488%;\" width=\"607\">\n<p><strong>Expositor: Dr. Javier Enrique Cornejo Ram\u00edrez<\/strong><\/p>\n<p><strong>Cargo: <\/strong>Director de Posgrado en la Facultad de Ciencias Administrativas de UNMSM Doctor en Econom\u00eda<\/p>\n<p><strong>Tema: <\/strong>Tendencias del comercio exterior peruano en el siglo XXI Moderador: <strong>BELTRAN SUSY KEYLA<\/strong><\/p>\n<\/td>\n<\/tr>\n<tr>\n<td style=\"width: 13.9024%;\" width=\"104\">\n<p><strong>11:30-12:30<\/strong><\/p>\n<\/td>\n<td style=\"width: 17.9268%;\" width=\"137\">\n<p>Gesti\u00f3n empresarial<\/p>\n<\/td>\n<td style=\"width: 68.0488%;\" width=\"607\">\n<p><strong>Expositor: MBA. C\u00e9sar Berrocal Moreno<\/strong><\/p>\n<p><strong>Cargo: <\/strong>CEO Founder Cava Talentos<\/p>\n<p>MBA<\/p>\n<p><strong>Tema: <\/strong>KPIs para la toma de decisiones empresariales<br \/>Moderador: <strong>ASENCIOS ZAIDA BEATRIZ<\/strong><\/p>\n<\/td>\n<\/tr>\n<\/tbody>\n<\/table>\n<table style=\"background-color: var(--base-3); color: var(--contrast);\">\n<tbody>\n<tr>\n<td width=\"104\">\n<p><strong>11:30-12:30<\/strong><\/p>\n<\/td>\n<td width=\"137\">\n<p>Negocios globales<\/p>\n<\/td>\n<td width=\"607\">\n<p><strong>Expositor: Abog. \u00c1lvaro Gustavo Silva &#8211; Santisteban Ferraro<\/strong><\/p>\n<p><strong>Cargo: <\/strong>Consejero Econ\u00f3mico Comercial del Per\u00fa en Dub\u00e1i &#8211; Emiratos \u00c1rabes Unidos &#8211; PROMPER\u00da Bachiller en Administraci\u00f3n<\/p>\n<p><strong>Tema<\/strong>: Oportunidades de negocios para el Per\u00fa en los Emiratos \u00c1rabes Unidos<\/p>\n<p><strong>Procedencia: <\/strong>Dub\u00e1i<br \/>Moderador: <strong>SUAREZ DAVID ENRIQUE<\/strong><\/p>\n<\/td>\n<\/tr>\n<tr>\n<td colspan=\"3\" width=\"848\">\n<p><strong>Tarde<\/strong><\/p>\n<\/td>\n<\/tr>\n<tr>\n<td width=\"104\">\n<p><strong>14:30-15:30<\/strong><\/p>\n<\/td>\n<td width=\"137\">\n<p>Gesti\u00f3n P\u00fablica<\/p>\n<\/td>\n<td width=\"607\">\n<p><strong>Expositor: Mtro. Herbert Henry Rodr\u00edguez Ariza <\/strong><\/p>\n<p><strong>Cargo: <\/strong>Gerente de A &amp; Consultores y Asesores SAC Maestro en Gerencia P\u00fablica<\/p>\n<p><strong>Tema: <\/strong>Modernizaci\u00f3n de la gesti\u00f3n p\u00fablica<br \/>Moderador: <strong>ESPIRITU GUSTAVO RAPHAEL<\/strong><\/p>\n<\/td>\n<\/tr>\n<tr>\n<td width=\"104\">\n<p><strong>17:30 a 18:30<\/strong><\/p>\n<\/td>\n<td width=\"137\">\n<p>Negocios globales<\/p>\n<\/td>\n<td width=\"607\">\n<p><strong>Expositor: MBA. Giancarlo Peirano De La Cruz<\/strong><\/p>\n<p><strong>Cargo: <\/strong>Gerente adjunto de mejora continua YAPE \u2013 BCP MBA<\/p>\n<p><strong>Tema: <\/strong>Los riesgos en los medios de pagos internacionales<br \/><strong>Moderador: ARIZA PEDRO JUNIOR<\/strong><\/p>\n<\/td>\n<\/tr>\n<tr>\n<td colspan=\"3\" width=\"848\">\n<p><strong>Noche<\/strong><\/p>\n<\/td>\n<\/tr>\n<tr>\n<td width=\"104\">\n<p><strong>19:30-20:30<\/strong><\/p>\n<\/td>\n<td width=\"137\">\n<p>Log\u00edstica<\/p>\n<\/td>\n<td width=\"607\">\n<p><strong>Expositor: <\/strong>Mtro. Andr\u00e9s Javier Solano L\u00f3pez<\/p>\n<p><strong>Cargo: <\/strong>CEO &amp; Founder en GRUPO AIR &amp; SEA SA. Maestro en Derecho Aduanero<\/p>\n<p><strong>Tema: <\/strong>Gesti\u00f3n en el despacho aduanero<br \/><strong>Moderador: REYES NANCY ESTHER<\/strong><\/p>\n<\/td>\n<\/tr>\n<tr>\n<td width=\"104\">\n<p><strong>19:30-20:30<\/strong><\/p>\n<\/td>\n<td width=\"137\">\n<p>Marketing<\/p>\n<\/td>\n<td width=\"607\">\n<p><strong>Expositor: Bach. Brenda Contreras Nava<\/strong><\/p>\n<p><strong>Cargo: <\/strong>Supervisora de Ventas- Centro Sur del Per\u00fa Inkaferro Per\u00fa SAC Bachiller en Marketing<\/p>\n<p><strong>Tema: <\/strong>Gesti\u00f3n comercial en el sector sider\u00fargico Moderador: <strong>VEGA GERMAN FERNANDO<\/strong><\/p>\n<\/td>\n<\/tr>\n<\/tbody>\n<\/table>\n<table style=\"background-color: var(--base-3); color: var(--contrast);\">\n<tbody>\n<tr>\n<td width=\"104\">\n<p><strong>21:00-22:00<\/strong><\/p>\n<\/td>\n<td width=\"137\">\n<p>Negocios globales<\/p>\n<\/td>\n<td width=\"607\">\n<p><strong>Expositor: Mtro. Diana Elizabeth Pita Rodr\u00edguez<\/strong><\/p>\n<p><strong>Cargo<\/strong>: Consejero Econ\u00f3mico Comercial del Per\u00fa en Beijing y Shanghai \u2013 China PROMPER\u00da Maestro en Econom\u00eda,<\/p>\n<p><strong>Tema: <\/strong>Oportunidades de negocios para el Per\u00fa en China<\/p>\n<p><strong>Procedencia: <\/strong>Beijing-China<br \/>Moderador: <strong>CHUNGA ZEIDY EDITH<\/strong><\/p>\n<\/td>\n<\/tr>\n<tr>\n<td width=\"104\">\n<p><strong style=\"font-size: inherit; font-family: inherit; background-color: var(--base-3); color: var(--contrast);\">21:00-22:00<\/strong><\/p>\n<\/td>\n<td width=\"137\">\n<p>Marketing \/ Tecnolog\u00eda<\/p>\n<\/td>\n<td width=\"607\">\n<p><strong>Expositor: Mtro. Marcos Andr\u00e9s Pel\u00e1ez Morales<\/strong><\/p>\n<p><strong> Cargo: <\/strong>jefe de DATA y Hubspot CRM \u2013 USIL Maestro en Administraci\u00f3n<\/p>\n<p><strong>Tema: <\/strong>Marketing Digital e Inteligencia Artificial<\/p>\n<p>Moderador: <strong>LEON LUIS ENRIQUE<\/strong><\/p>\n<\/td>\n<\/tr>\n<tr>\n<td width=\"104\">\n<p><strong>21:00-22:00<\/strong><\/p>\n<\/td>\n<td width=\"137\">\n<p>Negocios globales<\/p>\n<\/td>\n<td width=\"607\">\n<p><strong>Expositor: Ing. Armando Noriega Mangini<\/strong><\/p>\n<p><strong> Cargo: <\/strong>Gerente General Essential Oils Per\u00fa SAC Ingeniero Agr\u00f3nomo<\/p>\n<p><strong>Tema: <\/strong>Mi experiencia como exportador <br \/>Moderador: <strong>MOARRI JAVIER EDUARDO<\/strong><\/p>\n<\/td>\n<\/tr>\n<\/tbody>\n<\/table>\n<p>\u00a0<\/p>\n","protected":false},"featured_media":1287,"comment_status":"closed","ping_status":"closed","template":"","meta":{"footnotes":""},"entrada_6_categoria":[66],"class_list":["post-3349","entrada_6","type-entrada_6","status-publish","has-post-thumbnail","hentry","entrada_6_categoria-actividades-academicas"],"_links":{"self":[{"href":"https:\/\/www.administracion.usmp.edu.pe\/revista-digital-usmp\/wp-json\/wp\/v2\/entrada_6\/3349","targetHints":{"allow":["GET"]}}],"collection":[{"href":"https:\/\/www.administracion.usmp.edu.pe\/revista-digital-usmp\/wp-json\/wp\/v2\/entrada_6"}],"about":[{"href":"https:\/\/www.administracion.usmp.edu.pe\/revista-digital-usmp\/wp-json\/wp\/v2\/types\/entrada_6"}],"replies":[{"embeddable":true,"href":"https:\/\/www.administracion.usmp.edu.pe\/revista-digital-usmp\/wp-json\/wp\/v2\/comments?post=3349"}],"version-history":[{"count":1,"href":"https:\/\/www.administracion.usmp.edu.pe\/revista-digital-usmp\/wp-json\/wp\/v2\/entrada_6\/3349\/revisions"}],"predecessor-version":[{"id":3403,"href":"https:\/\/www.administracion.usmp.edu.pe\/revista-digital-usmp\/wp-json\/wp\/v2\/entrada_6\/3349\/revisions\/3403"}],"wp:featuredmedia":[{"embeddable":true,"href":"https:\/\/www.administracion.usmp.edu.pe\/revista-digital-usmp\/wp-json\/wp\/v2\/media\/1287"}],"wp:attachment":[{"href":"https:\/\/www.administracion.usmp.edu.pe\/revista-digital-usmp\/wp-json\/wp\/v2\/media?parent=3349"}],"wp:term":[{"taxonomy":"entrada_6_categoria","embeddable":true,"href":"https:\/\/www.administracion.usmp.edu.pe\/revista-digital-usmp\/wp-json\/wp\/v2\/entrada_6_categoria?post=3349"}],"curies":[{"name":"wp","href":"https:\/\/api.w.org\/{rel}","templated":true}]}}