{"id":3347,"date":"2023-08-24T11:37:24","date_gmt":"2023-08-24T16:37:24","guid":{"rendered":"https:\/\/www.administracion.usmp.edu.pe\/revista-digital-usmp\/?p=1554"},"modified":"2024-07-23T19:17:44","modified_gmt":"2024-07-24T00:17:44","slug":"internacionalizacion-universitaria-peru-mexico-de-la-seccion-de-posgrado-de-la-usmp-facultad-de-ciencias-administrativas-y-recursos-humanos-de-la-universidad-de-san-martin-de-porres-usmp-c","status":"publish","type":"entrada_6","link":"https:\/\/www.administracion.usmp.edu.pe\/revista-digital-usmp\/entrada_6\/internacionalizacion-universitaria-peru-mexico-de-la-seccion-de-posgrado-de-la-usmp-facultad-de-ciencias-administrativas-y-recursos-humanos-de-la-universidad-de-san-martin-de-porres-usmp-c\/","title":{"rendered":"Internacionalizaci\u00f3n Universitaria Per\u00fa \u2013 M\u00e9xico de la Secci\u00f3n de Posgrado de la Usmp Facultad de Ciencias Administrativas Y Recursos Humanos de la Universidad de San Mart\u00edn de Porres (USMP) con la Universidad Aut\u00f3noma de Nuevo Le\u00f3n de M\u00e9xico (UANL)."},"content":{"rendered":"\n<p style=\"text-align: justify;\">En enero de 2015 la Facultad de Ciencias Administrativas y Recursos Humanos de la USMP, firm\u00f3 un convenio con la Universidad Aut\u00f3noma de Nuevo Le\u00f3n, para la obtenci\u00f3n del Doctorado en Administraci\u00f3n, que adicionalmente otorga un doble grado acad\u00e9mico.<\/p>\n<p style=\"text-align: justify;\">La Universidad Aut\u00f3noma de Nuevo Le\u00f3n es la tercera universidad m\u00e1s grande de M\u00e9xico y est\u00e1 dentro de las 5 mejores universidades de dicho pa\u00eds en t\u00e9rminos de calidad educativa. Es una instituci\u00f3n comprometida con la sociedad y tiene como misi\u00f3n la formaci\u00f3n y perfeccionamiento de profesionales capaces de desempe\u00f1arse eficientemente en la sociedad del conocimiento; poseedores de un amplio sentido de la vida y con plena conciencia de la situaci\u00f3n regional, nacional y mundial.<\/p>\n<h6 style=\"text-align: justify;\"><strong>EL PROGRAMA<\/strong><\/h6>\n<p style=\"text-align: justify;\">El programa de Doctorado en Administraci\u00f3n tiene como prop\u00f3sito no solo capacitar profesionales investigadores que generen conocimiento cient\u00edfico, a trav\u00e9s del desarrollo de nuevos planteamientos te\u00f3ricos &#8211; pr\u00e1cticos sino tambi\u00e9n perfeccionar profesionales altamente competitivos que est\u00e9n aptos para gestionar eficaz y eficientemente organizaciones del m\u00e1s alto nivel en el \u00e1mbito p\u00fablico o privado.<\/p>\n<h6 style=\"text-align: justify;\"><strong>DURACI\u00d3N<\/strong><\/h6>\n<p style=\"text-align: justify;\">El programa tiene una duraci\u00f3n de 07 semestres (06 semestres acad\u00e9micos y 01 semestre destinado a la asesor\u00eda y revisi\u00f3n final de tesis).<\/p>\n<h6 style=\"text-align: justify;\"><strong>VENTAJAS<\/strong><\/h6>\n<p style=\"text-align: justify;\">Obtenci\u00f3n de Doble Grado Acad\u00e9mico de dos de la Universidades m\u00e1s prestigiosas en investigaci\u00f3n en sus respectivos pa\u00edses y de la Regi\u00f3n.<br \/>Modalidad Semipresencial que permite compatibilizar las actividades profesionales con los estudios. Asesor\u00eda de Tesis permanente durante todo el programa.<br \/>Viaje de estudios para sustentaci\u00f3n de Tesis a Monterrey \u2013 M\u00e9xico al final del programa<\/p>\n<h6 style=\"text-align: justify;\"><strong>HORARIO FLEXIBLE<\/strong><\/h6>\n<p style=\"text-align: justify;\">Las sesiones se llevar\u00e1n a cabo durante 04 fines de Semana por semestre de 8:00 am a 6 pm<\/p>\n<h6 style=\"text-align: justify;\"><strong>PERFIL DEL EGRESADO<\/strong><\/h6>\n<p style=\"text-align: justify;\"><strong>Al culminar el programa el Graduado estar\u00e1 en la capacidad de:<\/strong><\/p>\n<ul style=\"text-align: justify;\">\n<li>Ejecutar investigaciones que permitan resolver problemas fundamentales y pr\u00e1cticos que la gesti\u00f3n empresarial y la sociedad requieren, en forma eficiente y<\/li>\n<li>Realizar propuestas innovadoras en el campo de la administraci\u00f3n, considerando los aportes de la ciencia y la tecnolog\u00eda, con responsabilidad y conducta \u00e9tica.<\/li>\n<li>Dise\u00f1ar, ejecutar y monitorear proyectos de envergadura para el desarrollo nacional o regional, incorporando los avances de la ciencia y la tecnolog\u00eda de gesti\u00f3n, con responsabilidad<\/li>\n<li>Realizar asesor\u00edas y consultor\u00edas para dar soluci\u00f3n a problemas de desarrollo organizacional de nivel nacional, regional, local e internacional, con manejo de informaci\u00f3n<\/li>\n<\/ul>\n<h6 style=\"text-align: justify;\"><strong>REQUISITOS DE INGRESO<\/strong><\/h6>\n<ul style=\"text-align: justify;\">\n<li>Poseer el Grado de<\/li>\n<li>Cursar y aprobar el Curso Proped\u00e9utico<\/li>\n<li>Presentar al t\u00e9rmino del Curso Proped\u00e9utico, el Anteproyecto de Investigaci\u00f3n.<\/li>\n<li>Aprobar las evaluaciones y entrevistas.<\/li>\n<li>Presentar carta de intenci\u00f3n dirigida al Decano de la<\/li>\n<li>Curr\u00edculum Vitae actualizado<\/li>\n<li>Dos cartas de recomendaci\u00f3n de especialistas en su \u00e1rea.<\/li>\n<li>2 fotograf\u00edas, a color, tama\u00f1o credencial.<\/li>\n<\/ul>\n<h6 style=\"text-align: justify;\"><strong>REQUISITOS PARA LA OBTENCI\u00d3N DEL GRADO DE DOCTOR<\/strong><\/h6>\n<ul style=\"text-align: justify;\">\n<li>Cumplir y aprobar las actividades acad\u00e9micas<\/li>\n<li>Cumplir con los requisitos administrativos y financieros<\/li>\n<li>Tener constancia de desarrollar actividades (conferencias, seminarios, ponencias) que garanticen la difusi\u00f3n de los conocimientos generados durante su programa<\/li>\n<li>Realizar al menos una publicaci\u00f3n derivada de su trabajo de tesis doctoral, en revistas arbitradas consideradas de prestigio por el comit\u00e9<\/li>\n<li>Elaboraci\u00f3n y defensa de la tesis<\/li>\n<\/ul>\n<h6 style=\"text-align: justify;\"><strong>CURR\u00cdCULA<\/strong><\/h6>\n<table>\n<tbody>\n<tr>\n<td width=\"189\">\n<p><strong>Primer Semestre<\/strong><\/p>\n<\/td>\n<td width=\"189\">\n<p><strong>Segundo Semestre<\/strong><\/p>\n<\/td>\n<td width=\"189\">\n<p><strong>Tercer Semestre<\/strong><\/p>\n<\/td>\n<\/tr>\n<tr>\n<td width=\"189\">\n<p>Seminario para estructurar el problema de Investigaci\u00f3n<\/p>\n<\/td>\n<td width=\"189\">\n<p>Seminario para el Desarrollo y Fundamento Te\u00f3rico<\/p>\n<\/td>\n<td width=\"189\">\n<p>Seminario de Dise\u00f1o de Instrumentos de Medici\u00f3n<\/p>\n<\/td>\n<\/tr>\n<tr>\n<td width=\"189\">\n<p>Seminario Interdisciplinario I<\/p>\n<\/td>\n<td width=\"189\">\n<p>Seminario Interdisciplinario II<\/p>\n<\/td>\n<td width=\"189\">\n<p>Seminario Interdisciplinario III<\/p>\n<\/td>\n<\/tr>\n<tr>\n<td width=\"189\">\n<p><strong>Cuarto Semestre<\/strong><\/p>\n<\/td>\n<td width=\"189\">\n<p><strong>Quinto Semestre<\/strong><\/p>\n<\/td>\n<td width=\"189\">\n<p><strong>Sexto Semestre<\/strong><\/p>\n<\/td>\n<\/tr>\n<tr>\n<td width=\"189\">\n<p>Seminario de Modelos y M\u00e9todos de An\u00e1lisis Estad\u00edsticos<\/p>\n<\/td>\n<td width=\"189\">\n<p><strong>\u00a0<\/strong>Seminario de Tesis I<\/p>\n<\/td>\n<td width=\"189\">\n<p><strong>\u00a0<\/strong>Seminario de Tesis II<\/p>\n<\/td>\n<\/tr>\n<tr>\n<td width=\"189\">\n<p>Seminario Interdisciplinario IV<\/p>\n<\/td>\n<td width=\"189\">\n<p>Seminario Interdisciplinario V<\/p>\n<\/td>\n<td width=\"189\">\n<p>Seminario Interdisciplinario VI<\/p>\n<\/td>\n<\/tr>\n<\/tbody>\n<\/table>\n<ul>\n<li style=\"text-align: justify;\">S\u00e9ptimo Semestre destinado para asesor\u00eda y revisi\u00f3n final de tesis.<\/li>\n<\/ul>\n<p>\u00a0<\/p>\n","protected":false},"featured_media":1465,"comment_status":"closed","ping_status":"closed","template":"","meta":{"footnotes":""},"entrada_6_categoria":[67],"class_list":["post-3347","entrada_6","type-entrada_6","status-publish","has-post-thumbnail","hentry","entrada_6_categoria-actividades-internacionales"],"_links":{"self":[{"href":"https:\/\/www.administracion.usmp.edu.pe\/revista-digital-usmp\/wp-json\/wp\/v2\/entrada_6\/3347","targetHints":{"allow":["GET"]}}],"collection":[{"href":"https:\/\/www.administracion.usmp.edu.pe\/revista-digital-usmp\/wp-json\/wp\/v2\/entrada_6"}],"about":[{"href":"https:\/\/www.administracion.usmp.edu.pe\/revista-digital-usmp\/wp-json\/wp\/v2\/types\/entrada_6"}],"replies":[{"embeddable":true,"href":"https:\/\/www.administracion.usmp.edu.pe\/revista-digital-usmp\/wp-json\/wp\/v2\/comments?post=3347"}],"version-history":[{"count":1,"href":"https:\/\/www.administracion.usmp.edu.pe\/revista-digital-usmp\/wp-json\/wp\/v2\/entrada_6\/3347\/revisions"}],"predecessor-version":[{"id":3401,"href":"https:\/\/www.administracion.usmp.edu.pe\/revista-digital-usmp\/wp-json\/wp\/v2\/entrada_6\/3347\/revisions\/3401"}],"wp:featuredmedia":[{"embeddable":true,"href":"https:\/\/www.administracion.usmp.edu.pe\/revista-digital-usmp\/wp-json\/wp\/v2\/media\/1465"}],"wp:attachment":[{"href":"https:\/\/www.administracion.usmp.edu.pe\/revista-digital-usmp\/wp-json\/wp\/v2\/media?parent=3347"}],"wp:term":[{"taxonomy":"entrada_6_categoria","embeddable":true,"href":"https:\/\/www.administracion.usmp.edu.pe\/revista-digital-usmp\/wp-json\/wp\/v2\/entrada_6_categoria?post=3347"}],"curies":[{"name":"wp","href":"https:\/\/api.w.org\/{rel}","templated":true}]}}